{"id":29,"date":"2021-10-13T14:14:28","date_gmt":"2021-10-13T14:14:28","guid":{"rendered":"https:\/\/www.bayernfunk.digital\/?page_id=29"},"modified":"2026-04-21T13:04:32","modified_gmt":"2026-04-21T13:04:32","slug":"startseite","status":"publish","type":"page","link":"https:\/\/www.bayernfunk.digital\/","title":{"rendered":"BayernFunk"},"content":{"rendered":"<p><div class=\"fusion-fullwidth fullwidth-box fusion-builder-row-1 fusion-flex-container has-pattern-background has-mask-background nonhundred-percent-fullwidth non-hundred-percent-height-scrolling fusion-no-small-visibility fusion-no-medium-visibility\" style=\"--awb-border-radius-top-left:0px;--awb-border-radius-top-right:0px;--awb-border-radius-bottom-right:0px;--awb-border-radius-bottom-left:0px;--awb-margin-bottom:90px;--awb-flex-wrap:wrap;\" ><div class=\"fusion-builder-row fusion-row fusion-flex-align-items-flex-start fusion-flex-content-wrap\" style=\"max-width:1248px;margin-left: calc(-4% \/ 2 );margin-right: calc(-4% \/ 2 );\"><div class=\"fusion-layout-column fusion_builder_column fusion-builder-column-0 fusion_builder_column_1_1 1_1 fusion-flex-column\" style=\"--awb-overflow:hidden;--awb-bg-image:url(&#039;https:\/\/www.bayernfunk.digital\/wp-content\/uploads\/sites\/15\/2024\/02\/MicrosoftTeams-image-19-e1709114340454.jpg&#039;);--awb-bg-position:left center;--awb-bg-size:cover;--awb-box-shadow: 4px 4px 4px rgba(0,0,0,0.25);;--awb-border-radius:50px 50px 50px 50px;--awb-width-large:100%;--awb-margin-top-large:0px;--awb-spacing-right-large:1.92%;--awb-margin-bottom-large:20px;--awb-spacing-left-large:1.92%;--awb-width-medium:100%;--awb-order-medium:0;--awb-spacing-right-medium:1.92%;--awb-spacing-left-medium:1.92%;--awb-width-small:100%;--awb-order-small:0;--awb-spacing-right-small:1.92%;--awb-spacing-left-small:1.92%;\"><div class=\"fusion-column-wrapper fusion-column-has-shadow fusion-flex-justify-content-flex-start fusion-content-layout-column fusion-column-has-bg-image\" data-bg-url=\"https:\/\/www.bayernfunk.digital\/wp-content\/uploads\/sites\/15\/2024\/02\/MicrosoftTeams-image-19-e1709114340454.jpg\"><div class=\"fusion-builder-row fusion-builder-row-inner fusion-row fusion-flex-align-items-flex-start fusion-flex-content-wrap\" style=\"width:104% !important;max-width:104% !important;margin-left: calc(-4% \/ 2 );margin-right: calc(-4% \/ 2 );\"><div class=\"fusion-layout-column fusion_builder_column_inner fusion-builder-nested-column-0 fusion_builder_column_inner_2_5 2_5 fusion-flex-column\" style=\"--awb-bg-size:cover;--awb-width-large:40%;--awb-margin-top-large:0px;--awb-spacing-right-large:4.8%;--awb-margin-bottom-large:20px;--awb-spacing-left-large:4.8%;--awb-width-medium:40%;--awb-order-medium:0;--awb-spacing-right-medium:4.8%;--awb-spacing-left-medium:4.8%;--awb-width-small:100%;--awb-order-small:0;--awb-spacing-right-small:1.92%;--awb-spacing-left-small:1.92%;\"><div class=\"fusion-column-wrapper fusion-column-has-shadow fusion-flex-justify-content-flex-start fusion-content-layout-column\"><div class=\"fusion-text fusion-text-1 fusion-text-no-margin\" style=\"--awb-font-size:55px;--awb-text-color:#2970be;--awb-margin-top:50px;--awb-margin-right:50px;--awb-margin-bottom:0px;--awb-margin-left:50px;--awb-text-font-family:&quot;Outfit&quot;;--awb-text-font-style:normal;--awb-text-font-weight:800;\"><h1><span style=\"color: #2970be\">F\u00fcr Bayern gemacht!<\/span><\/h1>\n<\/div><\/div><\/div><div class=\"fusion-layout-column fusion_builder_column_inner fusion-builder-nested-column-1 fusion_builder_column_inner_3_5 3_5 fusion-flex-column\" style=\"--awb-bg-color:rgba(255,255,255,0);--awb-bg-color-hover:rgba(255,255,255,0);--awb-bg-size:cover;--awb-width-large:60%;--awb-margin-top-large:0px;--awb-spacing-right-large:3.2%;--awb-margin-bottom-large:20px;--awb-spacing-left-large:3.2%;--awb-width-medium:60%;--awb-order-medium:0;--awb-spacing-right-medium:3.2%;--awb-spacing-left-medium:3.2%;--awb-width-small:100%;--awb-order-small:0;--awb-spacing-right-small:1.92%;--awb-spacing-left-small:1.92%;\"><div class=\"fusion-column-wrapper fusion-column-has-shadow fusion-flex-justify-content-flex-start fusion-content-layout-column\"><\/div><\/div><div class=\"fusion-layout-column fusion_builder_column_inner fusion-builder-nested-column-2 fusion_builder_column_inner_2_5 2_5 fusion-flex-column\" style=\"--awb-overflow:hidden;--awb-bg-color:rgba(25,114,184,0.9);--awb-bg-color-hover:rgba(25,114,184,0.9);--awb-bg-size:cover;--awb-border-radius:0px 50px 0px 0px;--awb-width-large:40%;--awb-margin-top-large:0px;--awb-spacing-right-large:0%;--awb-margin-bottom-large:0px;--awb-spacing-left-large:4.8%;--awb-width-medium:40%;--awb-order-medium:0;--awb-spacing-right-medium:0%;--awb-spacing-left-medium:4.8%;--awb-width-small:100%;--awb-order-small:0;--awb-spacing-right-small:1.92%;--awb-spacing-left-small:1.92%;\"><div class=\"fusion-column-wrapper fusion-column-has-shadow fusion-flex-justify-content-flex-start fusion-content-layout-column\"><div class=\"fusion-text fusion-text-2 fusion-text-no-margin\" style=\"--awb-font-size:30px;--awb-text-color:var(--awb-color1);--awb-margin-top:30px;--awb-margin-right:30px;--awb-margin-bottom:30px;--awb-margin-left:30px;--awb-text-font-family:&quot;Lexend&quot;;--awb-text-font-style:normal;--awb-text-font-weight:200;\"><p>Die digitale Kommunikationsplattform f\u00fcr alle bayerischen Landkreise und Kommunen<\/p>\n<\/div><\/div><\/div><div class=\"fusion-layout-column fusion_builder_column_inner fusion-builder-nested-column-3 fusion_builder_column_inner_3_5 3_5 fusion-flex-column\" style=\"--awb-overflow:hidden;--awb-bg-color:rgba(183,183,183,0);--awb-bg-color-hover:rgba(183,183,183,0);--awb-bg-size:cover;--awb-border-radius:0px 50px 0px 50px;--awb-width-large:60%;--awb-margin-top-large:0px;--awb-spacing-right-large:0%;--awb-margin-bottom-large:0px;--awb-spacing-left-large:3.2%;--awb-width-medium:60%;--awb-order-medium:0;--awb-spacing-right-medium:0%;--awb-spacing-left-medium:3.2%;--awb-width-small:100%;--awb-order-small:0;--awb-spacing-right-small:1.92%;--awb-spacing-left-small:1.92%;\"><div class=\"fusion-column-wrapper fusion-column-has-shadow fusion-flex-justify-content-flex-start fusion-content-layout-column\"><\/div><\/div><div class=\"fusion-layout-column fusion_builder_column_inner fusion-builder-nested-column-4 fusion_builder_column_inner_1_5 1_5 fusion-flex-column\" style=\"--awb-padding-bottom:4px;--awb-overflow:hidden;--awb-bg-color:rgba(41,112,190,0.9);--awb-bg-color-hover:rgba(41,112,190,0.9);--awb-bg-size:cover;--awb-border-radius:0px 0px 0px 50px;--awb-width-large:20%;--awb-margin-top-large:0px;--awb-spacing-right-large:0%;--awb-margin-bottom-large:0px;--awb-spacing-left-large:9.6%;--awb-width-medium:20%;--awb-order-medium:0;--awb-spacing-right-medium:0%;--awb-spacing-left-medium:9.6%;--awb-width-small:100%;--awb-order-small:0;--awb-spacing-right-small:1.92%;--awb-spacing-left-small:1.92%;\"><div class=\"fusion-column-wrapper fusion-column-has-shadow fusion-flex-justify-content-flex-start fusion-content-layout-column\"><div ><a class=\"fusion-button button-flat fusion-button-default-size button-default fusion-button-default button-1 fusion-button-default-span fusion-button-default-type\" style=\"--button_margin-bottom:32px;--button_margin-left:30px;\" target=\"_self\" href=\"https:\/\/www.bayernfunk.digital\/index.php\/landkreise-kommunen\/\"><span class=\"fusion-button-text\">Jetzt mitmachen!<\/span><\/a><\/div><\/div><\/div><div class=\"fusion-layout-column fusion_builder_column_inner fusion-builder-nested-column-5 fusion_builder_column_inner_1_5 1_5 fusion-flex-column\" style=\"--awb-padding-bottom:3px;--awb-bg-color:rgba(41,112,190,0.9);--awb-bg-color-hover:rgba(41,112,190,0.9);--awb-bg-size:cover;--awb-width-large:20%;--awb-margin-top-large:0px;--awb-spacing-right-large:0%;--awb-margin-bottom-large:0px;--awb-spacing-left-large:0%;--awb-width-medium:20%;--awb-order-medium:0;--awb-spacing-right-medium:0%;--awb-spacing-left-medium:0%;--awb-width-small:100%;--awb-order-small:0;--awb-spacing-right-small:1.92%;--awb-spacing-left-small:1.92%;\"><div class=\"fusion-column-wrapper fusion-column-has-shadow fusion-flex-justify-content-flex-start fusion-content-layout-column\"><div ><a class=\"fusion-button button-flat fusion-button-default-size button-custom fusion-button-default button-2 fusion-button-default-span fusion-button-default-type\" style=\"--button_accent_color:var(--awb-color1);--button_accent_hover_color:var(--awb-custom_color_3);--button_border_hover_color:var(--awb-custom_color_3);--button_border_width-top:1px;--button_border_width-right:1px;--button_border_width-bottom:1px;--button_border_width-left:1px;--button_gradient_top_color:rgba(255,255,255,0);--button_gradient_bottom_color:rgba(255,255,255,0);--button_gradient_top_color_hover:rgba(255,255,255,0);--button_gradient_bottom_color_hover:rgba(255,255,255,0);--button_margin-bottom:31px;--button_margin-left:30px;\" target=\"_self\" href=\"https:\/\/www.bayernfunk.digital\/index.php\/uber-uns\/\"><span class=\"fusion-button-text\">Mehr erfahren<\/span><\/a><\/div><\/div><\/div><\/div><\/div><\/div><\/div><\/div><div class=\"fusion-fullwidth fullwidth-box fusion-builder-row-2 fusion-flex-container has-pattern-background has-mask-background nonhundred-percent-fullwidth non-hundred-percent-height-scrolling fusion-no-small-visibility fusion-no-large-visibility\" style=\"--awb-border-radius-top-left:0px;--awb-border-radius-top-right:0px;--awb-border-radius-bottom-right:0px;--awb-border-radius-bottom-left:0px;--awb-padding-top-medium:20px;--awb-padding-bottom-medium:0px;--awb-margin-bottom:50px;--awb-flex-wrap:wrap;\" ><div class=\"fusion-builder-row fusion-row fusion-flex-align-items-flex-start fusion-flex-content-wrap\" style=\"max-width:1248px;margin-left: calc(-4% \/ 2 );margin-right: calc(-4% \/ 2 );\"><div class=\"fusion-layout-column fusion_builder_column fusion-builder-column-1 fusion_builder_column_1_1 1_1 fusion-flex-column\" style=\"--awb-padding-top:5%;--awb-padding-right:5%;--awb-padding-bottom:5%;--awb-padding-left:5%;--awb-padding-top-medium:40px;--awb-padding-bottom-medium:40px;--awb-overflow:hidden;--awb-bg-image:url(&#039;http:\/\/sheng.iese.de\/wp-content\/uploads\/sites\/15\/2024\/02\/MicrosoftTeams-image-19-e1709114340454.jpg&#039;);--awb-bg-position:left center;--awb-bg-size:cover;--awb-box-shadow: 4px 4px 4px rgba(0,0,0,0.25);;--awb-border-radius:50px 50px 50px 50px;--awb-width-large:100%;--awb-margin-top-large:0px;--awb-spacing-right-large:1.92%;--awb-margin-bottom-large:20px;--awb-spacing-left-large:1.92%;--awb-width-medium:100%;--awb-order-medium:0;--awb-spacing-right-medium:1.92%;--awb-spacing-left-medium:1.92%;--awb-width-small:100%;--awb-order-small:0;--awb-spacing-right-small:1.92%;--awb-spacing-left-small:1.92%;\"><div class=\"fusion-column-wrapper fusion-column-has-shadow fusion-flex-justify-content-flex-start fusion-content-layout-column fusion-column-has-bg-image\" data-bg-url=\"http:\/\/sheng.iese.de\/wp-content\/uploads\/sites\/15\/2024\/02\/MicrosoftTeams-image-19-e1709114340454.jpg\"><div class=\"fusion-builder-row fusion-builder-row-inner fusion-row fusion-flex-align-items-flex-start fusion-flex-content-wrap\" style=\"width:104% !important;max-width:104% !important;margin-left: calc(-4% \/ 2 );margin-right: calc(-4% \/ 2 );\"><div class=\"fusion-layout-column fusion_builder_column_inner fusion-builder-nested-column-6 fusion_builder_column_inner_1_1 1_1 fusion-flex-column\" style=\"--awb-padding-right:10%;--awb-bg-size:cover;--awb-width-large:100%;--awb-margin-top-large:0px;--awb-spacing-right-large:1.92%;--awb-margin-bottom-large:20px;--awb-spacing-left-large:1.92%;--awb-width-medium:100%;--awb-order-medium:0;--awb-spacing-right-medium:1.92%;--awb-spacing-left-medium:1.92%;--awb-width-small:100%;--awb-order-small:0;--awb-spacing-right-small:1.92%;--awb-spacing-left-small:1.92%;\"><div class=\"fusion-column-wrapper fusion-column-has-shadow fusion-flex-justify-content-flex-start fusion-content-layout-column\"><div class=\"fusion-text fusion-text-3\" style=\"--awb-font-size:50px;--awb-text-color:var(--awb-custom_color_1);--awb-text-font-family:&quot;Outfit&quot;;--awb-text-font-style:normal;--awb-text-font-weight:800;\"><h1><span style=\"color: #2970be\">F\u00fcr Bayern gemacht!<\/span><\/h1>\n<\/div><\/div><\/div><div class=\"fusion-layout-column fusion_builder_column_inner fusion-builder-nested-column-7 fusion_builder_column_inner_1_3 1_3 fusion-flex-column\" style=\"--awb-bg-size:cover;--awb-width-large:33.333333333333%;--awb-margin-top-large:0px;--awb-spacing-right-large:5.76%;--awb-margin-bottom-large:20px;--awb-spacing-left-large:5.76%;--awb-width-medium:100%;--awb-order-medium:0;--awb-spacing-right-medium:1.92%;--awb-spacing-left-medium:1.92%;--awb-width-small:100%;--awb-order-small:0;--awb-spacing-right-small:1.92%;--awb-spacing-left-small:1.92%;\"><div class=\"fusion-column-wrapper fusion-column-has-shadow fusion-flex-justify-content-flex-start fusion-content-layout-row\"><div style=\"text-align:left;\"><a class=\"fusion-button button-flat fusion-button-default-size button-default fusion-button-default button-3 fusion-button-default-span fusion-button-default-type\" style=\"--button_margin-right:50px;\" target=\"_self\" href=\"https:\/\/www.bayernfunk.digital\/index.php\/landkreise-kommunen\/\"><span class=\"fusion-button-text\">Jetzt mitmachen!<\/span><\/a><\/div><div style=\"text-align:left;\"><a class=\"fusion-button button-flat fusion-button-default-size button-custom fusion-button-default button-4 fusion-button-default-span fusion-button-default-type\" style=\"--button_accent_color:var(--awb-color1);--button_accent_hover_color:var(--awb-color1);--button_border_hover_color:#ffffff;--button_border_width-top:1px;--button_border_width-right:1px;--button_border_width-bottom:1px;--button_border_width-left:1px;--button_gradient_top_color:rgba(41,112,190,0.75);--button_gradient_bottom_color:rgba(41,112,190,0.75);--button_gradient_top_color_hover:#fd4774;--button_gradient_bottom_color_hover:#fd4774;--button_padding-right:40px;--button_padding-left:40px;\" target=\"_self\" href=\"https:\/\/www.bayernfunk.digital\/index.php\/uber-uns\/\"><span class=\"fusion-button-text\">Mehr erfahren<\/span><\/a><\/div><\/div><\/div><\/div><\/div><\/div><\/div><\/div><div class=\"fusion-fullwidth fullwidth-box fusion-builder-row-3 fusion-flex-container has-pattern-background has-mask-background nonhundred-percent-fullwidth non-hundred-percent-height-scrolling fusion-no-medium-visibility fusion-no-large-visibility\" style=\"--awb-border-radius-top-left:0px;--awb-border-radius-top-right:0px;--awb-border-radius-bottom-right:0px;--awb-border-radius-bottom-left:0px;--awb-padding-top-medium:20px;--awb-padding-bottom-medium:0px;--awb-padding-top-small:0px;--awb-margin-bottom:50px;--awb-flex-wrap:wrap;\" ><div class=\"fusion-builder-row fusion-row fusion-flex-align-items-flex-start fusion-flex-content-wrap\" style=\"max-width:1248px;margin-left: calc(-4% \/ 2 );margin-right: calc(-4% \/ 2 );\"><div class=\"fusion-layout-column fusion_builder_column fusion-builder-column-2 fusion_builder_column_1_1 1_1 fusion-flex-column\" style=\"--awb-padding-top:5%;--awb-padding-right:5%;--awb-padding-bottom:5%;--awb-padding-left:5%;--awb-padding-top-medium:40px;--awb-padding-bottom-medium:40px;--awb-overflow:hidden;--awb-bg-image:url(&#039;http:\/\/sheng.iese.de\/wp-content\/uploads\/sites\/15\/2024\/02\/MicrosoftTeams-image-19-e1709114340454.jpg&#039;);--awb-bg-position:left center;--awb-bg-size:cover;--awb-box-shadow: 4px 4px 4px rgba(0,0,0,0.25);;--awb-border-radius:50px 50px 50px 50px;--awb-width-large:100%;--awb-margin-top-large:0px;--awb-spacing-right-large:1.92%;--awb-margin-bottom-large:20px;--awb-spacing-left-large:1.92%;--awb-width-medium:100%;--awb-order-medium:0;--awb-spacing-right-medium:1.92%;--awb-spacing-left-medium:1.92%;--awb-width-small:100%;--awb-order-small:0;--awb-spacing-right-small:1.92%;--awb-spacing-left-small:1.92%;\"><div class=\"fusion-column-wrapper fusion-column-has-shadow fusion-flex-justify-content-flex-start fusion-content-layout-column fusion-column-has-bg-image\" data-bg-url=\"http:\/\/sheng.iese.de\/wp-content\/uploads\/sites\/15\/2024\/02\/MicrosoftTeams-image-19-e1709114340454.jpg\"><div class=\"fusion-builder-row fusion-builder-row-inner fusion-row fusion-flex-align-items-flex-start fusion-flex-content-wrap\" style=\"width:104% !important;max-width:104% !important;margin-left: calc(-4% \/ 2 );margin-right: calc(-4% \/ 2 );\"><div class=\"fusion-layout-column fusion_builder_column_inner fusion-builder-nested-column-8 fusion_builder_column_inner_1_1 1_1 fusion-flex-column\" style=\"--awb-padding-right:10%;--awb-bg-size:cover;--awb-width-large:100%;--awb-margin-top-large:0px;--awb-spacing-right-large:1.92%;--awb-margin-bottom-large:20px;--awb-spacing-left-large:1.92%;--awb-width-medium:100%;--awb-order-medium:0;--awb-spacing-right-medium:1.92%;--awb-spacing-left-medium:1.92%;--awb-width-small:100%;--awb-order-small:0;--awb-spacing-right-small:1.92%;--awb-spacing-left-small:1.92%;\"><div class=\"fusion-column-wrapper fusion-column-has-shadow fusion-flex-justify-content-flex-start fusion-content-layout-column\"><div class=\"fusion-text fusion-text-4\" style=\"--awb-font-size:50px;--awb-text-color:var(--awb-custom_color_1);--awb-text-font-family:&quot;Outfit&quot;;--awb-text-font-style:normal;--awb-text-font-weight:800;\"><h1><span style=\"color: #2970be\">F\u00fcr Bayern gemacht!<\/span><\/h1>\n<\/div><\/div><\/div><div class=\"fusion-layout-column fusion_builder_column_inner fusion-builder-nested-column-9 fusion_builder_column_inner_1_3 1_3 fusion-flex-column\" style=\"--awb-bg-size:cover;--awb-width-large:33.333333333333%;--awb-margin-top-large:0px;--awb-spacing-right-large:5.76%;--awb-margin-bottom-large:20px;--awb-spacing-left-large:5.76%;--awb-width-medium:100%;--awb-order-medium:0;--awb-spacing-right-medium:1.92%;--awb-spacing-left-medium:1.92%;--awb-width-small:100%;--awb-order-small:0;--awb-spacing-right-small:1.92%;--awb-spacing-left-small:1.92%;\"><div class=\"fusion-column-wrapper fusion-column-has-shadow fusion-flex-justify-content-flex-start fusion-content-layout-row\"><div style=\"text-align:left;\"><a class=\"fusion-button button-flat fusion-button-default-size button-default fusion-button-default button-5 fusion-button-default-span fusion-button-default-type\" style=\"--button_margin-right:50px;\" target=\"_self\" href=\"https:\/\/www.bayernfunk.digital\/index.php\/landkreise-kommunen\/\"><span class=\"fusion-button-text\">Jetzt mitmachen!<\/span><\/a><\/div><div style=\"text-align:left;\"><a class=\"fusion-button button-flat fusion-button-default-size button-custom fusion-button-default button-6 fusion-button-default-span fusion-button-default-type\" style=\"--button_accent_color:var(--awb-color1);--button_accent_hover_color:var(--awb-color1);--button_border_hover_color:#ffffff;--button_border_width-top:1px;--button_border_width-right:1px;--button_border_width-bottom:1px;--button_border_width-left:1px;--button_gradient_top_color:rgba(41,112,190,0.75);--button_gradient_bottom_color:rgba(41,112,190,0.75);--button_gradient_top_color_hover:#fd4774;--button_gradient_bottom_color_hover:#fd4774;--button_padding-right:40px;--button_padding-left:40px;--button_margin-top:20px;\" target=\"_self\" href=\"https:\/\/www.bayernfunk.digital\/index.php\/uber-uns\/\"><span class=\"fusion-button-text\">Mehr erfahren<\/span><\/a><\/div><\/div><\/div><\/div><\/div><\/div><\/div><\/div><div class=\"fusion-fullwidth fullwidth-box fusion-builder-row-4 fusion-flex-container has-pattern-background has-mask-background nonhundred-percent-fullwidth non-hundred-percent-height-scrolling fusion-no-small-visibility fusion-no-medium-visibility\" style=\"--awb-border-radius-top-left:0px;--awb-border-radius-top-right:0px;--awb-border-radius-bottom-right:0px;--awb-border-radius-bottom-left:0px;--awb-margin-bottom:90px;--awb-flex-wrap:wrap;\" ><div class=\"fusion-builder-row fusion-row fusion-flex-align-items-flex-start fusion-flex-content-wrap\" style=\"max-width:1248px;margin-left: calc(-4% \/ 2 );margin-right: calc(-4% \/ 2 );\"><div class=\"fusion-layout-column fusion_builder_column fusion-builder-column-3 fusion_builder_column_1_1 1_1 fusion-flex-column\" style=\"--awb-padding-bottom:20px;--awb-bg-size:cover;--awb-width-large:100%;--awb-margin-top-large:0px;--awb-spacing-right-large:1.92%;--awb-margin-bottom-large:20px;--awb-spacing-left-large:1.92%;--awb-width-medium:100%;--awb-order-medium:0;--awb-spacing-right-medium:1.92%;--awb-spacing-left-medium:1.92%;--awb-width-small:100%;--awb-order-small:0;--awb-spacing-right-small:1.92%;--awb-spacing-left-small:1.92%;\"><div class=\"fusion-column-wrapper fusion-column-has-shadow fusion-flex-justify-content-flex-start fusion-content-layout-column\"><div class=\"fusion-title title fusion-title-1 fusion-sep-none fusion-title-center fusion-title-text fusion-title-size-two\" style=\"--awb-text-color:#2970be;--awb-margin-bottom:20px;\"><h2 class=\"fusion-title-heading title-heading-center fusion-responsive-typography-calculated\" style=\"font-family:&quot;Lexend&quot;;font-style:normal;font-weight:600;margin:0;--fontSize:40;line-height:1.2;\">Das ist der BayernFunk<\/h2><\/div><\/div><\/div><div class=\"fusion-layout-column fusion_builder_column fusion-builder-column-4 fusion_builder_column_1_2 1_2 fusion-flex-column\" style=\"--awb-bg-size:cover;--awb-width-large:50%;--awb-margin-top-large:27px;--awb-spacing-right-large:3.84%;--awb-margin-bottom-large:20px;--awb-spacing-left-large:3.84%;--awb-width-medium:50%;--awb-order-medium:0;--awb-spacing-right-medium:3.84%;--awb-spacing-left-medium:3.84%;--awb-width-small:100%;--awb-order-small:0;--awb-spacing-right-small:1.92%;--awb-spacing-left-small:1.92%;\"><div class=\"fusion-column-wrapper fusion-column-has-shadow fusion-flex-justify-content-flex-start fusion-content-layout-column\"><div class=\"fusion-video fusion-selfhosted-video\" style=\"align-self:center;max-width:450px;\"><div class=\"video-wrapper\"><video playsinline=\"true\" width=\"100%\" style=\"object-fit: cover;\" autoplay=\"true\" muted=\"true\" loop=\"true\" preload=\"auto\"><source src=\"https:\/\/www.bayernfunk.digital\/wp-content\/uploads\/sites\/15\/2024\/05\/Screenaufnahme_BF.mp4\" type=\"video\/mp4\">Sorry, your browser doesn&#039;t support embedded videos.<\/video><\/div><\/div><\/div><\/div><div class=\"fusion-layout-column fusion_builder_column fusion-builder-column-5 fusion_builder_column_1_2 1_2 fusion-flex-column\" style=\"--awb-bg-size:cover;--awb-width-large:50%;--awb-margin-top-large:0px;--awb-spacing-right-large:3.84%;--awb-margin-bottom-large:20px;--awb-spacing-left-large:3.84%;--awb-width-medium:50%;--awb-order-medium:0;--awb-spacing-right-medium:3.84%;--awb-spacing-left-medium:3.84%;--awb-width-small:100%;--awb-order-small:0;--awb-spacing-right-small:1.92%;--awb-spacing-left-small:1.92%;\"><div class=\"fusion-column-wrapper fusion-column-has-shadow fusion-flex-justify-content-flex-start fusion-content-layout-column\"><div class=\"fusion-text fusion-text-5\"><p>Der BayernFunk erm\u00f6glicht als Kommunikationsplattform das Gemeindeleben auf digitaler Ebene zu erweitern. Er verbindet Landkreise und Kommunen Bayerns mit seinen B\u00fcrgerinnen und B\u00fcrgern. Zudem haben lokale Institutionen, Vereine sowie Ehrenamtler die M\u00f6glichkeit regionale Informationen schnell und einfach im BayernFunk zu ver\u00f6ffentlichen.<\/p>\n<\/div><ul style=\"--awb-size:36px;--awb-margin-bottom:35px;--awb-item-padding-top:0px;--awb-item-padding-right:0px;--awb-item-padding-bottom:0px;--awb-item-padding-left:0px;--awb-iconcolor:var(--awb-custom_color_1);--awb-line-height:61.2px;--awb-icon-width:61.2px;--awb-icon-height:61.2px;--awb-icon-margin:25.2px;--awb-content-margin:86.4px;\" class=\"fusion-checklist fusion-checklist-1 type-icons\"><li class=\"fusion-li-item\" style=\"\"><span class=\"icon-wrapper circle-no\"><i class=\"fusion-li-icon icon-bayernfunkcheck-circle\" aria-hidden=\"true\"><\/i><\/span><div class=\"fusion-li-item-content\">\n<p>deutscher Anbieter<\/p>\n<\/div><\/li><li class=\"fusion-li-item\" style=\"\"><span class=\"icon-wrapper circle-no\"><i class=\"fusion-li-icon icon-bayernfunkcheck-circle\" aria-hidden=\"true\"><\/i><\/span><div class=\"fusion-li-item-content\">\n<p>Kosten- und werbefrei<\/p>\n<\/div><\/li><li class=\"fusion-li-item\" style=\"\"><span class=\"icon-wrapper circle-no\"><i class=\"fusion-li-icon icon-bayernfunkcheck-circle\" aria-hidden=\"true\"><\/i><\/span><div class=\"fusion-li-item-content\">\n<p>lokal und regional<\/p>\n<\/div><\/li><li class=\"fusion-li-item\" style=\"\"><span class=\"icon-wrapper circle-no\"><i class=\"fusion-li-icon icon-bayernfunkcheck-circle\" aria-hidden=\"true\"><\/i><\/span><div class=\"fusion-li-item-content\">\n<p>DSGVO &#8211; konform<\/p>\n<\/div><\/li><\/ul><div ><a class=\"fusion-button button-flat fusion-button-default-size button-default fusion-button-default button-7 fusion-button-default-span fusion-button-default-type\" target=\"_self\" href=\"\/#mitfunken-start\"><span class=\"fusion-button-text\">Jetzt mitfunken!<\/span><\/a><\/div><\/div><\/div><\/div><\/div><div class=\"fusion-fullwidth fullwidth-box fusion-builder-row-5 fusion-flex-container has-pattern-background has-mask-background nonhundred-percent-fullwidth non-hundred-percent-height-scrolling fusion-no-small-visibility fusion-no-large-visibility\" style=\"--awb-border-radius-top-left:0px;--awb-border-radius-top-right:0px;--awb-border-radius-bottom-right:0px;--awb-border-radius-bottom-left:0px;--awb-margin-bottom:90px;--awb-flex-wrap:wrap;\" ><div class=\"fusion-builder-row fusion-row fusion-flex-align-items-flex-start fusion-flex-content-wrap\" style=\"max-width:1248px;margin-left: calc(-4% \/ 2 );margin-right: calc(-4% \/ 2 );\"><div class=\"fusion-layout-column fusion_builder_column fusion-builder-column-6 fusion_builder_column_1_1 1_1 fusion-flex-column\" style=\"--awb-padding-bottom:20px;--awb-bg-size:cover;--awb-width-large:100%;--awb-margin-top-large:0px;--awb-spacing-right-large:1.92%;--awb-margin-bottom-large:20px;--awb-spacing-left-large:1.92%;--awb-width-medium:100%;--awb-order-medium:0;--awb-spacing-right-medium:1.92%;--awb-spacing-left-medium:1.92%;--awb-width-small:100%;--awb-order-small:0;--awb-spacing-right-small:1.92%;--awb-spacing-left-small:1.92%;\"><div class=\"fusion-column-wrapper fusion-column-has-shadow fusion-flex-justify-content-flex-start fusion-content-layout-column\"><div class=\"fusion-title title fusion-title-2 fusion-sep-none fusion-title-center fusion-title-text fusion-title-size-two\" style=\"--awb-text-color:#2970be;--awb-margin-bottom:20px;\"><h2 class=\"fusion-title-heading title-heading-center fusion-responsive-typography-calculated\" style=\"font-family:&quot;Lexend&quot;;font-style:normal;font-weight:600;margin:0;--fontSize:40;line-height:1.2;\">Das ist der BayernFunk<\/h2><\/div><\/div><\/div><div class=\"fusion-layout-column fusion_builder_column fusion-builder-column-7 fusion_builder_column_1_2 1_2 fusion-flex-column\" style=\"--awb-bg-size:cover;--awb-width-large:50%;--awb-margin-top-large:27px;--awb-spacing-right-large:3.84%;--awb-margin-bottom-large:20px;--awb-spacing-left-large:3.84%;--awb-width-medium:50%;--awb-order-medium:0;--awb-spacing-right-medium:3.84%;--awb-spacing-left-medium:3.84%;--awb-width-small:100%;--awb-order-small:0;--awb-spacing-right-small:1.92%;--awb-spacing-left-small:1.92%;\"><div class=\"fusion-column-wrapper fusion-column-has-shadow fusion-flex-justify-content-flex-start fusion-content-layout-column\"><div class=\"fusion-video fusion-selfhosted-video\" style=\"align-self:center;max-width:400px;\"><div class=\"video-wrapper\"><video playsinline=\"true\" width=\"100%\" style=\"object-fit: cover;\" autoplay=\"true\" muted=\"true\" loop=\"true\" preload=\"auto\"><source src=\"https:\/\/www.bayernfunk.digital\/wp-content\/uploads\/sites\/15\/2024\/04\/Startseite_GIF-cropped.mp4\" type=\"video\/mp4\">Sorry, your browser doesn&#039;t support embedded videos.<\/video><\/div><\/div><\/div><\/div><div class=\"fusion-layout-column fusion_builder_column fusion-builder-column-8 fusion_builder_column_1_2 1_2 fusion-flex-column\" style=\"--awb-bg-size:cover;--awb-width-large:50%;--awb-margin-top-large:0px;--awb-spacing-right-large:3.84%;--awb-margin-bottom-large:20px;--awb-spacing-left-large:3.84%;--awb-width-medium:50%;--awb-order-medium:0;--awb-spacing-right-medium:3.84%;--awb-spacing-left-medium:3.84%;--awb-width-small:100%;--awb-order-small:0;--awb-spacing-right-small:1.92%;--awb-spacing-left-small:1.92%;\"><div class=\"fusion-column-wrapper fusion-column-has-shadow fusion-flex-justify-content-flex-start fusion-content-layout-column\"><div class=\"fusion-text fusion-text-6\"><p>Der BayernFunk erm\u00f6glicht als Kommunikationsplattform das Gemeindeleben auf digitaler Ebene zu erweitern. Er verbindet Landkreise und Kommunen Bayerns mit seinen B\u00fcrgerinnen und B\u00fcrgern. Zudem haben lokale Institutionen, Vereine sowie Ehrenamtler die M\u00f6glichkeit regionale Informationen schnell und einfach im BayernFunk zu ver\u00f6ffentlichen.<\/p>\n<\/div><ul style=\"--awb-size:36px;--awb-margin-bottom:35px;--awb-item-padding-top:0px;--awb-item-padding-right:0px;--awb-item-padding-bottom:0px;--awb-item-padding-left:0px;--awb-iconcolor:var(--awb-custom_color_1);--awb-line-height:61.2px;--awb-icon-width:61.2px;--awb-icon-height:61.2px;--awb-icon-margin:25.2px;--awb-content-margin:86.4px;\" class=\"fusion-checklist fusion-checklist-2 type-icons\"><li class=\"fusion-li-item\" style=\"\"><span class=\"icon-wrapper circle-no\"><i class=\"fusion-li-icon icon-bayernfunkcheck-circle\" aria-hidden=\"true\"><\/i><\/span><div class=\"fusion-li-item-content\">\n<p>deutscher Anbieter<\/p>\n<\/div><\/li><li class=\"fusion-li-item\" style=\"\"><span class=\"icon-wrapper circle-no\"><i class=\"fusion-li-icon icon-bayernfunkcheck-circle\" aria-hidden=\"true\"><\/i><\/span><div class=\"fusion-li-item-content\">\n<p>Kosten- und werbefrei<\/p>\n<\/div><\/li><li class=\"fusion-li-item\" style=\"\"><span class=\"icon-wrapper circle-no\"><i class=\"fusion-li-icon icon-bayernfunkcheck-circle\" aria-hidden=\"true\"><\/i><\/span><div class=\"fusion-li-item-content\">\n<p>lokal und regional<\/p>\n<\/div><\/li><li class=\"fusion-li-item\" style=\"\"><span class=\"icon-wrapper circle-no\"><i class=\"fusion-li-icon icon-bayernfunkcheck-circle\" aria-hidden=\"true\"><\/i><\/span><div class=\"fusion-li-item-content\">\n<p>DSGVO &#8211; konform<\/p>\n<\/div><\/li><\/ul><div ><a class=\"fusion-button button-flat fusion-button-default-size button-default fusion-button-default button-8 fusion-button-default-span fusion-button-default-type\" target=\"_self\" href=\"\/#mitfunken-start\"><span class=\"fusion-button-text\">Jetzt mitfunken!<\/span><\/a><\/div><\/div><\/div><\/div><\/div><div class=\"fusion-fullwidth fullwidth-box fusion-builder-row-6 fusion-flex-container has-pattern-background has-mask-background nonhundred-percent-fullwidth non-hundred-percent-height-scrolling fusion-no-medium-visibility fusion-no-large-visibility\" style=\"--awb-border-radius-top-left:0px;--awb-border-radius-top-right:0px;--awb-border-radius-bottom-right:0px;--awb-border-radius-bottom-left:0px;--awb-margin-bottom:90px;--awb-flex-wrap:wrap;\" ><div class=\"fusion-builder-row fusion-row fusion-flex-align-items-flex-start fusion-flex-content-wrap\" style=\"max-width:1248px;margin-left: calc(-4% \/ 2 );margin-right: calc(-4% \/ 2 );\"><div class=\"fusion-layout-column fusion_builder_column fusion-builder-column-9 fusion_builder_column_1_1 1_1 fusion-flex-column\" style=\"--awb-padding-bottom:10px;--awb-bg-size:cover;--awb-width-large:100%;--awb-margin-top-large:0px;--awb-spacing-right-large:1.92%;--awb-margin-bottom-large:20px;--awb-spacing-left-large:1.92%;--awb-width-medium:100%;--awb-order-medium:0;--awb-spacing-right-medium:1.92%;--awb-spacing-left-medium:1.92%;--awb-width-small:100%;--awb-order-small:0;--awb-spacing-right-small:1.92%;--awb-spacing-left-small:1.92%;\" data-scroll-devices=\"small-visibility,medium-visibility,large-visibility\"><div class=\"fusion-column-wrapper fusion-column-has-shadow fusion-flex-justify-content-flex-start fusion-content-layout-column\"><div class=\"fusion-title title fusion-title-3 fusion-sep-none fusion-title-center fusion-title-text fusion-title-size-two\" style=\"--awb-text-color:#2970be;--awb-margin-bottom:10px;\"><h2 class=\"fusion-title-heading title-heading-center fusion-responsive-typography-calculated\" style=\"font-family:&quot;Lexend&quot;;font-style:normal;font-weight:600;margin:0;--fontSize:40;line-height:1.2;\">Das ist der BayernFunk<\/h2><\/div><\/div><\/div><div class=\"fusion-layout-column fusion_builder_column fusion-builder-column-10 fusion_builder_column_1_1 1_1 fusion-flex-column\" style=\"--awb-bg-size:cover;--awb-width-large:100%;--awb-margin-top-large:10px;--awb-spacing-right-large:1.92%;--awb-margin-bottom-large:20px;--awb-spacing-left-large:1.92%;--awb-width-medium:100%;--awb-order-medium:0;--awb-spacing-right-medium:1.92%;--awb-spacing-left-medium:1.92%;--awb-width-small:100%;--awb-order-small:0;--awb-spacing-right-small:1.92%;--awb-spacing-left-small:1.92%;\" data-scroll-devices=\"small-visibility,medium-visibility,large-visibility\"><div class=\"fusion-column-wrapper fusion-column-has-shadow fusion-flex-justify-content-flex-start fusion-content-layout-column\"><div class=\"fusion-video fusion-selfhosted-video\" style=\"align-self:center;max-width:300px;\"><div class=\"video-wrapper\"><video playsinline=\"true\" width=\"100%\" style=\"object-fit: cover;\" autoplay=\"true\" muted=\"true\" loop=\"true\" preload=\"auto\"><source src=\"https:\/\/www.bayernfunk.digital\/wp-content\/uploads\/sites\/15\/2024\/05\/Screenaufnahme_BF.mp4\" type=\"video\/mp4\">Sorry, your browser doesn&#039;t support embedded videos.<\/video><\/div><\/div><\/div><\/div><div class=\"fusion-layout-column fusion_builder_column fusion-builder-column-11 fusion_builder_column_1_1 1_1 fusion-flex-column\" style=\"--awb-bg-size:cover;--awb-width-large:100%;--awb-margin-top-large:0px;--awb-spacing-right-large:1.92%;--awb-margin-bottom-large:20px;--awb-spacing-left-large:1.92%;--awb-width-medium:100%;--awb-order-medium:0;--awb-spacing-right-medium:1.92%;--awb-spacing-left-medium:1.92%;--awb-width-small:100%;--awb-order-small:0;--awb-spacing-right-small:1.92%;--awb-spacing-left-small:1.92%;\"><div class=\"fusion-column-wrapper fusion-column-has-shadow fusion-flex-justify-content-flex-start fusion-content-layout-column\"><div class=\"fusion-text fusion-text-7\"><p>Der BayernFunk erm\u00f6glicht als Kommunikationsplattform das Gemeindeleben auf digitaler Ebene zu erweitern. Er verbindet Landkreise und Kommunen Bayerns mit seinen B\u00fcrgerinnen und B\u00fcrgern. Zudem haben lokale Institutionen, Vereine sowie Ehrenamtler die M\u00f6glichkeit regionale Informationen schnell und einfach im BayernFunk zu ver\u00f6ffentlichen.<\/p>\n<\/div><ul style=\"--awb-size:36px;--awb-margin-bottom:35px;--awb-item-padding-top:0px;--awb-item-padding-right:0px;--awb-item-padding-bottom:0px;--awb-item-padding-left:0px;--awb-iconcolor:var(--awb-custom_color_1);--awb-line-height:61.2px;--awb-icon-width:61.2px;--awb-icon-height:61.2px;--awb-icon-margin:25.2px;--awb-content-margin:86.4px;\" class=\"fusion-checklist fusion-checklist-3 type-icons\"><li class=\"fusion-li-item\" style=\"\"><span class=\"icon-wrapper circle-no\"><i class=\"fusion-li-icon icon-bayernfunkcheck-circle\" aria-hidden=\"true\"><\/i><\/span><div class=\"fusion-li-item-content\">\n<p>deutscher Anbieter<\/p>\n<\/div><\/li><li class=\"fusion-li-item\" style=\"\"><span class=\"icon-wrapper circle-no\"><i class=\"fusion-li-icon icon-bayernfunkcheck-circle\" aria-hidden=\"true\"><\/i><\/span><div class=\"fusion-li-item-content\">\n<p>Kosten- und werbefrei<\/p>\n<\/div><\/li><li class=\"fusion-li-item\" style=\"\"><span class=\"icon-wrapper circle-no\"><i class=\"fusion-li-icon icon-bayernfunkcheck-circle\" aria-hidden=\"true\"><\/i><\/span><div class=\"fusion-li-item-content\">\n<p>lokal und regional<\/p>\n<\/div><\/li><li class=\"fusion-li-item\" style=\"\"><span class=\"icon-wrapper circle-no\"><i class=\"fusion-li-icon icon-bayernfunkcheck-circle\" aria-hidden=\"true\"><\/i><\/span><div class=\"fusion-li-item-content\">\n<p>DSGVO &#8211; konform<\/p>\n<\/div><\/li><\/ul><div ><a class=\"fusion-button button-flat fusion-button-default-size button-default fusion-button-default button-9 fusion-button-default-span fusion-button-default-type\" target=\"_self\" href=\"\/#mitfunken-start\"><span class=\"fusion-button-text\">Jetzt mitfunken!<\/span><\/a><\/div><\/div><\/div><\/div><\/div><div class=\"fusion-fullwidth fullwidth-box fusion-builder-row-7 fusion-flex-container has-pattern-background has-mask-background nonhundred-percent-fullwidth non-hundred-percent-height-scrolling fusion-no-small-visibility fusion-no-medium-visibility\" style=\"--awb-border-radius-top-left:0px;--awb-border-radius-top-right:0px;--awb-border-radius-bottom-right:0px;--awb-border-radius-bottom-left:0px;--awb-padding-top:40px;--awb-padding-right:0px;--awb-padding-bottom:60px;--awb-padding-left:40px;--awb-padding-right-medium:40px;--awb-padding-left-medium:40px;--awb-padding-right-small:40px;--awb-padding-left-small:40px;--awb-margin-top:0px;--awb-margin-bottom:60px;--awb-background-image:radial-gradient(circle at left center, #0798d4 0%,#9ecfd3 100%);--awb-flex-wrap:wrap;\" ><div class=\"fusion-builder-row fusion-row fusion-flex-align-items-flex-start fusion-flex-justify-content-center fusion-flex-content-wrap\" style=\"max-width:1248px;margin-left: calc(-4% \/ 2 );margin-right: calc(-4% \/ 2 );\"><div class=\"fusion-layout-column fusion_builder_column fusion-builder-column-12 fusion_builder_column_1_3 1_3 fusion-flex-column\" style=\"--awb-bg-size:cover;--awb-width-large:33.333333333333%;--awb-margin-top-large:0px;--awb-spacing-right-large:5.76%;--awb-margin-bottom-large:20px;--awb-spacing-left-large:5.76%;--awb-width-medium:33.333333333333%;--awb-order-medium:0;--awb-spacing-right-medium:5.76%;--awb-spacing-left-medium:1.728%;--awb-width-small:100%;--awb-order-small:0;--awb-spacing-right-small:0%;--awb-spacing-left-small:0%;\"><div class=\"fusion-column-wrapper fusion-column-has-shadow fusion-flex-justify-content-flex-start fusion-content-layout-column\"><div class=\"fusion-title title fusion-title-4 fusion-sep-none fusion-title-text fusion-title-size-three\" style=\"--awb-text-color:#ffffff;--awb-margin-top:50px;\"><h3 class=\"fusion-title-heading title-heading-left fusion-responsive-typography-calculated\" style=\"font-family:&quot;Lexend&quot;;font-style:normal;font-weight:600;margin:0;--fontSize:37;line-height:1.3;\">Gestalte dein Gemeindeleben mit BayernFunk digitaler!<\/h3><\/div><div class=\"fusion-text fusion-text-8\" style=\"--awb-text-color:#ffffff;\"><p>Mit dem BayernFunk erh\u00e4ltst du lokale Neuigkeiten zu Vereinen, Ehren\u00e4mtern, Veranstaltungen, Bildung, Kultur, Religion und Gesundheit, direkt auf dein Smartphone. Dar\u00fcber hinaus empf\u00e4ngst du aktuelle Nachrichten aus dem Rathaus sowie von Blaulichtinstitutionen aus deiner Region. Es f\u00f6rdert das Miteinander und st\u00e4rkt die Gemeinschaft vor Ort.<\/p>\n<\/div><\/div><\/div><div class=\"fusion-layout-column fusion_builder_column fusion-builder-column-13 fusion_builder_column_2_3 2_3 fusion-flex-column\" style=\"--awb-padding-left:50px;--awb-padding-left-medium:45px;--awb-padding-left-small:0px;--awb-bg-size:cover;--awb-width-large:66.666666666667%;--awb-margin-top-large:84px;--awb-spacing-right-large:2.88%;--awb-margin-bottom-large:50px;--awb-spacing-left-large:2.88%;--awb-width-medium:66.666666666667%;--awb-order-medium:0;--awb-spacing-right-medium:0%;--awb-spacing-left-medium:2.88%;--awb-width-small:100%;--awb-order-small:0;--awb-spacing-right-small:0%;--awb-spacing-left-small:0.192%;\" data-scroll-devices=\"small-visibility,medium-visibility,large-visibility\"><div class=\"fusion-column-wrapper fusion-column-has-shadow fusion-flex-justify-content-flex-start fusion-content-layout-column\"><div class=\"fusion-video fusion-selfhosted-video\" style=\"max-width:700px;\"><div class=\"video-wrapper\"><video playsinline=\"true\" width=\"100%\" style=\"object-fit: cover;\" muted=\"true\" poster=\"https:\/\/www.bayernfunk.digital\/wp-content\/uploads\/sites\/15\/2024\/03\/Bayern_Banner_BRK_VKB-2048x1022-1-800x399.jpg\" preload=\"metadata\" controls=\"1\"><source src=\"https:\/\/www.bayernfunk.digital\/wp-content\/uploads\/sites\/15\/2024\/03\/Imagefilm-BayernFunk.mp4\" type=\"video\/mp4\">Sorry, your browser doesn&#039;t support embedded videos.<\/video><\/div><\/div><\/div><\/div><div class=\"fusion-layout-column fusion_builder_column fusion-builder-column-14 fusion_builder_column_1_2 1_2 fusion-flex-column\" style=\"--awb-bg-size:cover;--awb-width-large:50%;--awb-margin-top-large:30px;--awb-spacing-right-large:3.84%;--awb-margin-bottom-large:20px;--awb-spacing-left-large:3.84%;--awb-width-medium:50%;--awb-order-medium:0;--awb-spacing-right-medium:3.84%;--awb-spacing-left-medium:3.84%;--awb-width-small:100%;--awb-order-small:0;--awb-spacing-right-small:0%;--awb-spacing-left-small:0%;\"><div class=\"fusion-column-wrapper fusion-column-has-shadow fusion-flex-justify-content-flex-start fusion-content-layout-column\"><div class=\"fusion-title title fusion-title-5 fusion-sep-none fusion-title-center fusion-title-text fusion-title-size-three\" style=\"--awb-text-color:#ffffff;\"><h3 class=\"fusion-title-heading title-heading-center fusion-responsive-typography-calculated\" style=\"font-family:&quot;Lexend&quot;;font-style:normal;font-weight:700;margin:0;--fontSize:37;line-height:1.3;\">Werde Teil des BayernFunks<\/h3><\/div><div class=\"fusion-text fusion-text-9\" style=\"--awb-text-color:#ffffff;\"><p style=\"text-align: center\">Gerne zeigen wir dir, wie du direkt losfunken kannst \u2013 egal ob als Landkreis, Kommune, Ehrenamt, B\u00fcrgerin oder B\u00fcrger.<\/p>\n<\/div><\/div><\/div><div class=\"fusion-layout-column fusion_builder_column fusion-builder-column-15 fusion_builder_column_1_1 1_1 fusion-flex-column\" style=\"--awb-bg-size:cover;--awb-width-large:100%;--awb-margin-top-large:0px;--awb-spacing-right-large:1.92%;--awb-margin-bottom-large:0px;--awb-spacing-left-large:1.92%;--awb-width-medium:100%;--awb-order-medium:0;--awb-spacing-right-medium:0%;--awb-spacing-left-medium:0%;--awb-width-small:100%;--awb-order-small:0;--awb-spacing-right-small:0%;--awb-spacing-left-small:0%;\" data-scroll-devices=\"small-visibility,medium-visibility,large-visibility\"><div class=\"fusion-column-wrapper fusion-column-has-shadow fusion-flex-justify-content-flex-start fusion-content-layout-column\"><div class=\"fusion-content-boxes content-boxes columns row fusion-columns-3 fusion-columns-total-3 fusion-content-boxes-1 content-boxes-icon-on-top content-left equal-height\" style=\"--awb-backgroundcolor:var(--awb-custom_color_2);--awb-border-radius-top-left:10px;--awb-border-radius-top-right:10px;--awb-border-radius-bottom-right:10px;--awb-border-radius-bottom-left:10px;--awb-body-color:var(--awb-color1);--awb-title-color:var(--awb-color1);--awb-item-margin-bottom:-20px;--awb-hover-accent-color:var(--awb-color1);--awb-circle-hover-accent-color:transparent;--awb-box-shadow:-5px 5px 10px -5px ;;\" data-animationOffset=\"top-into-view\"><div style=\"--awb-backgroundcolor:var(--awb-custom_color_2);\" class=\"fusion-column content-box-column content-box-column content-box-column-1 col-lg-4 col-md-4 col-sm-4 fusion-content-box-hover content-box-column-first-in-row\"><div class=\"col content-box-wrapper content-wrapper-background link-area-box link-type-text content-icon-wrapper-yes icon-hover-animation-fade\" data-link=\"https:\/\/www.bayernfunk.digital\/index.php\/landkreise-kommunen\/\" data-link-target=\"_self\" data-animationOffset=\"top-into-view\"><div class=\"heading heading-with-icon icon-left\"><a class=\"heading-link\" href=\"https:\/\/www.bayernfunk.digital\/index.php\/landkreise-kommunen\/\" target=\"_self\"><div class=\"icon\"><span ><i style=\"background-color:transparent;border-color:transparent;height:auto;width: 50px;line-height:normal;font-size:50px;\" aria-hidden=\"true\" class=\"fontawesome-icon icon-bayernfunkhouse circle-no\"><\/i><\/span><\/div><\/a><\/div><div class=\"fusion-clearfix\"><\/div><div class=\"content-container\">\n<p style=\"text-align: center\">Landkreise &amp; Kommunen<\/p>\n<\/div><\/div><\/div><div style=\"--awb-backgroundcolor:var(--awb-custom_color_2);\" class=\"fusion-column content-box-column content-box-column content-box-column-2 col-lg-4 col-md-4 col-sm-4 fusion-content-box-hover \"><div class=\"col content-box-wrapper content-wrapper-background link-area-box link-type-text content-icon-wrapper-yes icon-hover-animation-fade\" data-link=\"https:\/\/www.bayernfunk.digital\/index.php\/ehrenamt-reporter\/\" data-link-target=\"_self\" data-animationOffset=\"top-into-view\"><div class=\"heading heading-with-icon icon-left\"><a class=\"heading-link\" href=\"https:\/\/www.bayernfunk.digital\/index.php\/ehrenamt-reporter\/\" target=\"_self\"><div class=\"icon\"><span ><i style=\"background-color:transparent;border-color:transparent;height:auto;width: 50px;line-height:normal;font-size:50px;\" aria-hidden=\"true\" class=\"fontawesome-icon icon-bayernfunkfeather circle-no\"><\/i><\/span><\/div><\/a><\/div><div class=\"fusion-clearfix\"><\/div><div class=\"content-container\">\n<p>Ehrenamt, Reporterinnen &amp; Reporter<\/p>\n<\/div><\/div><\/div><div style=\"--awb-backgroundcolor:var(--awb-custom_color_2);\" class=\"fusion-column content-box-column content-box-column content-box-column-3 col-lg-4 col-md-4 col-sm-4 fusion-content-box-hover content-box-column-last content-box-column-last-in-row\"><div class=\"col content-box-wrapper content-wrapper-background link-area-box link-type-text content-icon-wrapper-yes icon-hover-animation-fade\" data-link=\"https:\/\/www.bayernfunk.digital\/index.php\/buerger\/\" data-link-target=\"_self\" data-animationOffset=\"top-into-view\"><div class=\"heading heading-with-icon icon-left\"><a class=\"heading-link\" href=\"https:\/\/www.bayernfunk.digital\/index.php\/buerger\/\" target=\"_self\"><div class=\"icon\"><span ><i style=\"background-color:transparent;border-color:transparent;height:auto;width: 50px;line-height:normal;font-size:50px;\" aria-hidden=\"true\" class=\"fontawesome-icon icon-bayernfunkpeople circle-no\"><\/i><\/span><\/div><\/a><\/div><div class=\"fusion-clearfix\"><\/div><div class=\"content-container\">B\u00fcrgerinnen &amp; B\u00fcrger<\/div><\/div><\/div><div class=\"fusion-clearfix\"><\/div><\/div><\/div><\/div><\/div><\/div>\n<div class=\"fusion-fullwidth fullwidth-box fusion-builder-row-8 fusion-flex-container has-pattern-background has-mask-background nonhundred-percent-fullwidth non-hundred-percent-height-scrolling fusion-no-small-visibility fusion-no-large-visibility\" style=\"--awb-border-radius-top-left:0px;--awb-border-radius-top-right:0px;--awb-border-radius-bottom-right:0px;--awb-border-radius-bottom-left:0px;--awb-padding-top:40px;--awb-padding-right:0px;--awb-padding-bottom:20px;--awb-padding-left:40px;--awb-padding-right-medium:40px;--awb-padding-left-medium:40px;--awb-padding-right-small:40px;--awb-padding-left-small:40px;--awb-margin-top:0px;--awb-margin-bottom:60px;--awb-background-image:radial-gradient(circle at left center, #0798d4 0%,#9ecfd3 100%);--awb-flex-wrap:wrap;\" ><div class=\"fusion-builder-row fusion-row fusion-flex-align-items-flex-start fusion-flex-justify-content-center fusion-flex-content-wrap\" style=\"max-width:1248px;margin-left: calc(-4% \/ 2 );margin-right: calc(-4% \/ 2 );\"><div class=\"fusion-layout-column fusion_builder_column fusion-builder-column-16 fusion_builder_column_3_4 3_4 fusion-flex-column\" style=\"--awb-bg-size:cover;--awb-width-large:75%;--awb-margin-top-large:0px;--awb-spacing-right-large:2.56%;--awb-margin-bottom-large:20px;--awb-spacing-left-large:2.56%;--awb-width-medium:75%;--awb-order-medium:0;--awb-spacing-right-medium:2.56%;--awb-spacing-left-medium:0.768%;--awb-width-small:100%;--awb-order-small:0;--awb-spacing-right-small:0%;--awb-spacing-left-small:0%;\"><div class=\"fusion-column-wrapper fusion-column-has-shadow fusion-flex-justify-content-flex-start fusion-content-layout-column\"><div class=\"fusion-title title fusion-title-6 fusion-sep-none fusion-title-center fusion-title-text fusion-title-size-three\"><h3 class=\"fusion-title-heading title-heading-center fusion-responsive-typography-calculated\" style=\"margin:0;--fontSize:37;line-height:1.3;\">Gestalte dein Gemeindeleben mit dem BayernFunk digitaler!<\/h3><\/div><\/div><\/div><div class=\"fusion-layout-column fusion_builder_column fusion-builder-column-17 fusion_builder_column_1_1 1_1 fusion-flex-column\" style=\"--awb-bg-size:cover;--awb-width-large:100%;--awb-margin-top-large:0px;--awb-spacing-right-large:1.92%;--awb-margin-bottom-large:20px;--awb-spacing-left-large:1.92%;--awb-width-medium:100%;--awb-order-medium:0;--awb-spacing-right-medium:1.92%;--awb-spacing-left-medium:0.576%;--awb-width-small:100%;--awb-order-small:0;--awb-spacing-right-small:0%;--awb-spacing-left-small:0%;\"><div class=\"fusion-column-wrapper fusion-column-has-shadow fusion-flex-justify-content-flex-start fusion-content-layout-column\"><div class=\"fusion-text fusion-text-10\" style=\"--awb-text-color:#ffffff;\"><p style=\"text-align: center\">Mit dem BayernFunk erh\u00e4ltst du lokale Neuigkeiten zu Vereinen, Ehren\u00e4mtern, Veranstaltungen, Bildung, Kultur, Religion und Gesundheit, direkt auf dein Smartphone. Dar\u00fcber hinaus empf\u00e4ngst du aktuelle Nachrichten aus dem Rathaus sowie von Blaulichtinstitutionen aus deiner Region. Es f\u00f6rdert das Miteinander und st\u00e4rkt die Gemeinschaft vor Ort.<\/p>\n<\/div><\/div><\/div><div class=\"fusion-layout-column fusion_builder_column fusion-builder-column-18 fusion_builder_column_1_1 1_1 fusion-flex-column\" style=\"--awb-padding-left-medium:0px;--awb-padding-left-small:0px;--awb-bg-size:cover;--awb-width-large:100%;--awb-margin-top-large:40px;--awb-spacing-right-large:1.92%;--awb-margin-bottom-large:40px;--awb-spacing-left-large:1.92%;--awb-width-medium:100%;--awb-order-medium:0;--awb-spacing-right-medium:0%;--awb-spacing-left-medium:0%;--awb-width-small:100%;--awb-order-small:0;--awb-spacing-right-small:0%;--awb-spacing-left-small:0.192%;\" data-scroll-devices=\"small-visibility,medium-visibility,large-visibility\"><div class=\"fusion-column-wrapper fusion-column-has-shadow fusion-flex-justify-content-flex-start fusion-content-layout-column\"><div class=\"fusion-video fusion-selfhosted-video\" style=\"align-self:center;max-width:700px;\"><div class=\"video-wrapper\"><video playsinline=\"true\" width=\"100%\" style=\"object-fit: cover;\" muted=\"true\" poster=\"https:\/\/www.bayernfunk.digital\/wp-content\/uploads\/sites\/15\/2024\/03\/Bayern_Banner_BRK_VKB-2048x1022-1-800x399.jpg\" preload=\"metadata\" controls=\"1\"><source src=\"https:\/\/www.bayernfunk.digital\/wp-content\/uploads\/sites\/15\/2024\/03\/Imagefilm-BayernFunk.mp4\" type=\"video\/mp4\">Sorry, your browser doesn&#039;t support embedded videos.<\/video><\/div><\/div><\/div><\/div><div class=\"fusion-layout-column fusion_builder_column fusion-builder-column-19 fusion_builder_column_2_3 2_3 fusion-flex-column\" style=\"--awb-bg-size:cover;--awb-width-large:66.666666666667%;--awb-margin-top-large:30px;--awb-spacing-right-large:2.88%;--awb-margin-bottom-large:20px;--awb-spacing-left-large:2.88%;--awb-width-medium:66.666666666667%;--awb-order-medium:0;--awb-spacing-right-medium:2.88%;--awb-spacing-left-medium:2.88%;--awb-width-small:100%;--awb-order-small:0;--awb-spacing-right-small:0%;--awb-spacing-left-small:0%;\"><div class=\"fusion-column-wrapper fusion-column-has-shadow fusion-flex-justify-content-flex-start fusion-content-layout-column\"><div class=\"fusion-title title fusion-title-7 fusion-sep-none fusion-title-center fusion-title-text fusion-title-size-three\" style=\"--awb-text-color:#ffffff;\"><h3 class=\"fusion-title-heading title-heading-center fusion-responsive-typography-calculated\" style=\"font-family:&quot;Lexend&quot;;font-style:normal;font-weight:700;margin:0;--fontSize:37;line-height:1.3;\">Werde Teil des BayernFunks<\/h3><\/div><div class=\"fusion-text fusion-text-11\" style=\"--awb-text-color:#ffffff;\"><p style=\"text-align: center\">Gerne zeigen wir dir, wie du direkt losfunken kannst \u2013 egal ob als Landkreis, Kommune, Ehrenamt, B\u00fcrgerin oder B\u00fcrger.<\/p>\n<\/div><\/div><\/div><div class=\"fusion-layout-column fusion_builder_column fusion-builder-column-20 fusion_builder_column_1_1 1_1 fusion-flex-column\" style=\"--awb-bg-size:cover;--awb-width-large:100%;--awb-margin-top-large:0px;--awb-spacing-right-large:1.92%;--awb-margin-bottom-large:0px;--awb-spacing-left-large:1.92%;--awb-width-medium:100%;--awb-order-medium:0;--awb-spacing-right-medium:0%;--awb-spacing-left-medium:0%;--awb-width-small:100%;--awb-order-small:0;--awb-spacing-right-small:0%;--awb-spacing-left-small:0%;\" data-scroll-devices=\"small-visibility,medium-visibility,large-visibility\"><div class=\"fusion-column-wrapper fusion-column-has-shadow fusion-flex-justify-content-flex-start fusion-content-layout-column\"><div class=\"fusion-content-boxes content-boxes columns row fusion-columns-3 fusion-columns-total-3 fusion-content-boxes-2 content-boxes-icon-on-top content-left equal-height\" style=\"--awb-backgroundcolor:var(--awb-custom_color_2);--awb-border-radius-top-left:10px;--awb-border-radius-top-right:10px;--awb-border-radius-bottom-right:10px;--awb-border-radius-bottom-left:10px;--awb-body-color:var(--awb-color1);--awb-title-color:var(--awb-color1);--awb-item-margin-bottom:-20px;--awb-hover-accent-color:var(--awb-color1);--awb-circle-hover-accent-color:transparent;--awb-box-shadow:-5px 5px 10px -5px ;;\" data-animationOffset=\"top-into-view\"><div style=\"--awb-backgroundcolor:var(--awb-custom_color_2);\" class=\"fusion-column content-box-column content-box-column content-box-column-1 col-lg-4 col-md-4 col-sm-4 fusion-content-box-hover content-box-column-first-in-row\"><div class=\"col content-box-wrapper content-wrapper-background link-area-box link-type-text content-icon-wrapper-yes icon-hover-animation-fade\" data-link=\"https:\/\/www.bayernfunk.digital\/index.php\/landkreise-kommunen\/\" data-link-target=\"_self\" data-animationOffset=\"top-into-view\"><div class=\"heading heading-with-icon icon-left\"><a class=\"heading-link\" href=\"https:\/\/www.bayernfunk.digital\/index.php\/landkreise-kommunen\/\" target=\"_self\"><div class=\"icon\"><span ><i style=\"background-color:transparent;border-color:transparent;height:auto;width: 50px;line-height:normal;font-size:50px;\" aria-hidden=\"true\" class=\"fontawesome-icon icon-bayernfunkhouse circle-no\"><\/i><\/span><\/div><\/a><\/div><div class=\"fusion-clearfix\"><\/div><div class=\"content-container\">\n<p style=\"text-align: center\">Landkreise &amp; Kommunen<\/p>\n<\/div><\/div><\/div><div style=\"--awb-backgroundcolor:var(--awb-custom_color_2);\" class=\"fusion-column content-box-column content-box-column content-box-column-2 col-lg-4 col-md-4 col-sm-4 fusion-content-box-hover \"><div class=\"col content-box-wrapper content-wrapper-background link-area-box link-type-text content-icon-wrapper-yes icon-hover-animation-fade\" data-link=\"https:\/\/www.bayernfunk.digital\/index.php\/ehrenamt-reporter\/\" data-link-target=\"_self\" data-animationOffset=\"top-into-view\"><div class=\"heading heading-with-icon icon-left\"><a class=\"heading-link\" href=\"https:\/\/www.bayernfunk.digital\/index.php\/ehrenamt-reporter\/\" target=\"_self\"><div class=\"icon\"><span ><i style=\"background-color:transparent;border-color:transparent;height:auto;width: 50px;line-height:normal;font-size:50px;\" aria-hidden=\"true\" class=\"fontawesome-icon icon-bayernfunkfeather circle-no\"><\/i><\/span><\/div><\/a><\/div><div class=\"fusion-clearfix\"><\/div><div class=\"content-container\">\n<p>Ehrenamt, Reporterinnen &amp; Reporter<\/p>\n<\/div><\/div><\/div><div style=\"--awb-backgroundcolor:var(--awb-custom_color_2);\" class=\"fusion-column content-box-column content-box-column content-box-column-3 col-lg-4 col-md-4 col-sm-4 fusion-content-box-hover content-box-column-last content-box-column-last-in-row\"><div class=\"col content-box-wrapper content-wrapper-background link-area-box link-type-text content-icon-wrapper-yes icon-hover-animation-fade\" data-link=\"https:\/\/www.bayernfunk.digital\/index.php\/buerger\/\" data-link-target=\"_self\" data-animationOffset=\"top-into-view\"><div class=\"heading heading-with-icon icon-left\"><a class=\"heading-link\" href=\"https:\/\/www.bayernfunk.digital\/index.php\/buerger\/\" target=\"_self\"><div class=\"icon\"><span ><i style=\"background-color:transparent;border-color:transparent;height:auto;width: 50px;line-height:normal;font-size:50px;\" aria-hidden=\"true\" class=\"fontawesome-icon icon-bayernfunkpeople circle-no\"><\/i><\/span><\/div><\/a><\/div><div class=\"fusion-clearfix\"><\/div><div class=\"content-container\">B\u00fcrgerinnen &amp; B\u00fcrger<\/div><\/div><\/div><div class=\"fusion-clearfix\"><\/div><\/div><\/div><\/div><\/div><\/div>\n<div class=\"fusion-fullwidth fullwidth-box fusion-builder-row-9 fusion-flex-container has-pattern-background has-mask-background nonhundred-percent-fullwidth non-hundred-percent-height-scrolling fusion-no-medium-visibility fusion-no-large-visibility\" style=\"--awb-border-radius-top-left:0px;--awb-border-radius-top-right:0px;--awb-border-radius-bottom-right:0px;--awb-border-radius-bottom-left:0px;--awb-padding-top:40px;--awb-padding-right:0px;--awb-padding-bottom:10px;--awb-padding-left:40px;--awb-padding-right-medium:40px;--awb-padding-left-medium:40px;--awb-padding-right-small:40px;--awb-padding-left-small:40px;--awb-margin-top:0px;--awb-margin-bottom:60px;--awb-background-image:radial-gradient(circle at left center, #0798d4 0%,#9ecfd3 100%);--awb-flex-wrap:wrap;\" ><div class=\"fusion-builder-row fusion-row fusion-flex-align-items-flex-start fusion-flex-justify-content-center fusion-flex-content-wrap\" style=\"max-width:1248px;margin-left: calc(-4% \/ 2 );margin-right: calc(-4% \/ 2 );\"><div class=\"fusion-layout-column fusion_builder_column fusion-builder-column-21 fusion_builder_column_2_3 2_3 fusion-flex-column\" style=\"--awb-bg-size:cover;--awb-width-large:66.666666666667%;--awb-margin-top-large:0px;--awb-spacing-right-large:2.88%;--awb-margin-bottom-large:20px;--awb-spacing-left-large:2.88%;--awb-width-medium:66.666666666667%;--awb-order-medium:0;--awb-spacing-right-medium:2.88%;--awb-spacing-left-medium:0.864%;--awb-width-small:100%;--awb-order-small:0;--awb-spacing-right-small:0%;--awb-spacing-left-small:0%;\"><div class=\"fusion-column-wrapper fusion-column-has-shadow fusion-flex-justify-content-flex-start fusion-content-layout-column\"><div class=\"fusion-title title fusion-title-8 fusion-sep-none fusion-title-text fusion-title-size-three\" style=\"--awb-text-color:#ffffff;--awb-margin-top:50px;\"><h3 class=\"fusion-title-heading title-heading-left fusion-responsive-typography-calculated\" style=\"font-family:&quot;Lexend&quot;;font-style:normal;font-weight:600;margin:0;--fontSize:37;line-height:1.3;\">Gestalte dein Gemeindeleben mit BayernFunk digitaler!<\/h3><\/div><div class=\"fusion-text fusion-text-12\" style=\"--awb-text-color:#ffffff;\"><p>Mit dem BayernFunk erh\u00e4ltst du lokale Neuigkeiten zu Vereinen, Ehren\u00e4mtern, Veranstaltungen, Bildung, Kultur, Religion und Gesundheit, direkt auf dein Smartphone. Dar\u00fcber hinaus empf\u00e4ngst du aktuelle Nachrichten aus dem Rathaus sowie von Blaulichtinstitutionen aus deiner Region. Es f\u00f6rdert das Miteinander und st\u00e4rkt die Gemeinschaft vor Ort.<\/p>\n<\/div><\/div><\/div><div class=\"fusion-layout-column fusion_builder_column fusion-builder-column-22 fusion_builder_column_2_3 2_3 fusion-flex-column\" style=\"--awb-padding-left:20px;--awb-padding-left-medium:45px;--awb-padding-left-small:0px;--awb-bg-size:cover;--awb-width-large:66.666666666667%;--awb-margin-top-large:20px;--awb-spacing-right-large:2.88%;--awb-margin-bottom-large:20px;--awb-spacing-left-large:2.88%;--awb-width-medium:66.666666666667%;--awb-order-medium:0;--awb-spacing-right-medium:0%;--awb-spacing-left-medium:2.88%;--awb-width-small:100%;--awb-order-small:0;--awb-spacing-right-small:0%;--awb-spacing-left-small:0.192%;\" data-scroll-devices=\"small-visibility,medium-visibility,large-visibility\"><div class=\"fusion-column-wrapper fusion-column-has-shadow fusion-flex-justify-content-flex-start fusion-content-layout-column\"><div class=\"fusion-video fusion-selfhosted-video\" style=\"max-width:700px;\"><div class=\"video-wrapper\"><video playsinline=\"true\" width=\"100%\" style=\"object-fit: cover;\" muted=\"true\" poster=\"https:\/\/www.bayernfunk.digital\/wp-content\/uploads\/sites\/15\/2024\/03\/Bayern_Banner_BRK_VKB-2048x1022-1-800x399.jpg\" preload=\"metadata\" controls=\"1\"><source src=\"https:\/\/www.bayernfunk.digital\/wp-content\/uploads\/sites\/15\/2024\/03\/Imagefilm-BayernFunk.mp4\" type=\"video\/mp4\">Sorry, your browser doesn&#039;t support embedded videos.<\/video><\/div><\/div><\/div><\/div><div class=\"fusion-layout-column fusion_builder_column fusion-builder-column-23 fusion_builder_column_2_3 2_3 fusion-flex-column\" style=\"--awb-bg-size:cover;--awb-width-large:66.666666666667%;--awb-margin-top-large:30px;--awb-spacing-right-large:2.88%;--awb-margin-bottom-large:20px;--awb-spacing-left-large:2.88%;--awb-width-medium:66.666666666667%;--awb-order-medium:0;--awb-spacing-right-medium:2.88%;--awb-spacing-left-medium:2.88%;--awb-width-small:100%;--awb-order-small:0;--awb-spacing-right-small:0%;--awb-spacing-left-small:0%;\"><div class=\"fusion-column-wrapper fusion-column-has-shadow fusion-flex-justify-content-flex-start fusion-content-layout-column\"><div class=\"fusion-title title fusion-title-9 fusion-sep-none fusion-title-center fusion-title-text fusion-title-size-three\" style=\"--awb-text-color:#ffffff;\"><h3 class=\"fusion-title-heading title-heading-center fusion-responsive-typography-calculated\" style=\"font-family:&quot;Lexend&quot;;font-style:normal;font-weight:700;margin:0;--fontSize:37;line-height:1.3;\">Werde Teil des BayernFunks<\/h3><\/div><div class=\"fusion-text fusion-text-13\" style=\"--awb-text-color:#ffffff;\"><p style=\"text-align: center\">Gerne zeigen wir dir, wie du direkt losfunken kannst \u2013 egal ob als Landkreis, Kommune, Ehrenamt, B\u00fcrgerin oder B\u00fcrger.<\/p>\n<\/div><\/div><\/div><div class=\"fusion-layout-column fusion_builder_column fusion-builder-column-24 fusion_builder_column_1_1 1_1 fusion-flex-column\" style=\"--awb-bg-size:cover;--awb-width-large:100%;--awb-margin-top-large:0px;--awb-spacing-right-large:1.92%;--awb-margin-bottom-large:0px;--awb-spacing-left-large:1.92%;--awb-width-medium:100%;--awb-order-medium:0;--awb-spacing-right-medium:0%;--awb-spacing-left-medium:0%;--awb-width-small:100%;--awb-order-small:0;--awb-spacing-right-small:0%;--awb-spacing-left-small:0%;\" data-scroll-devices=\"small-visibility,medium-visibility,large-visibility\"><div class=\"fusion-column-wrapper fusion-column-has-shadow fusion-flex-justify-content-flex-start fusion-content-layout-column\"><div class=\"fusion-content-boxes content-boxes columns row fusion-columns-3 fusion-columns-total-3 fusion-content-boxes-3 content-boxes-icon-on-top content-left equal-height\" style=\"--awb-backgroundcolor:var(--awb-custom_color_2);--awb-border-radius-top-left:10px;--awb-border-radius-top-right:10px;--awb-border-radius-bottom-right:10px;--awb-border-radius-bottom-left:10px;--awb-body-color:var(--awb-color1);--awb-title-color:var(--awb-color1);--awb-item-margin-bottom:-20px;--awb-hover-accent-color:var(--awb-color1);--awb-circle-hover-accent-color:transparent;--awb-box-shadow:-5px 5px 10px -5px ;;\" data-animationOffset=\"top-into-view\"><div style=\"--awb-backgroundcolor:var(--awb-custom_color_2);\" class=\"fusion-column content-box-column content-box-column content-box-column-1 col-lg-4 col-md-4 col-sm-4 fusion-content-box-hover content-box-column-first-in-row\"><div class=\"col content-box-wrapper content-wrapper-background link-area-box link-type-text content-icon-wrapper-yes icon-hover-animation-fade\" data-link=\"https:\/\/www.bayernfunk.digital\/index.php\/landkreise-kommunen\/\" data-link-target=\"_self\" data-animationOffset=\"top-into-view\"><div class=\"heading heading-with-icon icon-left\"><a class=\"heading-link\" href=\"https:\/\/www.bayernfunk.digital\/index.php\/landkreise-kommunen\/\" target=\"_self\"><div class=\"icon\"><span ><i style=\"background-color:transparent;border-color:transparent;height:auto;width: 50px;line-height:normal;font-size:50px;\" aria-hidden=\"true\" class=\"fontawesome-icon icon-bayernfunkhouse circle-no\"><\/i><\/span><\/div><\/a><\/div><div class=\"fusion-clearfix\"><\/div><div class=\"content-container\">\n<p style=\"text-align: center\">Landkreise &amp; Kommunen<\/p>\n<\/div><\/div><\/div><div style=\"--awb-backgroundcolor:var(--awb-custom_color_2);\" class=\"fusion-column content-box-column content-box-column content-box-column-2 col-lg-4 col-md-4 col-sm-4 fusion-content-box-hover \"><div class=\"col content-box-wrapper content-wrapper-background link-area-box link-type-text content-icon-wrapper-yes icon-hover-animation-fade\" data-link=\"https:\/\/www.bayernfunk.digital\/index.php\/ehrenamt-reporter\/\" data-link-target=\"_self\" data-animationOffset=\"top-into-view\"><div class=\"heading heading-with-icon icon-left\"><a class=\"heading-link\" href=\"https:\/\/www.bayernfunk.digital\/index.php\/ehrenamt-reporter\/\" target=\"_self\"><div class=\"icon\"><span ><i style=\"background-color:transparent;border-color:transparent;height:auto;width: 50px;line-height:normal;font-size:50px;\" aria-hidden=\"true\" class=\"fontawesome-icon icon-bayernfunkfeather circle-no\"><\/i><\/span><\/div><\/a><\/div><div class=\"fusion-clearfix\"><\/div><div class=\"content-container\">\n<p>Ehrenamt, Reporterinnen &amp; Reporter<\/p>\n<\/div><\/div><\/div><div style=\"--awb-backgroundcolor:var(--awb-custom_color_2);\" class=\"fusion-column content-box-column content-box-column content-box-column-3 col-lg-4 col-md-4 col-sm-4 fusion-content-box-hover content-box-column-last content-box-column-last-in-row\"><div class=\"col content-box-wrapper content-wrapper-background link-area-box link-type-text content-icon-wrapper-yes icon-hover-animation-fade\" data-link=\"https:\/\/www.bayernfunk.digital\/index.php\/buerger\/\" data-link-target=\"_self\" data-animationOffset=\"top-into-view\"><div class=\"heading heading-with-icon icon-left\"><a class=\"heading-link\" href=\"https:\/\/www.bayernfunk.digital\/index.php\/buerger\/\" target=\"_self\"><div class=\"icon\"><span ><i style=\"background-color:transparent;border-color:transparent;height:auto;width: 50px;line-height:normal;font-size:50px;\" aria-hidden=\"true\" class=\"fontawesome-icon icon-bayernfunkpeople circle-no\"><\/i><\/span><\/div><\/a><\/div><div class=\"fusion-clearfix\"><\/div><div class=\"content-container\">B\u00fcrgerinnen &amp; B\u00fcrger<\/div><\/div><\/div><div class=\"fusion-clearfix\"><\/div><\/div><\/div><\/div><\/div><\/div>\n<div class=\"fusion-fullwidth fullwidth-box fusion-builder-row-10 fusion-flex-container has-pattern-background has-mask-background nonhundred-percent-fullwidth non-hundred-percent-height-scrolling fusion-no-small-visibility\" style=\"--awb-border-radius-top-left:0px;--awb-border-radius-top-right:0px;--awb-border-radius-bottom-right:0px;--awb-border-radius-bottom-left:0px;--awb-padding-top:40px;--awb-padding-bottom:60px;--awb-margin-bottom:1px;--awb-flex-wrap:wrap;\" ><div class=\"fusion-builder-row fusion-row fusion-flex-align-items-flex-start fusion-flex-content-wrap\" style=\"max-width:1248px;margin-left: calc(-4% \/ 2 );margin-right: calc(-4% \/ 2 );\"><div class=\"fusion-layout-column fusion_builder_column fusion-builder-column-25 fusion_builder_column_1_1 1_1 fusion-flex-column\" style=\"--awb-bg-size:cover;--awb-width-large:100%;--awb-margin-top-large:0px;--awb-spacing-right-large:1.92%;--awb-margin-bottom-large:0px;--awb-spacing-left-large:1.92%;--awb-width-medium:100%;--awb-order-medium:0;--awb-spacing-right-medium:1.92%;--awb-spacing-left-medium:1.92%;--awb-width-small:100%;--awb-order-small:0;--awb-spacing-right-small:1.92%;--awb-spacing-left-small:1.92%;\"><div class=\"fusion-column-wrapper fusion-column-has-shadow fusion-flex-justify-content-flex-start fusion-content-layout-column\"><div class=\"fusion-title title fusion-title-10 fusion-sep-none fusion-title-center fusion-title-text fusion-title-size-two\"><h2 class=\"fusion-title-heading title-heading-center fusion-responsive-typography-calculated\" style=\"margin:0;--fontSize:40;line-height:1.2;\">Das erwartet dich beim BayernFunk:<\/h2><\/div><\/div><\/div><div class=\"fusion-layout-column fusion_builder_column fusion-builder-column-26 fusion_builder_column_1_1 1_1 fusion-flex-column\" style=\"--awb-bg-size:cover;--awb-width-large:100%;--awb-margin-top-large:50px;--awb-spacing-right-large:1.92%;--awb-margin-bottom-large:0px;--awb-spacing-left-large:1.92%;--awb-width-medium:100%;--awb-order-medium:0;--awb-spacing-right-medium:1.92%;--awb-spacing-left-medium:1.92%;--awb-width-small:100%;--awb-order-small:0;--awb-spacing-right-small:1.92%;--awb-spacing-left-small:1.92%;\" data-scroll-devices=\"small-visibility,medium-visibility,large-visibility\"><div class=\"fusion-column-wrapper fusion-column-has-shadow fusion-flex-justify-content-flex-start fusion-content-layout-column\">\n<div class=\"fusion-slider-revolution rev_slider_wrapper\">\t\t\t<!-- START BayernFunk Funktionen Gro\u00df REVOLUTION SLIDER 6.5.7 --><p class=\"rs-p-wp-fix\"><\/p>\n\t\t\t<rs-module-wrap id=\"rev_slider_14_1_wrapper\" data-source=\"gallery\" style=\"visibility:hidden;background:#ffffff;padding:0;margin:0px auto;margin-top:0;margin-bottom:0;\">\n\t\t\t\t<rs-module id=\"rev_slider_14_1\" style=\"\" data-version=\"6.5.7\">\n\t\t\t\t\t<rs-slides>\n\t\t\t\t\t\t<rs-slide style=\"position: absolute;\" data-key=\"rs-83\" data-title=\"Ratsch\" data-thumb=\"\/\/www.bayernfunk.digital\/wp-content\/uploads\/sites\/15\/2024\/04\/Screen_Ratsch-400x839.png\" data-in=\"o:0;\" data-out=\"a:false;\">\n\t\t\t\t\t\t\t<img decoding=\"async\" src=\"\/\/www.bayernfunk.digital\/wp-content\/plugins\/revslider\/public\/assets\/assets\/dummy.png\" alt=\"Ratsch\" title=\"Screen_Ratsch\" width=\"400\" height=\"839\" class=\"rev-slidebg tp-rs-img rs-lazyload\" data-lazyload=\"\/\/www.bayernfunk.digital\/wp-content\/plugins\/revslider\/public\/assets\/assets\/transparent.png\" data-bg=\"p:center top;f:auto;\" data-no-retina>\n<!--\n\t\t\t\t\t\t\t--><rs-layer\n\t\t\t\t\t\t\t\tid=\"slider-14-slide-83-layer-0\" \n\t\t\t\t\t\t\t\tclass=\"rs-on-car\"\n\t\t\t\t\t\t\t\tdata-type=\"image\"\n\t\t\t\t\t\t\t\tdata-rsp_ch=\"on\"\n\t\t\t\t\t\t\t\tdata-xy=\"x:c;y:c;yo:-86px;\"\n\t\t\t\t\t\t\t\tdata-text=\"w:normal;\"\n\t\t\t\t\t\t\t\tdata-dim=\"w:350px;h:724px;\"\n\t\t\t\t\t\t\t\tdata-frame_999=\"o:0;st:w;\"\n\t\t\t\t\t\t\t\tstyle=\"z-index:7;\"\n\t\t\t\t\t\t\t><img decoding=\"async\" src=\"\/\/www.bayernfunk.digital\/wp-content\/plugins\/revslider\/public\/assets\/assets\/dummy.png\" class=\"tp-rs-img rs-lazyload\" width=\"580\" height=\"1200\" data-lazyload=\"\/\/sheng.iese.de\/wp-content\/uploads\/sites\/15\/2024\/04\/Ratsch-1.png\" data-no-retina> \n\t\t\t\t\t\t\t<\/rs-layer><!--\n\n\t\t\t\t\t\t\t--><rs-layer\n\t\t\t\t\t\t\t\tid=\"slider-14-slide-83-layer-2\" \n\t\t\t\t\t\t\t\tdata-type=\"text\"\n\t\t\t\t\t\t\t\tdata-color=\"#2970be\"\n\t\t\t\t\t\t\t\tdata-rsp_ch=\"on\"\n\t\t\t\t\t\t\t\tdata-xy=\"x:c;y:731px;\"\n\t\t\t\t\t\t\t\tdata-text=\"w:normal;s:30;fw:700;a:center;\"\n\t\t\t\t\t\t\t\tdata-frame_999=\"o:0;st:w;\"\n\t\t\t\t\t\t\t\tstyle=\"z-index:6;font-family:'Lexend';\"\n\t\t\t\t\t\t\t>Ratsch \n\t\t\t\t\t\t\t<\/rs-layer><!--\n\n\t\t\t\t\t\t\t--><rs-layer\n\t\t\t\t\t\t\t\tid=\"slider-14-slide-83-layer-3\" \n\t\t\t\t\t\t\t\tdata-type=\"text\"\n\t\t\t\t\t\t\t\tdata-color=\"#555555\"\n\t\t\t\t\t\t\t\tdata-rsp_ch=\"on\"\n\t\t\t\t\t\t\t\tdata-xy=\"x:c;y:769px;\"\n\t\t\t\t\t\t\t\tdata-text=\"w:normal;s:20;a:center;\"\n\t\t\t\t\t\t\t\tdata-dim=\"w:790px;\"\n\t\t\t\t\t\t\t\tdata-frame_999=\"o:0;st:w;\"\n\t\t\t\t\t\t\t\tstyle=\"z-index:6;font-family:'Lexend';\"\n\t\t\t\t\t\t\t>B\u00fcrgerinnen & B\u00fcrger k\u00f6nnen untereinander gem\u00fctlich digital austauschen und Kontakte kn\u00fcpfen. Eine digitale Vernetzungsm\u00f6glichkeit mit bekannten Gesichtern der Gemeinde f\u00f6rdert die Beteiligung der Kommunikation innerhalb der Gemeinde sowie einen offenen und respektvollen Umgang untereinander.<br \/>\n \n\t\t\t\t\t\t\t<\/rs-layer><!--\n-->\t\t\t\t\t\t<\/rs-slide>\n\t\t\t\t\t\t<rs-slide style=\"position: absolute;\" data-key=\"rs-95\" data-title=\"News\" data-thumb=\"\/\/www.bayernfunk.digital\/wp-content\/uploads\/sites\/15\/2024\/04\/Screen_Ratsch-400x839.png\" data-in=\"o:0;\" data-out=\"a:false;\">\n\t\t\t\t\t\t\t<img decoding=\"async\" src=\"\/\/www.bayernfunk.digital\/wp-content\/plugins\/revslider\/public\/assets\/assets\/dummy.png\" alt=\"News\" title=\"Screen_Ratsch\" width=\"400\" height=\"839\" class=\"rev-slidebg tp-rs-img rs-lazyload\" data-lazyload=\"\/\/www.bayernfunk.digital\/wp-content\/plugins\/revslider\/public\/assets\/assets\/transparent.png\" data-bg=\"p:center top;f:auto;\" data-no-retina>\n<!--\n\t\t\t\t\t\t\t--><rs-layer\n\t\t\t\t\t\t\t\tid=\"slider-14-slide-95-layer-0\" \n\t\t\t\t\t\t\t\tclass=\"rs-on-car\"\n\t\t\t\t\t\t\t\tdata-type=\"image\"\n\t\t\t\t\t\t\t\tdata-rsp_ch=\"on\"\n\t\t\t\t\t\t\t\tdata-xy=\"x:c;y:c;yo:-86px;\"\n\t\t\t\t\t\t\t\tdata-text=\"w:normal;\"\n\t\t\t\t\t\t\t\tdata-dim=\"w:350px;h:724px;\"\n\t\t\t\t\t\t\t\tdata-frame_999=\"o:0;st:w;\"\n\t\t\t\t\t\t\t\tstyle=\"z-index:7;\"\n\t\t\t\t\t\t\t><img decoding=\"async\" src=\"\/\/www.bayernfunk.digital\/wp-content\/plugins\/revslider\/public\/assets\/assets\/dummy.png\" class=\"tp-rs-img rs-lazyload\" width=\"580\" height=\"1200\" data-lazyload=\"\/\/sheng.iese.de\/wp-content\/uploads\/sites\/15\/2024\/04\/News-2.png\" data-no-retina> \n\t\t\t\t\t\t\t<\/rs-layer><!--\n\n\t\t\t\t\t\t\t--><rs-layer\n\t\t\t\t\t\t\t\tid=\"slider-14-slide-95-layer-2\" \n\t\t\t\t\t\t\t\tdata-type=\"text\"\n\t\t\t\t\t\t\t\tdata-color=\"#2970be\"\n\t\t\t\t\t\t\t\tdata-rsp_ch=\"on\"\n\t\t\t\t\t\t\t\tdata-xy=\"x:c;y:731px;\"\n\t\t\t\t\t\t\t\tdata-text=\"w:normal;s:30;fw:700;a:center;\"\n\t\t\t\t\t\t\t\tdata-frame_999=\"o:0;st:w;\"\n\t\t\t\t\t\t\t\tstyle=\"z-index:6;font-family:'Lexend';\"\n\t\t\t\t\t\t\t>News \n\t\t\t\t\t\t\t<\/rs-layer><!--\n\n\t\t\t\t\t\t\t--><rs-layer\n\t\t\t\t\t\t\t\tid=\"slider-14-slide-95-layer-3\" \n\t\t\t\t\t\t\t\tdata-type=\"text\"\n\t\t\t\t\t\t\t\tdata-color=\"#555555\"\n\t\t\t\t\t\t\t\tdata-rsp_ch=\"on\"\n\t\t\t\t\t\t\t\tdata-xy=\"x:c;y:769px;\"\n\t\t\t\t\t\t\t\tdata-text=\"w:normal;s:20;a:center;\"\n\t\t\t\t\t\t\t\tdata-dim=\"w:790px;\"\n\t\t\t\t\t\t\t\tdata-frame_999=\"o:0;st:w;\"\n\t\t\t\t\t\t\t\tstyle=\"z-index:6;font-family:'Lexend';\"\n\t\t\t\t\t\t\t>Der Landkreis, die Kommune, Vereine sowie das Bayerische Staatsministerium des Innern f\u00fcr Sport und Integration stellen B\u00fcrgerinnen und B\u00fcrgern offizielle Nachrichten aus der Region schnell, \u00fcbersichtlich und zuverl\u00e4ssig zur Verf\u00fcgung \n\t\t\t\t\t\t\t<\/rs-layer><!--\n-->\t\t\t\t\t\t<\/rs-slide>\n\t\t\t\t\t\t<rs-slide style=\"position: absolute;\" data-key=\"rs-96\" data-title=\"Blaulicht\" data-thumb=\"\/\/www.bayernfunk.digital\/wp-content\/uploads\/sites\/15\/2024\/04\/Screen_Ratsch-400x839.png\" data-in=\"o:0;\" data-out=\"a:false;\">\n\t\t\t\t\t\t\t<img decoding=\"async\" src=\"\/\/www.bayernfunk.digital\/wp-content\/plugins\/revslider\/public\/assets\/assets\/dummy.png\" alt=\"Blaulicht\" title=\"Screen_Ratsch\" width=\"400\" height=\"839\" class=\"rev-slidebg tp-rs-img rs-lazyload\" data-lazyload=\"\/\/www.bayernfunk.digital\/wp-content\/plugins\/revslider\/public\/assets\/assets\/transparent.png\" data-bg=\"p:center top;f:auto;\" data-no-retina>\n<!--\n\t\t\t\t\t\t\t--><rs-layer\n\t\t\t\t\t\t\t\tid=\"slider-14-slide-96-layer-0\" \n\t\t\t\t\t\t\t\tclass=\"rs-on-car\"\n\t\t\t\t\t\t\t\tdata-type=\"image\"\n\t\t\t\t\t\t\t\tdata-rsp_ch=\"on\"\n\t\t\t\t\t\t\t\tdata-xy=\"x:c;y:c;yo:-86px;\"\n\t\t\t\t\t\t\t\tdata-text=\"w:normal;\"\n\t\t\t\t\t\t\t\tdata-dim=\"w:350px;h:724px;\"\n\t\t\t\t\t\t\t\tdata-frame_999=\"o:0;st:w;\"\n\t\t\t\t\t\t\t\tstyle=\"z-index:7;\"\n\t\t\t\t\t\t\t><img decoding=\"async\" src=\"\/\/www.bayernfunk.digital\/wp-content\/plugins\/revslider\/public\/assets\/assets\/dummy.png\" class=\"tp-rs-img rs-lazyload\" width=\"580\" height=\"1200\" data-lazyload=\"\/\/sheng.iese.de\/wp-content\/uploads\/sites\/15\/2024\/04\/Blaulicht-1.png\" data-no-retina> \n\t\t\t\t\t\t\t<\/rs-layer><!--\n\n\t\t\t\t\t\t\t--><rs-layer\n\t\t\t\t\t\t\t\tid=\"slider-14-slide-96-layer-2\" \n\t\t\t\t\t\t\t\tdata-type=\"text\"\n\t\t\t\t\t\t\t\tdata-color=\"#2970be\"\n\t\t\t\t\t\t\t\tdata-rsp_ch=\"on\"\n\t\t\t\t\t\t\t\tdata-xy=\"x:c;y:731px;\"\n\t\t\t\t\t\t\t\tdata-text=\"w:normal;s:30;fw:700;a:center;\"\n\t\t\t\t\t\t\t\tdata-frame_999=\"o:0;st:w;\"\n\t\t\t\t\t\t\t\tstyle=\"z-index:6;font-family:'Lexend';\"\n\t\t\t\t\t\t\t>Blaulicht \n\t\t\t\t\t\t\t<\/rs-layer><!--\n\n\t\t\t\t\t\t\t--><rs-layer\n\t\t\t\t\t\t\t\tid=\"slider-14-slide-96-layer-3\" \n\t\t\t\t\t\t\t\tdata-type=\"text\"\n\t\t\t\t\t\t\t\tdata-color=\"#555555\"\n\t\t\t\t\t\t\t\tdata-rsp_ch=\"on\"\n\t\t\t\t\t\t\t\tdata-xy=\"x:c;xo:-6px;y:769px;\"\n\t\t\t\t\t\t\t\tdata-text=\"w:normal;s:20;a:center;\"\n\t\t\t\t\t\t\t\tdata-dim=\"w:790px;\"\n\t\t\t\t\t\t\t\tdata-frame_999=\"o:0;st:w;\"\n\t\t\t\t\t\t\t\tstyle=\"z-index:6;font-family:'Lexend';\"\n\t\t\t\t\t\t\t>Aktuelle Meldungen und Nachrichten werden von den lokalen und bayernweiten Institutionen wie der Polizei und dem Bayerischen Roten Kreuz in Echtzeit und per Push-Benachrichtigung f\u00fcr alle B\u00fcrgerinnen und B\u00fcrger auf dem Handy zur Verf\u00fcgung gestellt. So verpasst ihr k\u00fcnftig keine Nachrichten \u00fcber Gro\u00dfeins\u00e4tze, Fahndungs- und Zeugenaufrufe sowie Warnungen aus der Region. \n\t\t\t\t\t\t\t<\/rs-layer><!--\n-->\t\t\t\t\t\t<\/rs-slide>\n\t\t\t\t\t\t<rs-slide style=\"position: absolute;\" data-key=\"rs-97\" data-title=\"Events\" data-thumb=\"\/\/www.bayernfunk.digital\/wp-content\/uploads\/sites\/15\/2024\/04\/Screen_Ratsch-400x839.png\" data-in=\"o:0;\" data-out=\"a:false;\">\n\t\t\t\t\t\t\t<img decoding=\"async\" src=\"\/\/www.bayernfunk.digital\/wp-content\/plugins\/revslider\/public\/assets\/assets\/dummy.png\" alt=\"Events\" title=\"Screen_Ratsch\" width=\"400\" height=\"839\" class=\"rev-slidebg tp-rs-img rs-lazyload\" data-lazyload=\"\/\/www.bayernfunk.digital\/wp-content\/plugins\/revslider\/public\/assets\/assets\/transparent.png\" data-bg=\"p:center top;f:auto;\" data-no-retina>\n<!--\n\t\t\t\t\t\t\t--><rs-layer\n\t\t\t\t\t\t\t\tid=\"slider-14-slide-97-layer-0\" \n\t\t\t\t\t\t\t\tclass=\"rs-on-car\"\n\t\t\t\t\t\t\t\tdata-type=\"image\"\n\t\t\t\t\t\t\t\tdata-rsp_ch=\"on\"\n\t\t\t\t\t\t\t\tdata-xy=\"x:c;y:c;yo:-86px;\"\n\t\t\t\t\t\t\t\tdata-text=\"w:normal;\"\n\t\t\t\t\t\t\t\tdata-dim=\"w:350px;h:724px;\"\n\t\t\t\t\t\t\t\tdata-frame_999=\"o:0;st:w;\"\n\t\t\t\t\t\t\t\tstyle=\"z-index:7;\"\n\t\t\t\t\t\t\t><img decoding=\"async\" src=\"\/\/www.bayernfunk.digital\/wp-content\/plugins\/revslider\/public\/assets\/assets\/dummy.png\" class=\"tp-rs-img rs-lazyload\" width=\"580\" height=\"1200\" data-lazyload=\"\/\/sheng.iese.de\/wp-content\/uploads\/sites\/15\/2024\/04\/Events-2.png\" data-no-retina> \n\t\t\t\t\t\t\t<\/rs-layer><!--\n\n\t\t\t\t\t\t\t--><rs-layer\n\t\t\t\t\t\t\t\tid=\"slider-14-slide-97-layer-2\" \n\t\t\t\t\t\t\t\tdata-type=\"text\"\n\t\t\t\t\t\t\t\tdata-color=\"#2970be\"\n\t\t\t\t\t\t\t\tdata-rsp_ch=\"on\"\n\t\t\t\t\t\t\t\tdata-xy=\"x:c;y:731px;\"\n\t\t\t\t\t\t\t\tdata-text=\"w:normal;s:30;fw:700;a:center;\"\n\t\t\t\t\t\t\t\tdata-frame_999=\"o:0;st:w;\"\n\t\t\t\t\t\t\t\tstyle=\"z-index:6;font-family:'Lexend';\"\n\t\t\t\t\t\t\t>Events \n\t\t\t\t\t\t\t<\/rs-layer><!--\n\n\t\t\t\t\t\t\t--><rs-layer\n\t\t\t\t\t\t\t\tid=\"slider-14-slide-97-layer-3\" \n\t\t\t\t\t\t\t\tdata-type=\"text\"\n\t\t\t\t\t\t\t\tdata-color=\"#555555\"\n\t\t\t\t\t\t\t\tdata-rsp_ch=\"on\"\n\t\t\t\t\t\t\t\tdata-xy=\"x:c;y:769px;\"\n\t\t\t\t\t\t\t\tdata-text=\"w:normal;s:20;a:center;\"\n\t\t\t\t\t\t\t\tdata-dim=\"w:790px;\"\n\t\t\t\t\t\t\t\tdata-frame_999=\"o:0;st:w;\"\n\t\t\t\t\t\t\t\tstyle=\"z-index:6;font-family:'Lexend';\"\n\t\t\t\t\t\t\t>Hier gibt es alle Veranstaltungen der Region auf einen Blick. Zus\u00e4tzlich dazu k\u00f6nnen aktuelle Informationen und auch Absagen sofort mit B\u00fcrgerinnen und B\u00fcrgern geteilt werden. \n\t\t\t\t\t\t\t<\/rs-layer><!--\n-->\t\t\t\t\t\t<\/rs-slide>\n\t\t\t\t\t\t<rs-slide style=\"position: absolute;\" data-key=\"rs-98\" data-title=\"Suche &amp; Biete\" data-thumb=\"\/\/www.bayernfunk.digital\/wp-content\/uploads\/sites\/15\/2024\/04\/Screen_Ratsch-400x839.png\" data-in=\"o:0;\" data-out=\"a:false;\">\n\t\t\t\t\t\t\t<img decoding=\"async\" src=\"\/\/www.bayernfunk.digital\/wp-content\/plugins\/revslider\/public\/assets\/assets\/dummy.png\" alt=\"Suche &amp; Biete\" title=\"Screen_Ratsch\" width=\"400\" height=\"839\" class=\"rev-slidebg tp-rs-img rs-lazyload\" data-lazyload=\"\/\/www.bayernfunk.digital\/wp-content\/plugins\/revslider\/public\/assets\/assets\/transparent.png\" data-bg=\"p:center top;f:auto;\" data-no-retina>\n<!--\n\t\t\t\t\t\t\t--><rs-layer\n\t\t\t\t\t\t\t\tid=\"slider-14-slide-98-layer-0\" \n\t\t\t\t\t\t\t\tclass=\"rs-on-car\"\n\t\t\t\t\t\t\t\tdata-type=\"image\"\n\t\t\t\t\t\t\t\tdata-rsp_ch=\"on\"\n\t\t\t\t\t\t\t\tdata-xy=\"x:c;y:c;yo:-86px;\"\n\t\t\t\t\t\t\t\tdata-text=\"w:normal;\"\n\t\t\t\t\t\t\t\tdata-dim=\"w:350px;h:724px;\"\n\t\t\t\t\t\t\t\tdata-frame_999=\"o:0;st:w;\"\n\t\t\t\t\t\t\t\tstyle=\"z-index:7;\"\n\t\t\t\t\t\t\t><img decoding=\"async\" src=\"\/\/www.bayernfunk.digital\/wp-content\/plugins\/revslider\/public\/assets\/assets\/dummy.png\" class=\"tp-rs-img rs-lazyload\" width=\"580\" height=\"1200\" data-lazyload=\"\/\/sheng.iese.de\/wp-content\/uploads\/sites\/15\/2024\/04\/1-Suche.png\" data-no-retina> \n\t\t\t\t\t\t\t<\/rs-layer><!--\n\n\t\t\t\t\t\t\t--><rs-layer\n\t\t\t\t\t\t\t\tid=\"slider-14-slide-98-layer-2\" \n\t\t\t\t\t\t\t\tdata-type=\"text\"\n\t\t\t\t\t\t\t\tdata-color=\"#2970be\"\n\t\t\t\t\t\t\t\tdata-rsp_ch=\"on\"\n\t\t\t\t\t\t\t\tdata-xy=\"x:c;y:731px;\"\n\t\t\t\t\t\t\t\tdata-text=\"w:normal;s:30;fw:700;a:center;\"\n\t\t\t\t\t\t\t\tdata-frame_999=\"o:0;st:w;\"\n\t\t\t\t\t\t\t\tstyle=\"z-index:6;font-family:'Lexend';\"\n\t\t\t\t\t\t\t>Suche und Biete \n\t\t\t\t\t\t\t<\/rs-layer><!--\n\n\t\t\t\t\t\t\t--><rs-layer\n\t\t\t\t\t\t\t\tid=\"slider-14-slide-98-layer-3\" \n\t\t\t\t\t\t\t\tdata-type=\"text\"\n\t\t\t\t\t\t\t\tdata-color=\"#555555\"\n\t\t\t\t\t\t\t\tdata-rsp_ch=\"on\"\n\t\t\t\t\t\t\t\tdata-xy=\"x:c;y:769px;\"\n\t\t\t\t\t\t\t\tdata-text=\"w:normal;s:20;a:center;\"\n\t\t\t\t\t\t\t\tdata-dim=\"w:790px;\"\n\t\t\t\t\t\t\t\tdata-frame_999=\"o:0;st:w;\"\n\t\t\t\t\t\t\t\tstyle=\"z-index:6;font-family:'Lexend';\"\n\t\t\t\t\t\t\t>M\u00f6bel, Werkzeuge, Kindersachen aber auch Dienstleistungen wie Mitfahrgelegenheiten, Betreuung von Haustieren oder den Einkauf f\u00fcr den Nachbarn \u00fcbernehmen - Diese Funktion erm\u00f6glicht Produkte und Dienstleistungen anzubieten w\u00e4hrend gleichzeitig eigene Angebote mit der Gemeinde geteilt werden k\u00f6nnen. Dies f\u00f6rdert den Austausch und Interaktion untereinander. \n\t\t\t\t\t\t\t<\/rs-layer><!--\n-->\t\t\t\t\t\t<\/rs-slide>\n\t\t\t\t\t\t<rs-slide style=\"position: absolute;\" data-key=\"rs-99\" data-title=\"Gruppen\" data-thumb=\"\/\/www.bayernfunk.digital\/wp-content\/uploads\/sites\/15\/2024\/04\/Screen_Ratsch-400x839.png\" data-in=\"o:0;\" data-out=\"a:false;\">\n\t\t\t\t\t\t\t<img decoding=\"async\" src=\"\/\/www.bayernfunk.digital\/wp-content\/plugins\/revslider\/public\/assets\/assets\/dummy.png\" alt=\"Gruppen\" title=\"Screen_Ratsch\" width=\"400\" height=\"839\" class=\"rev-slidebg tp-rs-img rs-lazyload\" data-lazyload=\"\/\/www.bayernfunk.digital\/wp-content\/plugins\/revslider\/public\/assets\/assets\/transparent.png\" data-bg=\"p:center top;f:auto;\" data-no-retina>\n<!--\n\t\t\t\t\t\t\t--><rs-layer\n\t\t\t\t\t\t\t\tid=\"slider-14-slide-99-layer-0\" \n\t\t\t\t\t\t\t\tclass=\"rs-on-car\"\n\t\t\t\t\t\t\t\tdata-type=\"image\"\n\t\t\t\t\t\t\t\tdata-rsp_ch=\"on\"\n\t\t\t\t\t\t\t\tdata-xy=\"x:c;y:c;yo:-86px;\"\n\t\t\t\t\t\t\t\tdata-text=\"w:normal;\"\n\t\t\t\t\t\t\t\tdata-dim=\"w:350px;h:724px;\"\n\t\t\t\t\t\t\t\tdata-frame_999=\"o:0;st:w;\"\n\t\t\t\t\t\t\t\tstyle=\"z-index:7;\"\n\t\t\t\t\t\t\t><img decoding=\"async\" src=\"\/\/www.bayernfunk.digital\/wp-content\/plugins\/revslider\/public\/assets\/assets\/dummy.png\" class=\"tp-rs-img rs-lazyload\" width=\"580\" height=\"1200\" data-lazyload=\"\/\/sheng.iese.de\/wp-content\/uploads\/sites\/15\/2024\/04\/Gruppen-1.png\" data-no-retina> \n\t\t\t\t\t\t\t<\/rs-layer><!--\n\n\t\t\t\t\t\t\t--><rs-layer\n\t\t\t\t\t\t\t\tid=\"slider-14-slide-99-layer-2\" \n\t\t\t\t\t\t\t\tdata-type=\"text\"\n\t\t\t\t\t\t\t\tdata-color=\"#2970be\"\n\t\t\t\t\t\t\t\tdata-rsp_ch=\"on\"\n\t\t\t\t\t\t\t\tdata-xy=\"x:c;y:731px;\"\n\t\t\t\t\t\t\t\tdata-text=\"w:normal;s:30;fw:700;a:center;\"\n\t\t\t\t\t\t\t\tdata-frame_999=\"o:0;st:w;\"\n\t\t\t\t\t\t\t\tstyle=\"z-index:6;font-family:'Lexend';\"\n\t\t\t\t\t\t\t>Gruppen \n\t\t\t\t\t\t\t<\/rs-layer><!--\n\n\t\t\t\t\t\t\t--><rs-layer\n\t\t\t\t\t\t\t\tid=\"slider-14-slide-99-layer-3\" \n\t\t\t\t\t\t\t\tdata-type=\"text\"\n\t\t\t\t\t\t\t\tdata-color=\"#555555\"\n\t\t\t\t\t\t\t\tdata-rsp_ch=\"on\"\n\t\t\t\t\t\t\t\tdata-xy=\"x:c;y:769px;\"\n\t\t\t\t\t\t\t\tdata-text=\"w:normal;s:20;a:center;\"\n\t\t\t\t\t\t\t\tdata-dim=\"w:790px;\"\n\t\t\t\t\t\t\t\tdata-frame_999=\"o:0;st:w;\"\n\t\t\t\t\t\t\t\tstyle=\"z-index:6;font-family:'Lexend';\"\n\t\t\t\t\t\t\t>Austausch f\u00fcr Vereine und Gruppen. Der BayernFunk bietet allen Nutzer:innen die M\u00f6glichkeit sich in offenen oder geschlossenen Gruppen zu organisieren. \n\t\t\t\t\t\t\t<\/rs-layer><!--\n-->\t\t\t\t\t\t<\/rs-slide>\n\t\t\t\t\t\t<rs-slide style=\"position: absolute;\" data-key=\"rs-100\" data-title=\"Ehrenamt\" data-thumb=\"\/\/www.bayernfunk.digital\/wp-content\/uploads\/sites\/15\/2024\/04\/Screen_Ratsch-400x839.png\" data-in=\"o:0;\" data-out=\"a:false;\">\n\t\t\t\t\t\t\t<img decoding=\"async\" src=\"\/\/www.bayernfunk.digital\/wp-content\/plugins\/revslider\/public\/assets\/assets\/dummy.png\" alt=\"Ehrenamt\" title=\"Screen_Ratsch\" width=\"400\" height=\"839\" class=\"rev-slidebg tp-rs-img rs-lazyload\" data-lazyload=\"\/\/www.bayernfunk.digital\/wp-content\/plugins\/revslider\/public\/assets\/assets\/transparent.png\" data-bg=\"p:center top;f:auto;\" data-no-retina>\n<!--\n\t\t\t\t\t\t\t--><rs-layer\n\t\t\t\t\t\t\t\tid=\"slider-14-slide-100-layer-0\" \n\t\t\t\t\t\t\t\tclass=\"rs-on-car\"\n\t\t\t\t\t\t\t\tdata-type=\"image\"\n\t\t\t\t\t\t\t\tdata-rsp_ch=\"on\"\n\t\t\t\t\t\t\t\tdata-xy=\"x:c;y:c;yo:-86px;\"\n\t\t\t\t\t\t\t\tdata-text=\"w:normal;\"\n\t\t\t\t\t\t\t\tdata-dim=\"w:350px;h:724px;\"\n\t\t\t\t\t\t\t\tdata-frame_999=\"o:0;st:w;\"\n\t\t\t\t\t\t\t\tstyle=\"z-index:7;\"\n\t\t\t\t\t\t\t><img decoding=\"async\" src=\"\/\/www.bayernfunk.digital\/wp-content\/plugins\/revslider\/public\/assets\/assets\/dummy.png\" class=\"tp-rs-img rs-lazyload\" width=\"580\" height=\"1200\" data-lazyload=\"\/\/sheng.iese.de\/wp-content\/uploads\/sites\/15\/2024\/04\/Ehrenamt-3.png\" data-no-retina> \n\t\t\t\t\t\t\t<\/rs-layer><!--\n\n\t\t\t\t\t\t\t--><rs-layer\n\t\t\t\t\t\t\t\tid=\"slider-14-slide-100-layer-2\" \n\t\t\t\t\t\t\t\tdata-type=\"text\"\n\t\t\t\t\t\t\t\tdata-color=\"#2970be\"\n\t\t\t\t\t\t\t\tdata-rsp_ch=\"on\"\n\t\t\t\t\t\t\t\tdata-xy=\"x:c;y:731px;\"\n\t\t\t\t\t\t\t\tdata-text=\"w:normal;s:30;fw:700;a:center;\"\n\t\t\t\t\t\t\t\tdata-frame_999=\"o:0;st:w;\"\n\t\t\t\t\t\t\t\tstyle=\"z-index:6;font-family:'Lexend';\"\n\t\t\t\t\t\t\t>Ehrenamt \n\t\t\t\t\t\t\t<\/rs-layer><!--\n\n\t\t\t\t\t\t\t--><rs-layer\n\t\t\t\t\t\t\t\tid=\"slider-14-slide-100-layer-3\" \n\t\t\t\t\t\t\t\tdata-type=\"text\"\n\t\t\t\t\t\t\t\tdata-color=\"#555555\"\n\t\t\t\t\t\t\t\tdata-rsp_ch=\"on\"\n\t\t\t\t\t\t\t\tdata-xy=\"x:c;y:769px;\"\n\t\t\t\t\t\t\t\tdata-text=\"w:normal;s:20;a:center;\"\n\t\t\t\t\t\t\t\tdata-dim=\"w:790px;\"\n\t\t\t\t\t\t\t\tdata-frame_999=\"o:0;st:w;\"\n\t\t\t\t\t\t\t\tstyle=\"z-index:6;font-family:'Lexend';\"\n\t\t\t\t\t\t\t>Ehrenamtsfunktionen sowie deren Angebote k\u00f6nnen hier \u00fcbersichtlich und einfach f\u00fcr die Region ver\u00f6ffentlicht werden. So  f\u00f6rdert der BayernFunk ehrenamtliches Engagement in lokalen Institutionen. \n\t\t\t\t\t\t\t<\/rs-layer><!--\n-->\t\t\t\t\t\t<\/rs-slide>\n\t\t\t\t\t<\/rs-slides>\n\t\t\t\t\t<rs-static-layers><!--\n\t\t\t\t\t--><\/rs-static-layers>\n\t\t\t\t<\/rs-module>\n\t\t\t\t<script type=\"text\/javascript\">\n\t\t\t\t\tsetREVStartSize({c: 'rev_slider_14_1',rl:[1240,1024,778,480],el:[900],gw:[800],gh:[900],type:'carousel',justify:'',layout:'fullwidth',mh:\"0\"});if (window.RS_MODULES!==undefined && window.RS_MODULES.modules!==undefined && window.RS_MODULES.modules[\"revslider141\"]!==undefined) {window.RS_MODULES.modules[\"revslider141\"].once = false;window.revapi14 = undefined;if (window.RS_MODULES.checkMinimal!==undefined) window.RS_MODULES.checkMinimal()}\n\t\t\t\t<\/script>\n\t\t\t<\/rs-module-wrap>\n\t\t\t<!-- END REVOLUTION SLIDER -->\n<\/div><\/div><\/div><\/div><\/div><div class=\"fusion-fullwidth fullwidth-box fusion-builder-row-11 fusion-flex-container has-pattern-background has-mask-background nonhundred-percent-fullwidth non-hundred-percent-height-scrolling fusion-no-medium-visibility fusion-no-large-visibility\" style=\"--awb-border-radius-top-left:0px;--awb-border-radius-top-right:0px;--awb-border-radius-bottom-right:0px;--awb-border-radius-bottom-left:0px;--awb-padding-top:40px;--awb-padding-bottom:60px;--awb-padding-top-small:0px;--awb-margin-bottom:1px;--awb-flex-wrap:wrap;\" ><div class=\"fusion-builder-row fusion-row fusion-flex-align-items-flex-start fusion-flex-content-wrap\" style=\"max-width:1248px;margin-left: calc(-4% \/ 2 );margin-right: calc(-4% \/ 2 );\"><div class=\"fusion-layout-column fusion_builder_column fusion-builder-column-27 fusion_builder_column_1_1 1_1 fusion-flex-column\" style=\"--awb-bg-size:cover;--awb-width-large:100%;--awb-margin-top-large:0px;--awb-spacing-right-large:1.92%;--awb-margin-bottom-large:0px;--awb-spacing-left-large:1.92%;--awb-width-medium:100%;--awb-order-medium:0;--awb-spacing-right-medium:1.92%;--awb-spacing-left-medium:1.92%;--awb-width-small:100%;--awb-order-small:0;--awb-spacing-right-small:1.92%;--awb-spacing-left-small:1.92%;\"><div class=\"fusion-column-wrapper fusion-column-has-shadow fusion-flex-justify-content-flex-start fusion-content-layout-column\"><div class=\"fusion-title title fusion-title-11 fusion-sep-none fusion-title-center fusion-title-text fusion-title-size-two\"><h2 class=\"fusion-title-heading title-heading-center fusion-responsive-typography-calculated\" style=\"margin:0;--fontSize:40;line-height:1.2;\">Das erwartet dich beim BayernFunk:<\/h2><\/div><\/div><\/div><div class=\"fusion-layout-column fusion_builder_column fusion-builder-column-28 fusion_builder_column_1_1 1_1 fusion-flex-column\" style=\"--awb-bg-size:cover;--awb-width-large:100%;--awb-margin-top-large:50px;--awb-spacing-right-large:1.92%;--awb-margin-bottom-large:0px;--awb-spacing-left-large:1.92%;--awb-width-medium:100%;--awb-order-medium:0;--awb-spacing-right-medium:1.92%;--awb-spacing-left-medium:1.92%;--awb-width-small:100%;--awb-order-small:0;--awb-spacing-right-small:1.92%;--awb-spacing-left-small:1.92%;\" data-scroll-devices=\"small-visibility,medium-visibility,large-visibility\"><div class=\"fusion-column-wrapper fusion-column-has-shadow fusion-flex-justify-content-flex-start fusion-content-layout-column\">\n<div class=\"fusion-slider-revolution rev_slider_wrapper\">\t\t\t<!-- START BayernFunk Funktionen klein REVOLUTION SLIDER 6.5.7 --><p class=\"rs-p-wp-fix\"><\/p>\n\t\t\t<rs-module-wrap id=\"rev_slider_15_2_wrapper\" data-source=\"gallery\" style=\"visibility:hidden;background:#ffffff;padding:0;margin:0px auto;margin-top:0;margin-bottom:0;\">\n\t\t\t\t<rs-module id=\"rev_slider_15_2\" style=\"\" data-version=\"6.5.7\">\n\t\t\t\t\t<rs-slides>\n\t\t\t\t\t\t<rs-slide style=\"position: absolute;\" data-key=\"rs-101\" data-title=\"Ratsch\" data-thumb=\"\/\/www.bayernfunk.digital\/wp-content\/uploads\/sites\/15\/2024\/04\/Screen_Ratsch-400x839.png\" data-in=\"o:0;\" data-out=\"a:false;\">\n\t\t\t\t\t\t\t<img decoding=\"async\" src=\"\/\/www.bayernfunk.digital\/wp-content\/plugins\/revslider\/public\/assets\/assets\/dummy.png\" alt=\"Ratsch\" title=\"Screen_Ratsch\" width=\"400\" height=\"839\" class=\"rev-slidebg tp-rs-img rs-lazyload\" data-lazyload=\"\/\/www.bayernfunk.digital\/wp-content\/plugins\/revslider\/public\/assets\/assets\/transparent.png\" data-bg=\"p:center top;f:auto;\" data-no-retina>\n<!--\n\t\t\t\t\t\t\t--><rs-layer\n\t\t\t\t\t\t\t\tid=\"slider-15-slide-101-layer-0\" \n\t\t\t\t\t\t\t\tdata-type=\"image\"\n\t\t\t\t\t\t\t\tdata-rsp_ch=\"on\"\n\t\t\t\t\t\t\t\tdata-xy=\"x:c;y:c;yo:-86px;\"\n\t\t\t\t\t\t\t\tdata-text=\"w:normal;\"\n\t\t\t\t\t\t\t\tdata-dim=\"w:350px;h:724px;\"\n\t\t\t\t\t\t\t\tdata-frame_999=\"o:0;st:w;\"\n\t\t\t\t\t\t\t\tstyle=\"z-index:7;\"\n\t\t\t\t\t\t\t><img decoding=\"async\" src=\"\/\/www.bayernfunk.digital\/wp-content\/plugins\/revslider\/public\/assets\/assets\/dummy.png\" class=\"tp-rs-img rs-lazyload\" width=\"580\" height=\"1200\" data-lazyload=\"\/\/sheng.iese.de\/wp-content\/uploads\/sites\/15\/2024\/04\/Ratsch-1.png\" data-no-retina> \n\t\t\t\t\t\t\t<\/rs-layer><!--\n\n\t\t\t\t\t\t\t--><rs-layer\n\t\t\t\t\t\t\t\tid=\"slider-15-slide-101-layer-2\" \n\t\t\t\t\t\t\t\tdata-type=\"text\"\n\t\t\t\t\t\t\t\tdata-color=\"#2970be\"\n\t\t\t\t\t\t\t\tdata-rsp_ch=\"on\"\n\t\t\t\t\t\t\t\tdata-xy=\"x:c;y:731px;\"\n\t\t\t\t\t\t\t\tdata-text=\"w:normal;s:30;fw:700;a:center;\"\n\t\t\t\t\t\t\t\tdata-frame_999=\"o:0;st:w;\"\n\t\t\t\t\t\t\t\tstyle=\"z-index:6;font-family:'Lexend';\"\n\t\t\t\t\t\t\t>Ratsch \n\t\t\t\t\t\t\t<\/rs-layer><!--\n\n\t\t\t\t\t\t\t--><rs-layer\n\t\t\t\t\t\t\t\tid=\"slider-15-slide-101-layer-3\" \n\t\t\t\t\t\t\t\tdata-type=\"text\"\n\t\t\t\t\t\t\t\tdata-color=\"#555555\"\n\t\t\t\t\t\t\t\tdata-rsp_ch=\"on\"\n\t\t\t\t\t\t\t\tdata-xy=\"x:c;y:769px;\"\n\t\t\t\t\t\t\t\tdata-text=\"w:normal;s:20;a:center;\"\n\t\t\t\t\t\t\t\tdata-dim=\"w:790px;\"\n\t\t\t\t\t\t\t\tdata-frame_999=\"o:0;st:w;\"\n\t\t\t\t\t\t\t\tstyle=\"z-index:6;font-family:'Lexend';\"\n\t\t\t\t\t\t\t>B\u00fcrgerinnen & B\u00fcrger k\u00f6nnen untereinander gem\u00fctlich digital austauschen und Kontakte kn\u00fcpfen. Eine digitale Vernetzungsm\u00f6glichkeit mit bekannten Gesichtern der Gemeinde f\u00f6rdert die Beteiligung der Kommunikation innerhalb der Gemeinde sowie einen offenen und respektvollen Umgang untereinander.<br \/>\n \n\t\t\t\t\t\t\t<\/rs-layer><!--\n-->\t\t\t\t\t\t<\/rs-slide>\n\t\t\t\t\t\t<rs-slide style=\"position: absolute;\" data-key=\"rs-102\" data-title=\"News\" data-thumb=\"\/\/www.bayernfunk.digital\/wp-content\/uploads\/sites\/15\/2024\/04\/Screen_Ratsch-400x839.png\" data-in=\"o:0;\" data-out=\"a:false;\">\n\t\t\t\t\t\t\t<img decoding=\"async\" src=\"\/\/www.bayernfunk.digital\/wp-content\/plugins\/revslider\/public\/assets\/assets\/dummy.png\" alt=\"News\" title=\"Screen_Ratsch\" width=\"400\" height=\"839\" class=\"rev-slidebg tp-rs-img rs-lazyload\" data-lazyload=\"\/\/www.bayernfunk.digital\/wp-content\/plugins\/revslider\/public\/assets\/assets\/transparent.png\" data-bg=\"p:center top;f:auto;\" data-no-retina>\n<!--\n\t\t\t\t\t\t\t--><rs-layer\n\t\t\t\t\t\t\t\tid=\"slider-15-slide-102-layer-0\" \n\t\t\t\t\t\t\t\tdata-type=\"image\"\n\t\t\t\t\t\t\t\tdata-rsp_ch=\"on\"\n\t\t\t\t\t\t\t\tdata-xy=\"x:c;y:c;yo:-86px;\"\n\t\t\t\t\t\t\t\tdata-text=\"w:normal;\"\n\t\t\t\t\t\t\t\tdata-dim=\"w:350px;h:724px;\"\n\t\t\t\t\t\t\t\tdata-frame_999=\"o:0;st:w;\"\n\t\t\t\t\t\t\t\tstyle=\"z-index:7;\"\n\t\t\t\t\t\t\t><img decoding=\"async\" src=\"\/\/www.bayernfunk.digital\/wp-content\/plugins\/revslider\/public\/assets\/assets\/dummy.png\" class=\"tp-rs-img rs-lazyload\" width=\"580\" height=\"1200\" data-lazyload=\"\/\/sheng.iese.de\/wp-content\/uploads\/sites\/15\/2024\/04\/News-2.png\" data-no-retina> \n\t\t\t\t\t\t\t<\/rs-layer><!--\n\n\t\t\t\t\t\t\t--><rs-layer\n\t\t\t\t\t\t\t\tid=\"slider-15-slide-102-layer-2\" \n\t\t\t\t\t\t\t\tdata-type=\"text\"\n\t\t\t\t\t\t\t\tdata-color=\"#2970be\"\n\t\t\t\t\t\t\t\tdata-rsp_ch=\"on\"\n\t\t\t\t\t\t\t\tdata-xy=\"x:c;y:731px;\"\n\t\t\t\t\t\t\t\tdata-text=\"w:normal;s:30;fw:700;a:center;\"\n\t\t\t\t\t\t\t\tdata-frame_999=\"o:0;st:w;\"\n\t\t\t\t\t\t\t\tstyle=\"z-index:6;font-family:'Lexend';\"\n\t\t\t\t\t\t\t>News \n\t\t\t\t\t\t\t<\/rs-layer><!--\n\n\t\t\t\t\t\t\t--><rs-layer\n\t\t\t\t\t\t\t\tid=\"slider-15-slide-102-layer-3\" \n\t\t\t\t\t\t\t\tdata-type=\"text\"\n\t\t\t\t\t\t\t\tdata-color=\"#555555\"\n\t\t\t\t\t\t\t\tdata-rsp_ch=\"on\"\n\t\t\t\t\t\t\t\tdata-xy=\"x:c;y:769px;\"\n\t\t\t\t\t\t\t\tdata-text=\"w:normal;s:20;a:center;\"\n\t\t\t\t\t\t\t\tdata-dim=\"w:790px;\"\n\t\t\t\t\t\t\t\tdata-frame_999=\"o:0;st:w;\"\n\t\t\t\t\t\t\t\tstyle=\"z-index:6;font-family:'Lexend';\"\n\t\t\t\t\t\t\t>Der Landkreis, die Kommune, Vereine sowie das Bayerische Staatsministerium des Innern f\u00fcr Sport und Integration stellen B\u00fcrgerinnen und B\u00fcrgern offizielle Nachrichten aus der Region schnell, \u00fcbersichtlich und zuverl\u00e4ssig zur Verf\u00fcgung \n\t\t\t\t\t\t\t<\/rs-layer><!--\n-->\t\t\t\t\t\t<\/rs-slide>\n\t\t\t\t\t\t<rs-slide style=\"position: absolute;\" data-key=\"rs-103\" data-title=\"Blaulicht\" data-thumb=\"\/\/www.bayernfunk.digital\/wp-content\/uploads\/sites\/15\/2024\/04\/Screen_Ratsch-400x839.png\" data-in=\"o:0;\" data-out=\"a:false;\">\n\t\t\t\t\t\t\t<img decoding=\"async\" src=\"\/\/www.bayernfunk.digital\/wp-content\/plugins\/revslider\/public\/assets\/assets\/dummy.png\" alt=\"Blaulicht\" title=\"Screen_Ratsch\" width=\"400\" height=\"839\" class=\"rev-slidebg tp-rs-img rs-lazyload\" data-lazyload=\"\/\/www.bayernfunk.digital\/wp-content\/plugins\/revslider\/public\/assets\/assets\/transparent.png\" data-bg=\"p:center top;f:auto;\" data-no-retina>\n<!--\n\t\t\t\t\t\t\t--><rs-layer\n\t\t\t\t\t\t\t\tid=\"slider-15-slide-103-layer-0\" \n\t\t\t\t\t\t\t\tdata-type=\"image\"\n\t\t\t\t\t\t\t\tdata-rsp_ch=\"on\"\n\t\t\t\t\t\t\t\tdata-xy=\"x:c;y:c;yo:-86px;\"\n\t\t\t\t\t\t\t\tdata-text=\"w:normal;\"\n\t\t\t\t\t\t\t\tdata-dim=\"w:350px;h:724px;\"\n\t\t\t\t\t\t\t\tdata-frame_999=\"o:0;st:w;\"\n\t\t\t\t\t\t\t\tstyle=\"z-index:7;\"\n\t\t\t\t\t\t\t><img decoding=\"async\" src=\"\/\/www.bayernfunk.digital\/wp-content\/plugins\/revslider\/public\/assets\/assets\/dummy.png\" class=\"tp-rs-img rs-lazyload\" width=\"580\" height=\"1200\" data-lazyload=\"\/\/sheng.iese.de\/wp-content\/uploads\/sites\/15\/2024\/04\/Blaulicht-1.png\" data-no-retina> \n\t\t\t\t\t\t\t<\/rs-layer><!--\n\n\t\t\t\t\t\t\t--><rs-layer\n\t\t\t\t\t\t\t\tid=\"slider-15-slide-103-layer-2\" \n\t\t\t\t\t\t\t\tdata-type=\"text\"\n\t\t\t\t\t\t\t\tdata-color=\"#2970be\"\n\t\t\t\t\t\t\t\tdata-rsp_ch=\"on\"\n\t\t\t\t\t\t\t\tdata-xy=\"x:c;y:731px;\"\n\t\t\t\t\t\t\t\tdata-text=\"w:normal;s:30;fw:700;a:center;\"\n\t\t\t\t\t\t\t\tdata-frame_999=\"o:0;st:w;\"\n\t\t\t\t\t\t\t\tstyle=\"z-index:6;font-family:'Lexend';\"\n\t\t\t\t\t\t\t>Blaulicht \n\t\t\t\t\t\t\t<\/rs-layer><!--\n\n\t\t\t\t\t\t\t--><rs-layer\n\t\t\t\t\t\t\t\tid=\"slider-15-slide-103-layer-3\" \n\t\t\t\t\t\t\t\tdata-type=\"text\"\n\t\t\t\t\t\t\t\tdata-color=\"#555555\"\n\t\t\t\t\t\t\t\tdata-rsp_ch=\"on\"\n\t\t\t\t\t\t\t\tdata-xy=\"x:c;xo:-6px;y:769px;\"\n\t\t\t\t\t\t\t\tdata-text=\"w:normal;s:20;a:center;\"\n\t\t\t\t\t\t\t\tdata-dim=\"w:790px;\"\n\t\t\t\t\t\t\t\tdata-frame_999=\"o:0;st:w;\"\n\t\t\t\t\t\t\t\tstyle=\"z-index:6;font-family:'Lexend';\"\n\t\t\t\t\t\t\t>Aktuelle Meldungen und Nachrichten werden von den lokalen und bayernweiten Institutionen wie der Polizei und dem Bayerischen Roten Kreuz in Echtzeit und per Push-Benachrichtigung f\u00fcr alle B\u00fcrgerinnen und B\u00fcrger auf dem Handy zur Verf\u00fcgung gestellt. So verpasst ihr k\u00fcnftig keine Nachrichten \u00fcber Gro\u00dfeins\u00e4tze, Fahndungs- und Zeugenaufrufe sowie Warnungen aus der Region. \n\t\t\t\t\t\t\t<\/rs-layer><!--\n-->\t\t\t\t\t\t<\/rs-slide>\n\t\t\t\t\t\t<rs-slide style=\"position: absolute;\" data-key=\"rs-104\" data-title=\"Events\" data-thumb=\"\/\/www.bayernfunk.digital\/wp-content\/uploads\/sites\/15\/2024\/04\/Screen_Ratsch-400x839.png\" data-in=\"o:0;\" data-out=\"a:false;\">\n\t\t\t\t\t\t\t<img decoding=\"async\" src=\"\/\/www.bayernfunk.digital\/wp-content\/plugins\/revslider\/public\/assets\/assets\/dummy.png\" alt=\"Events\" title=\"Screen_Ratsch\" width=\"400\" height=\"839\" class=\"rev-slidebg tp-rs-img rs-lazyload\" data-lazyload=\"\/\/www.bayernfunk.digital\/wp-content\/plugins\/revslider\/public\/assets\/assets\/transparent.png\" data-bg=\"p:center top;f:auto;\" data-no-retina>\n<!--\n\t\t\t\t\t\t\t--><rs-layer\n\t\t\t\t\t\t\t\tid=\"slider-15-slide-104-layer-0\" \n\t\t\t\t\t\t\t\tdata-type=\"image\"\n\t\t\t\t\t\t\t\tdata-rsp_ch=\"on\"\n\t\t\t\t\t\t\t\tdata-xy=\"x:c;y:c;yo:-86px;\"\n\t\t\t\t\t\t\t\tdata-text=\"w:normal;\"\n\t\t\t\t\t\t\t\tdata-dim=\"w:350px;h:724px;\"\n\t\t\t\t\t\t\t\tdata-frame_999=\"o:0;st:w;\"\n\t\t\t\t\t\t\t\tstyle=\"z-index:7;\"\n\t\t\t\t\t\t\t><img decoding=\"async\" src=\"\/\/www.bayernfunk.digital\/wp-content\/plugins\/revslider\/public\/assets\/assets\/dummy.png\" class=\"tp-rs-img rs-lazyload\" width=\"580\" height=\"1200\" data-lazyload=\"\/\/sheng.iese.de\/wp-content\/uploads\/sites\/15\/2024\/04\/Events-2.png\" data-no-retina> \n\t\t\t\t\t\t\t<\/rs-layer><!--\n\n\t\t\t\t\t\t\t--><rs-layer\n\t\t\t\t\t\t\t\tid=\"slider-15-slide-104-layer-2\" \n\t\t\t\t\t\t\t\tdata-type=\"text\"\n\t\t\t\t\t\t\t\tdata-color=\"#2970be\"\n\t\t\t\t\t\t\t\tdata-rsp_ch=\"on\"\n\t\t\t\t\t\t\t\tdata-xy=\"x:c;y:731px;\"\n\t\t\t\t\t\t\t\tdata-text=\"w:normal;s:30;fw:700;a:center;\"\n\t\t\t\t\t\t\t\tdata-frame_999=\"o:0;st:w;\"\n\t\t\t\t\t\t\t\tstyle=\"z-index:6;font-family:'Lexend';\"\n\t\t\t\t\t\t\t>Events \n\t\t\t\t\t\t\t<\/rs-layer><!--\n\n\t\t\t\t\t\t\t--><rs-layer\n\t\t\t\t\t\t\t\tid=\"slider-15-slide-104-layer-3\" \n\t\t\t\t\t\t\t\tdata-type=\"text\"\n\t\t\t\t\t\t\t\tdata-color=\"#555555\"\n\t\t\t\t\t\t\t\tdata-rsp_ch=\"on\"\n\t\t\t\t\t\t\t\tdata-xy=\"x:c;y:769px;\"\n\t\t\t\t\t\t\t\tdata-text=\"w:normal;s:20;a:center;\"\n\t\t\t\t\t\t\t\tdata-dim=\"w:790px;\"\n\t\t\t\t\t\t\t\tdata-frame_999=\"o:0;st:w;\"\n\t\t\t\t\t\t\t\tstyle=\"z-index:6;font-family:'Lexend';\"\n\t\t\t\t\t\t\t>Hier gibt es alle Veranstaltungen der Region auf einen Blick. Zus\u00e4tzlich dazu k\u00f6nnen aktuelle Informationen und auch Absagen sofort mit B\u00fcrgerinnen und B\u00fcrgern geteilt werden. \n\t\t\t\t\t\t\t<\/rs-layer><!--\n-->\t\t\t\t\t\t<\/rs-slide>\n\t\t\t\t\t\t<rs-slide style=\"position: absolute;\" data-key=\"rs-105\" data-title=\"Suche &amp; Biete\" data-thumb=\"\/\/www.bayernfunk.digital\/wp-content\/uploads\/sites\/15\/2024\/04\/Screen_Ratsch-400x839.png\" data-in=\"o:0;\" data-out=\"a:false;\">\n\t\t\t\t\t\t\t<img decoding=\"async\" src=\"\/\/www.bayernfunk.digital\/wp-content\/plugins\/revslider\/public\/assets\/assets\/dummy.png\" alt=\"Suche &amp; Biete\" title=\"Screen_Ratsch\" width=\"400\" height=\"839\" class=\"rev-slidebg tp-rs-img rs-lazyload\" data-lazyload=\"\/\/www.bayernfunk.digital\/wp-content\/plugins\/revslider\/public\/assets\/assets\/transparent.png\" data-bg=\"p:center top;f:auto;\" data-no-retina>\n<!--\n\t\t\t\t\t\t\t--><rs-layer\n\t\t\t\t\t\t\t\tid=\"slider-15-slide-105-layer-0\" \n\t\t\t\t\t\t\t\tdata-type=\"image\"\n\t\t\t\t\t\t\t\tdata-rsp_ch=\"on\"\n\t\t\t\t\t\t\t\tdata-xy=\"x:c;y:c;yo:-86px;\"\n\t\t\t\t\t\t\t\tdata-text=\"w:normal;\"\n\t\t\t\t\t\t\t\tdata-dim=\"w:350px;h:724px;\"\n\t\t\t\t\t\t\t\tdata-frame_999=\"o:0;st:w;\"\n\t\t\t\t\t\t\t\tstyle=\"z-index:7;\"\n\t\t\t\t\t\t\t><img decoding=\"async\" src=\"\/\/www.bayernfunk.digital\/wp-content\/plugins\/revslider\/public\/assets\/assets\/dummy.png\" class=\"tp-rs-img rs-lazyload\" width=\"580\" height=\"1200\" data-lazyload=\"\/\/sheng.iese.de\/wp-content\/uploads\/sites\/15\/2024\/04\/1-Suche.png\" data-no-retina> \n\t\t\t\t\t\t\t<\/rs-layer><!--\n\n\t\t\t\t\t\t\t--><rs-layer\n\t\t\t\t\t\t\t\tid=\"slider-15-slide-105-layer-2\" \n\t\t\t\t\t\t\t\tdata-type=\"text\"\n\t\t\t\t\t\t\t\tdata-color=\"#2970be\"\n\t\t\t\t\t\t\t\tdata-rsp_ch=\"on\"\n\t\t\t\t\t\t\t\tdata-xy=\"x:c;y:731px;\"\n\t\t\t\t\t\t\t\tdata-text=\"w:normal;s:30;fw:700;a:center;\"\n\t\t\t\t\t\t\t\tdata-frame_999=\"o:0;st:w;\"\n\t\t\t\t\t\t\t\tstyle=\"z-index:6;font-family:'Lexend';\"\n\t\t\t\t\t\t\t>Suche und Biete \n\t\t\t\t\t\t\t<\/rs-layer><!--\n\n\t\t\t\t\t\t\t--><rs-layer\n\t\t\t\t\t\t\t\tid=\"slider-15-slide-105-layer-3\" \n\t\t\t\t\t\t\t\tdata-type=\"text\"\n\t\t\t\t\t\t\t\tdata-color=\"#555555\"\n\t\t\t\t\t\t\t\tdata-rsp_ch=\"on\"\n\t\t\t\t\t\t\t\tdata-xy=\"x:c;y:769px;\"\n\t\t\t\t\t\t\t\tdata-text=\"w:normal;s:20;a:center;\"\n\t\t\t\t\t\t\t\tdata-dim=\"w:790px;\"\n\t\t\t\t\t\t\t\tdata-frame_999=\"o:0;st:w;\"\n\t\t\t\t\t\t\t\tstyle=\"z-index:6;font-family:'Lexend';\"\n\t\t\t\t\t\t\t>M\u00f6bel, Werkzeuge, Kindersachen aber auch Dienstleistungen wie Mitfahrgelegenheiten, Betreuung von Haustieren oder den Einkauf f\u00fcr den Nachbarn \u00fcbernehmen - Diese Funktion erm\u00f6glicht Produkte und Dienstleistungen anzubieten w\u00e4hrend gleichzeitig eigene Angebote mit der Gemeinde geteilt werden k\u00f6nnen. Dies f\u00f6rdert den Austausch und Interaktion untereinander. \n\t\t\t\t\t\t\t<\/rs-layer><!--\n-->\t\t\t\t\t\t<\/rs-slide>\n\t\t\t\t\t\t<rs-slide style=\"position: absolute;\" data-key=\"rs-106\" data-title=\"Gruppen\" data-thumb=\"\/\/www.bayernfunk.digital\/wp-content\/uploads\/sites\/15\/2024\/04\/Screen_Ratsch-400x839.png\" data-in=\"o:0;\" data-out=\"a:false;\">\n\t\t\t\t\t\t\t<img decoding=\"async\" src=\"\/\/www.bayernfunk.digital\/wp-content\/plugins\/revslider\/public\/assets\/assets\/dummy.png\" alt=\"Gruppen\" title=\"Screen_Ratsch\" width=\"400\" height=\"839\" class=\"rev-slidebg tp-rs-img rs-lazyload\" data-lazyload=\"\/\/www.bayernfunk.digital\/wp-content\/plugins\/revslider\/public\/assets\/assets\/transparent.png\" data-bg=\"p:center top;f:auto;\" data-no-retina>\n<!--\n\t\t\t\t\t\t\t--><rs-layer\n\t\t\t\t\t\t\t\tid=\"slider-15-slide-106-layer-0\" \n\t\t\t\t\t\t\t\tdata-type=\"image\"\n\t\t\t\t\t\t\t\tdata-rsp_ch=\"on\"\n\t\t\t\t\t\t\t\tdata-xy=\"x:c;y:c;yo:-86px;\"\n\t\t\t\t\t\t\t\tdata-text=\"w:normal;\"\n\t\t\t\t\t\t\t\tdata-dim=\"w:350px;h:724px;\"\n\t\t\t\t\t\t\t\tdata-frame_999=\"o:0;st:w;\"\n\t\t\t\t\t\t\t\tstyle=\"z-index:7;\"\n\t\t\t\t\t\t\t><img decoding=\"async\" src=\"\/\/www.bayernfunk.digital\/wp-content\/plugins\/revslider\/public\/assets\/assets\/dummy.png\" class=\"tp-rs-img rs-lazyload\" width=\"580\" height=\"1200\" data-lazyload=\"\/\/sheng.iese.de\/wp-content\/uploads\/sites\/15\/2024\/04\/Gruppen-1.png\" data-no-retina> \n\t\t\t\t\t\t\t<\/rs-layer><!--\n\n\t\t\t\t\t\t\t--><rs-layer\n\t\t\t\t\t\t\t\tid=\"slider-15-slide-106-layer-2\" \n\t\t\t\t\t\t\t\tdata-type=\"text\"\n\t\t\t\t\t\t\t\tdata-color=\"#2970be\"\n\t\t\t\t\t\t\t\tdata-rsp_ch=\"on\"\n\t\t\t\t\t\t\t\tdata-xy=\"x:c;y:731px;\"\n\t\t\t\t\t\t\t\tdata-text=\"w:normal;s:30;fw:700;a:center;\"\n\t\t\t\t\t\t\t\tdata-frame_999=\"o:0;st:w;\"\n\t\t\t\t\t\t\t\tstyle=\"z-index:6;font-family:'Lexend';\"\n\t\t\t\t\t\t\t>Gruppen \n\t\t\t\t\t\t\t<\/rs-layer><!--\n\n\t\t\t\t\t\t\t--><rs-layer\n\t\t\t\t\t\t\t\tid=\"slider-15-slide-106-layer-3\" \n\t\t\t\t\t\t\t\tdata-type=\"text\"\n\t\t\t\t\t\t\t\tdata-color=\"#555555\"\n\t\t\t\t\t\t\t\tdata-rsp_ch=\"on\"\n\t\t\t\t\t\t\t\tdata-xy=\"x:c;y:769px;\"\n\t\t\t\t\t\t\t\tdata-text=\"w:normal;s:20;a:center;\"\n\t\t\t\t\t\t\t\tdata-dim=\"w:790px;\"\n\t\t\t\t\t\t\t\tdata-frame_999=\"o:0;st:w;\"\n\t\t\t\t\t\t\t\tstyle=\"z-index:6;font-family:'Lexend';\"\n\t\t\t\t\t\t\t>Austausch f\u00fcr Vereine und Gruppen. Der BayernFunk bietet allen Nutzer:innen die M\u00f6glichkeit sich in offenen oder geschlossenen Gruppen zu organisieren. \n\t\t\t\t\t\t\t<\/rs-layer><!--\n-->\t\t\t\t\t\t<\/rs-slide>\n\t\t\t\t\t\t<rs-slide style=\"position: absolute;\" data-key=\"rs-107\" data-title=\"Ehrenamt\" data-thumb=\"\/\/www.bayernfunk.digital\/wp-content\/uploads\/sites\/15\/2024\/04\/Screen_Ratsch-400x839.png\" data-in=\"o:0;\" data-out=\"a:false;\">\n\t\t\t\t\t\t\t<img decoding=\"async\" src=\"\/\/www.bayernfunk.digital\/wp-content\/plugins\/revslider\/public\/assets\/assets\/dummy.png\" alt=\"Ehrenamt\" title=\"Screen_Ratsch\" width=\"400\" height=\"839\" class=\"rev-slidebg tp-rs-img rs-lazyload\" data-lazyload=\"\/\/www.bayernfunk.digital\/wp-content\/plugins\/revslider\/public\/assets\/assets\/transparent.png\" data-bg=\"p:center top;f:auto;\" data-no-retina>\n<!--\n\t\t\t\t\t\t\t--><rs-layer\n\t\t\t\t\t\t\t\tid=\"slider-15-slide-107-layer-0\" \n\t\t\t\t\t\t\t\tdata-type=\"image\"\n\t\t\t\t\t\t\t\tdata-rsp_ch=\"on\"\n\t\t\t\t\t\t\t\tdata-xy=\"x:c;y:c;yo:-86px;\"\n\t\t\t\t\t\t\t\tdata-text=\"w:normal;\"\n\t\t\t\t\t\t\t\tdata-dim=\"w:350px;h:724px;\"\n\t\t\t\t\t\t\t\tdata-frame_999=\"o:0;st:w;\"\n\t\t\t\t\t\t\t\tstyle=\"z-index:7;\"\n\t\t\t\t\t\t\t><img decoding=\"async\" src=\"\/\/www.bayernfunk.digital\/wp-content\/plugins\/revslider\/public\/assets\/assets\/dummy.png\" class=\"tp-rs-img rs-lazyload\" width=\"580\" height=\"1200\" data-lazyload=\"\/\/sheng.iese.de\/wp-content\/uploads\/sites\/15\/2024\/04\/Ehrenamt-3.png\" data-no-retina> \n\t\t\t\t\t\t\t<\/rs-layer><!--\n\n\t\t\t\t\t\t\t--><rs-layer\n\t\t\t\t\t\t\t\tid=\"slider-15-slide-107-layer-2\" \n\t\t\t\t\t\t\t\tdata-type=\"text\"\n\t\t\t\t\t\t\t\tdata-color=\"#2970be\"\n\t\t\t\t\t\t\t\tdata-rsp_ch=\"on\"\n\t\t\t\t\t\t\t\tdata-xy=\"x:c;y:731px;\"\n\t\t\t\t\t\t\t\tdata-text=\"w:normal;s:30;fw:700;a:center;\"\n\t\t\t\t\t\t\t\tdata-frame_999=\"o:0;st:w;\"\n\t\t\t\t\t\t\t\tstyle=\"z-index:6;font-family:'Lexend';\"\n\t\t\t\t\t\t\t>Ehrenamt \n\t\t\t\t\t\t\t<\/rs-layer><!--\n\n\t\t\t\t\t\t\t--><rs-layer\n\t\t\t\t\t\t\t\tid=\"slider-15-slide-107-layer-3\" \n\t\t\t\t\t\t\t\tdata-type=\"text\"\n\t\t\t\t\t\t\t\tdata-color=\"#555555\"\n\t\t\t\t\t\t\t\tdata-rsp_ch=\"on\"\n\t\t\t\t\t\t\t\tdata-xy=\"x:c;y:769px;\"\n\t\t\t\t\t\t\t\tdata-text=\"w:normal;s:20;a:center;\"\n\t\t\t\t\t\t\t\tdata-dim=\"w:790px;\"\n\t\t\t\t\t\t\t\tdata-frame_999=\"o:0;st:w;\"\n\t\t\t\t\t\t\t\tstyle=\"z-index:6;font-family:'Lexend';\"\n\t\t\t\t\t\t\t>Ehrenamtsfunktionen sowie deren Angebote k\u00f6nnen hier \u00fcbersichtlich und einfach f\u00fcr die Region ver\u00f6ffentlicht werden. So  f\u00f6rdert der BayernFunk ehrenamtliches Engagement in lokalen Institutionen. \n\t\t\t\t\t\t\t<\/rs-layer><!--\n-->\t\t\t\t\t\t<\/rs-slide>\n\t\t\t\t\t<\/rs-slides>\n\t\t\t\t\t<rs-static-layers><!--\n\t\t\t\t\t--><\/rs-static-layers>\n\t\t\t\t<\/rs-module>\n\t\t\t\t<script type=\"text\/javascript\">\n\t\t\t\t\tsetREVStartSize({c: 'rev_slider_15_2',rl:[1240,1024,778,480],el:[900],gw:[800],gh:[900],type:'carousel',justify:'',layout:'fullwidth',mh:\"0\"});if (window.RS_MODULES!==undefined && window.RS_MODULES.modules!==undefined && window.RS_MODULES.modules[\"revslider152\"]!==undefined) {window.RS_MODULES.modules[\"revslider152\"].once = false;window.revapi15 = undefined;if (window.RS_MODULES.checkMinimal!==undefined) window.RS_MODULES.checkMinimal()}\n\t\t\t\t<\/script>\n\t\t\t<\/rs-module-wrap>\n\t\t\t<!-- END REVOLUTION SLIDER -->\n<\/div><\/div><\/div><\/div><\/div><div class=\"fusion-fullwidth fullwidth-box fusion-builder-row-12 fusion-flex-container has-pattern-background has-mask-background nonhundred-percent-fullwidth non-hundred-percent-height-scrolling fusion-no-small-visibility\" style=\"--awb-border-radius-top-left:0px;--awb-border-radius-top-right:0px;--awb-border-radius-bottom-right:0px;--awb-border-radius-bottom-left:0px;--awb-padding-top:65px;--awb-padding-bottom:45px;--awb-padding-right-medium:40px;--awb-padding-left-medium:40px;--awb-padding-right-small:40px;--awb-padding-left-small:40px;--awb-margin-top:50px;--awb-margin-bottom:50px;--awb-background-image:radial-gradient(circle at left center, #4aaba4 0%,#0798d4 100%);--awb-flex-wrap:wrap;--awb-flex-wrap-medium:wrap;\" ><div class=\"fusion-builder-row fusion-row fusion-flex-align-items-flex-start fusion-flex-content-wrap\" style=\"max-width:1248px;margin-left: calc(-4% \/ 2 );margin-right: calc(-4% \/ 2 );\"><div class=\"fusion-layout-column fusion_builder_column fusion-builder-column-29 fusion_builder_column_1_6 1_6 fusion-flex-column\" style=\"--awb-bg-size:cover;--awb-width-large:16.666666666667%;--awb-margin-top-large:0px;--awb-spacing-right-large:11.52%;--awb-margin-bottom-large:20px;--awb-spacing-left-large:11.52%;--awb-width-medium:16.666666666667%;--awb-order-medium:0;--awb-spacing-right-medium:11.52%;--awb-spacing-left-medium:0%;--awb-width-small:100%;--awb-order-small:0;--awb-spacing-right-small:0%;--awb-spacing-left-small:0%;\"><div class=\"fusion-column-wrapper fusion-column-has-shadow fusion-flex-justify-content-flex-start fusion-content-layout-column\"><div class=\"fusion-image-element \" style=\"text-align:center;--awb-caption-title-font-family:var(--h2_typography-font-family);--awb-caption-title-font-weight:var(--h2_typography-font-weight);--awb-caption-title-font-style:var(--h2_typography-font-style);--awb-caption-title-size:var(--h2_typography-font-size);--awb-caption-title-transform:var(--h2_typography-text-transform);--awb-caption-title-line-height:var(--h2_typography-line-height);--awb-caption-title-letter-spacing:var(--h2_typography-letter-spacing);\"><span class=\" fusion-imageframe imageframe-none imageframe-1 hover-type-none\"><a href=\"https:\/\/www.bayernfunk.digital\/wp-content\/uploads\/sites\/15\/2024\/04\/Screen_KI-1-1-800x1677.png\" class=\"fusion-lightbox\" data-rel=\"iLightbox[b41554106fc98ccb54d]\" data-title=\"K\u00fcnstliche Intelligenz\" title=\"K\u00fcnstliche Intelligenz\"><img decoding=\"async\" width=\"800\" height=\"1677\" src=\"https:\/\/www.bayernfunk.digital\/wp-content\/uploads\/sites\/15\/2024\/04\/Screen_KI-1-1-800x1677.png\" alt class=\"img-responsive wp-image-2948\" srcset=\"https:\/\/www.bayernfunk.digital\/wp-content\/uploads\/sites\/15\/2024\/04\/Screen_KI-1-1-200x419.png 200w, https:\/\/www.bayernfunk.digital\/wp-content\/uploads\/sites\/15\/2024\/04\/Screen_KI-1-1-400x839.png 400w, https:\/\/www.bayernfunk.digital\/wp-content\/uploads\/sites\/15\/2024\/04\/Screen_KI-1-1-600x1258.png 600w, https:\/\/www.bayernfunk.digital\/wp-content\/uploads\/sites\/15\/2024\/04\/Screen_KI-1-1-800x1677.png 800w, https:\/\/www.bayernfunk.digital\/wp-content\/uploads\/sites\/15\/2024\/04\/Screen_KI-1-1-1200x2516.png 1200w\" sizes=\"(max-width: 640px) 100vw, 200px\" \/><\/a><\/span><\/div><\/div><\/div><div class=\"fusion-layout-column fusion_builder_column fusion-builder-column-30 fusion_builder_column_1_3 1_3 fusion-flex-column\" style=\"--awb-bg-size:cover;--awb-width-large:33.333333333333%;--awb-margin-top-large:0px;--awb-spacing-right-large:5.76%;--awb-margin-bottom-large:20px;--awb-spacing-left-large:5.76%;--awb-width-medium:33.333333333333%;--awb-order-medium:0;--awb-spacing-right-medium:5.76%;--awb-spacing-left-medium:5.76%;--awb-width-small:100%;--awb-order-small:0;--awb-spacing-right-small:0%;--awb-spacing-left-small:0%;\"><div class=\"fusion-column-wrapper fusion-column-has-shadow fusion-flex-justify-content-flex-start fusion-content-layout-column\"><div class=\"fusion-title title fusion-title-12 fusion-sep-none fusion-title-text fusion-title-size-three\" style=\"--awb-text-color:#ffffff;--awb-font-size:30px;\"><h3 class=\"fusion-title-heading title-heading-left fusion-responsive-typography-calculated\" style=\"font-family:&quot;Lexend&quot;;font-style:normal;font-weight:400;margin:0;font-size:1em;--fontSize:30;line-height:1.3;\">Gegen Hass &amp; Hetze mit k\u00fcnstlicher Intelligenz<\/h3><\/div><div class=\"fusion-text fusion-text-14\" style=\"--awb-text-color:#ffffff;--awb-text-font-family:&quot;Lexend&quot;;--awb-text-font-style:normal;--awb-text-font-weight:400;\"><p>Mit Hilfe K\u00fcnstlicher Intelligenz &#8211; in Form eines Uploadfilters- werden unangemessene Inhalte automatisiert aussortiert bzw. gar nicht erst ver\u00f6ffentlicht. So bleibt der BayernFunk weiterhin frei von Hass und Hetze.<\/p>\n<\/div><\/div><\/div><div class=\"fusion-layout-column fusion_builder_column fusion-builder-column-31 fusion_builder_column_1_6 1_6 fusion-flex-column\" style=\"--awb-bg-size:cover;--awb-width-large:16.666666666667%;--awb-margin-top-large:0px;--awb-spacing-right-large:11.52%;--awb-margin-bottom-large:20px;--awb-spacing-left-large:11.52%;--awb-width-medium:16.666666666667%;--awb-order-medium:0;--awb-spacing-right-medium:11.52%;--awb-spacing-left-medium:11.52%;--awb-width-small:100%;--awb-order-small:0;--awb-spacing-right-small:0%;--awb-spacing-left-small:0%;\"><div class=\"fusion-column-wrapper fusion-column-has-shadow fusion-flex-justify-content-flex-start fusion-content-layout-column\"><div class=\"fusion-image-element \" style=\"text-align:center;--awb-caption-title-font-family:var(--h2_typography-font-family);--awb-caption-title-font-weight:var(--h2_typography-font-weight);--awb-caption-title-font-style:var(--h2_typography-font-style);--awb-caption-title-size:var(--h2_typography-font-size);--awb-caption-title-transform:var(--h2_typography-text-transform);--awb-caption-title-line-height:var(--h2_typography-line-height);--awb-caption-title-letter-spacing:var(--h2_typography-letter-spacing);\"><span class=\" fusion-imageframe imageframe-none imageframe-2 hover-type-none\"><a href=\"https:\/\/www.bayernfunk.digital\/wp-content\/uploads\/sites\/15\/2024\/04\/Screen_Katwarn-800x1677.png\" class=\"fusion-lightbox\" data-rel=\"iLightbox[55c44865bd1d6af0ae8]\" data-title=\"Katwarn\" title=\"Katwarn\"><img decoding=\"async\" width=\"800\" height=\"1677\" src=\"https:\/\/www.bayernfunk.digital\/wp-content\/uploads\/sites\/15\/2024\/04\/Screen_Katwarn-800x1677.png\" alt class=\"img-responsive wp-image-2949\" srcset=\"https:\/\/www.bayernfunk.digital\/wp-content\/uploads\/sites\/15\/2024\/04\/Screen_Katwarn-200x419.png 200w, https:\/\/www.bayernfunk.digital\/wp-content\/uploads\/sites\/15\/2024\/04\/Screen_Katwarn-400x839.png 400w, https:\/\/www.bayernfunk.digital\/wp-content\/uploads\/sites\/15\/2024\/04\/Screen_Katwarn-600x1258.png 600w, https:\/\/www.bayernfunk.digital\/wp-content\/uploads\/sites\/15\/2024\/04\/Screen_Katwarn-800x1677.png 800w, https:\/\/www.bayernfunk.digital\/wp-content\/uploads\/sites\/15\/2024\/04\/Screen_Katwarn-1200x2516.png 1200w\" sizes=\"(max-width: 640px) 100vw, 200px\" \/><\/a><\/span><\/div><\/div><\/div><div class=\"fusion-layout-column fusion_builder_column fusion-builder-column-32 fusion_builder_column_1_3 1_3 fusion-flex-column\" style=\"--awb-bg-size:cover;--awb-width-large:33.333333333333%;--awb-margin-top-large:0px;--awb-spacing-right-large:5.76%;--awb-margin-bottom-large:0px;--awb-spacing-left-large:5.76%;--awb-width-medium:33.333333333333%;--awb-order-medium:0;--awb-spacing-right-medium:0%;--awb-spacing-left-medium:5.76%;--awb-width-small:100%;--awb-order-small:0;--awb-spacing-right-small:0%;--awb-spacing-left-small:0%;\"><div class=\"fusion-column-wrapper fusion-column-has-shadow fusion-flex-justify-content-flex-start fusion-content-layout-column\"><div class=\"fusion-title title fusion-title-13 fusion-sep-none fusion-title-text fusion-title-size-three\" style=\"--awb-text-color:#ffffff;--awb-font-size:30px;\"><h3 class=\"fusion-title-heading title-heading-left fusion-responsive-typography-calculated\" style=\"font-family:&quot;Lexend&quot;;font-style:normal;font-weight:400;margin:0;font-size:1em;--fontSize:30;line-height:1.3;\">Katastrophenmeldungen per\u00a0Push-Benachrichtigung<\/h3><\/div><div class=\"fusion-text fusion-text-15\" style=\"--awb-text-color:#ffffff;--awb-text-font-family:&quot;Lexend&quot;;--awb-text-font-style:normal;--awb-text-font-weight:400;\"><p>Mit Hilfe der Katwarn-Integration werden offizielle Warnungen und Katastrophenmeldungen direkt per Push-Benachrichtigung<br \/>\nversendet. So wirst du fr\u00fchzeitig \u00fcber lokale Gefahrensituationen und Entwarnungen informiert.<\/p>\n<\/div><\/div><\/div><\/div><\/div><div class=\"fusion-fullwidth fullwidth-box fusion-builder-row-13 fusion-flex-container has-pattern-background has-mask-background nonhundred-percent-fullwidth non-hundred-percent-height-scrolling fusion-no-medium-visibility fusion-no-large-visibility\" style=\"--awb-border-radius-top-left:0px;--awb-border-radius-top-right:0px;--awb-border-radius-bottom-right:0px;--awb-border-radius-bottom-left:0px;--awb-padding-top:65px;--awb-padding-bottom:45px;--awb-padding-right-medium:40px;--awb-padding-left-medium:40px;--awb-padding-right-small:40px;--awb-padding-left-small:40px;--awb-margin-top:50px;--awb-margin-bottom:50px;--awb-background-image:radial-gradient(circle at left center, #4aaba4 0%,#0798d4 100%);--awb-flex-wrap:wrap;--awb-flex-wrap-medium:wrap;\" ><div class=\"fusion-builder-row fusion-row fusion-flex-align-items-flex-start fusion-flex-content-wrap\" style=\"max-width:1248px;margin-left: calc(-4% \/ 2 );margin-right: calc(-4% \/ 2 );\"><div class=\"fusion-layout-column fusion_builder_column fusion-builder-column-33 fusion_builder_column_1_3 1_3 fusion-flex-column\" style=\"--awb-bg-size:cover;--awb-width-large:33.333333333333%;--awb-margin-top-large:0px;--awb-spacing-right-large:5.76%;--awb-margin-bottom-large:20px;--awb-spacing-left-large:5.76%;--awb-width-medium:33.333333333333%;--awb-order-medium:0;--awb-spacing-right-medium:5.76%;--awb-spacing-left-medium:5.76%;--awb-width-small:100%;--awb-order-small:0;--awb-spacing-right-small:0%;--awb-spacing-left-small:0%;\"><div class=\"fusion-column-wrapper fusion-column-has-shadow fusion-flex-justify-content-flex-start fusion-content-layout-column\"><div class=\"fusion-title title fusion-title-14 fusion-sep-none fusion-title-text fusion-title-size-three\" style=\"--awb-text-color:#ffffff;--awb-font-size:30px;\"><h3 class=\"fusion-title-heading title-heading-left fusion-responsive-typography-calculated\" style=\"font-family:&quot;Lexend&quot;;font-style:normal;font-weight:400;margin:0;font-size:1em;--fontSize:30;line-height:1.3;\">Gegen Hass &amp; Hetze mit k\u00fcnstlicher Intelligenz<\/h3><\/div><div class=\"fusion-text fusion-text-16\" style=\"--awb-text-color:#ffffff;--awb-text-font-family:&quot;Lexend&quot;;--awb-text-font-style:normal;--awb-text-font-weight:400;\"><p>Mit Hilfe K\u00fcnstlicher Intelligenz &#8211; in Form eines Uploadfilters- werden unangemessene Inhalte automatisiert aussortiert bzw. gar nicht erst ver\u00f6ffentlicht. So bleibt der BayernFunk weiterhin frei von Hass und Hetze.<\/p>\n<\/div><\/div><\/div><div class=\"fusion-layout-column fusion_builder_column fusion-builder-column-34 fusion_builder_column_1_6 1_6 fusion-flex-column\" style=\"--awb-bg-size:cover;--awb-width-large:16.666666666667%;--awb-margin-top-large:0px;--awb-spacing-right-large:11.52%;--awb-margin-bottom-large:20px;--awb-spacing-left-large:11.52%;--awb-width-medium:16.666666666667%;--awb-order-medium:0;--awb-spacing-right-medium:11.52%;--awb-spacing-left-medium:0%;--awb-width-small:100%;--awb-order-small:0;--awb-spacing-right-small:0%;--awb-spacing-left-small:0%;\"><div class=\"fusion-column-wrapper fusion-column-has-shadow fusion-flex-justify-content-flex-start fusion-content-layout-column\"><div class=\"fusion-image-element \" style=\"text-align:center;--awb-max-width:200px;--awb-caption-title-font-family:var(--h2_typography-font-family);--awb-caption-title-font-weight:var(--h2_typography-font-weight);--awb-caption-title-font-style:var(--h2_typography-font-style);--awb-caption-title-size:var(--h2_typography-font-size);--awb-caption-title-transform:var(--h2_typography-text-transform);--awb-caption-title-line-height:var(--h2_typography-line-height);--awb-caption-title-letter-spacing:var(--h2_typography-letter-spacing);\"><span class=\" fusion-imageframe imageframe-none imageframe-3 hover-type-none\"><a href=\"http:\/\/sheng.iese.de\/wp-content\/uploads\/sites\/15\/2024\/04\/Screen_KI-1-1-800x1677.png\" class=\"fusion-lightbox\" data-rel=\"iLightbox[65c4411b413fe2ab582]\" data-title=\"K\u00fcnstliche Intelligenz\" title=\"K\u00fcnstliche Intelligenz\"><img decoding=\"async\" width=\"800\" height=\"1677\" src=\"http:\/\/sheng.iese.de\/wp-content\/uploads\/sites\/15\/2024\/04\/Screen_KI-1-1-800x1677.png\" alt class=\"img-responsive wp-image-2948\" srcset=\"https:\/\/www.bayernfunk.digital\/wp-content\/uploads\/sites\/15\/2024\/04\/Screen_KI-1-1-200x419.png 200w, https:\/\/www.bayernfunk.digital\/wp-content\/uploads\/sites\/15\/2024\/04\/Screen_KI-1-1-400x839.png 400w, https:\/\/www.bayernfunk.digital\/wp-content\/uploads\/sites\/15\/2024\/04\/Screen_KI-1-1-600x1258.png 600w, https:\/\/www.bayernfunk.digital\/wp-content\/uploads\/sites\/15\/2024\/04\/Screen_KI-1-1-800x1677.png 800w, https:\/\/www.bayernfunk.digital\/wp-content\/uploads\/sites\/15\/2024\/04\/Screen_KI-1-1-1200x2516.png 1200w, https:\/\/www.bayernfunk.digital\/wp-content\/uploads\/sites\/15\/2024\/04\/Screen_KI-1-1.png 3888w\" sizes=\"(max-width: 640px) 100vw, 200px\" \/><\/a><\/span><\/div><\/div><\/div><div class=\"fusion-layout-column fusion_builder_column fusion-builder-column-35 fusion_builder_column_1_3 1_3 fusion-flex-column\" style=\"--awb-padding-right-small:0px;--awb-padding-left-small:0px;--awb-bg-size:cover;--awb-width-large:33.333333333333%;--awb-margin-top-large:0px;--awb-spacing-right-large:5.76%;--awb-margin-bottom-large:20px;--awb-spacing-left-large:5.76%;--awb-width-medium:33.333333333333%;--awb-order-medium:0;--awb-spacing-right-medium:0%;--awb-spacing-left-medium:5.76%;--awb-width-small:100%;--awb-order-small:0;--awb-spacing-right-small:0%;--awb-spacing-left-small:0%;\"><div class=\"fusion-column-wrapper fusion-column-has-shadow fusion-flex-justify-content-flex-start fusion-content-layout-column\"><div class=\"fusion-title title fusion-title-15 fusion-sep-none fusion-title-text fusion-title-size-three\" style=\"--awb-text-color:#ffffff;--awb-font-size:30px;\"><h3 class=\"fusion-title-heading title-heading-left fusion-responsive-typography-calculated\" style=\"font-family:&quot;Lexend&quot;;font-style:normal;font-weight:400;margin:0;font-size:1em;--fontSize:30;line-height:1.3;\">Katastrophenmeldungen per Push-Benachrichtigung<\/h3><\/div><div class=\"fusion-text fusion-text-17\" style=\"--awb-text-color:#ffffff;--awb-text-font-family:&quot;Lexend&quot;;--awb-text-font-style:normal;--awb-text-font-weight:400;\"><p>Mit Hilfe der Katwarn-Integration werden offizielle Warnungen und Katastrophenmeldungen direkt per Push-Benachrichtigung<br \/>\nversendet. So wirst du fr\u00fchzeitig \u00fcber lokale Gefahrensituationen und Entwarnungen informiert.<\/p>\n<\/div><\/div><\/div><div class=\"fusion-layout-column fusion_builder_column fusion-builder-column-36 fusion_builder_column_1_6 1_6 fusion-flex-column\" style=\"--awb-bg-size:cover;--awb-width-large:16.666666666667%;--awb-margin-top-large:0px;--awb-spacing-right-large:11.52%;--awb-margin-bottom-large:20px;--awb-spacing-left-large:11.52%;--awb-width-medium:16.666666666667%;--awb-order-medium:0;--awb-spacing-right-medium:11.52%;--awb-spacing-left-medium:11.52%;--awb-width-small:100%;--awb-order-small:0;--awb-spacing-right-small:0%;--awb-spacing-left-small:0%;\"><div class=\"fusion-column-wrapper fusion-column-has-shadow fusion-flex-justify-content-flex-start fusion-content-layout-column\"><div class=\"fusion-image-element \" style=\"text-align:center;--awb-max-width:200px;--awb-caption-title-font-family:var(--h2_typography-font-family);--awb-caption-title-font-weight:var(--h2_typography-font-weight);--awb-caption-title-font-style:var(--h2_typography-font-style);--awb-caption-title-size:var(--h2_typography-font-size);--awb-caption-title-transform:var(--h2_typography-text-transform);--awb-caption-title-line-height:var(--h2_typography-line-height);--awb-caption-title-letter-spacing:var(--h2_typography-letter-spacing);\"><span class=\" fusion-imageframe imageframe-none imageframe-4 hover-type-none\"><a href=\"http:\/\/sheng.iese.de\/wp-content\/uploads\/sites\/15\/2024\/04\/Screen_Katwarn.png\" class=\"fusion-lightbox\" data-rel=\"iLightbox[ead84d70f2eca207ef4]\" data-title=\"Katwarn\" title=\"Katwarn\"><img decoding=\"async\" width=\"3888\" height=\"8152\" src=\"http:\/\/sheng.iese.de\/wp-content\/uploads\/sites\/15\/2024\/04\/Screen_Katwarn.png\" alt class=\"img-responsive wp-image-2949\" srcset=\"https:\/\/www.bayernfunk.digital\/wp-content\/uploads\/sites\/15\/2024\/04\/Screen_Katwarn-200x419.png 200w, https:\/\/www.bayernfunk.digital\/wp-content\/uploads\/sites\/15\/2024\/04\/Screen_Katwarn-400x839.png 400w, https:\/\/www.bayernfunk.digital\/wp-content\/uploads\/sites\/15\/2024\/04\/Screen_Katwarn-600x1258.png 600w, https:\/\/www.bayernfunk.digital\/wp-content\/uploads\/sites\/15\/2024\/04\/Screen_Katwarn-800x1677.png 800w, https:\/\/www.bayernfunk.digital\/wp-content\/uploads\/sites\/15\/2024\/04\/Screen_Katwarn-1200x2516.png 1200w, https:\/\/www.bayernfunk.digital\/wp-content\/uploads\/sites\/15\/2024\/04\/Screen_Katwarn.png 3888w\" sizes=\"(max-width: 640px) 100vw, 200px\" \/><\/a><\/span><\/div><\/div><\/div><\/div><\/div><div class=\"fusion-fullwidth fullwidth-box fusion-builder-row-14 fusion-flex-container has-pattern-background has-mask-background nonhundred-percent-fullwidth non-hundred-percent-height-scrolling fusion-no-small-visibility fusion-no-medium-visibility\" style=\"--awb-border-radius-top-left:0px;--awb-border-radius-top-right:0px;--awb-border-radius-bottom-right:0px;--awb-border-radius-bottom-left:0px;--awb-padding-top:50px;--awb-padding-bottom:100px;--awb-flex-wrap:wrap;\" ><div class=\"fusion-builder-row fusion-row fusion-flex-align-items-flex-start fusion-flex-content-wrap\" style=\"max-width:1248px;margin-left: calc(-4% \/ 2 );margin-right: calc(-4% \/ 2 );\"><div class=\"fusion-layout-column fusion_builder_column fusion-builder-column-37 fusion_builder_column_1_1 1_1 fusion-flex-column\" style=\"--awb-bg-size:cover;--awb-width-large:100%;--awb-margin-top-large:0px;--awb-spacing-right-large:1.92%;--awb-margin-bottom-large:45px;--awb-spacing-left-large:1.92%;--awb-width-medium:100%;--awb-order-medium:0;--awb-spacing-right-medium:1.92%;--awb-spacing-left-medium:1.92%;--awb-width-small:100%;--awb-order-small:0;--awb-spacing-right-small:1.92%;--awb-spacing-left-small:1.92%;\"><div class=\"fusion-column-wrapper fusion-column-has-shadow fusion-flex-justify-content-flex-start fusion-content-layout-column\"><div class=\"fusion-title title fusion-title-16 fusion-sep-none fusion-title-center fusion-title-text fusion-title-size-two\" style=\"--awb-text-color:#2970be;\"><h2 class=\"fusion-title-heading title-heading-center fusion-responsive-typography-calculated\" style=\"font-family:&quot;Lexend&quot;;font-style:normal;font-weight:600;margin:0;--fontSize:40;line-height:1.2;\">Unsere Partner<\/h2><\/div><\/div><\/div><div class=\"fusion-layout-column fusion_builder_column fusion-builder-column-38 fusion_builder_column_1_6 1_6 fusion-flex-column\" style=\"--awb-bg-size:cover;--awb-width-large:16.666666666667%;--awb-margin-top-large:0px;--awb-spacing-right-large:11.52%;--awb-margin-bottom-large:20px;--awb-spacing-left-large:11.52%;--awb-width-medium:16.666666666667%;--awb-order-medium:0;--awb-spacing-right-medium:11.52%;--awb-spacing-left-medium:11.52%;--awb-width-small:100%;--awb-order-small:0;--awb-spacing-right-small:1.92%;--awb-spacing-left-small:1.92%;\"><div class=\"fusion-column-wrapper fusion-column-has-shadow fusion-flex-justify-content-flex-start fusion-content-layout-column\"><\/div><\/div><div class=\"fusion-layout-column fusion_builder_column fusion-builder-column-39 fusion_builder_column_1_6 1_6 fusion-flex-column\" style=\"--awb-bg-size:cover;--awb-width-large:16.666666666667%;--awb-margin-top-large:0px;--awb-spacing-right-large:11.52%;--awb-margin-bottom-large:20px;--awb-spacing-left-large:11.52%;--awb-width-medium:16.666666666667%;--awb-order-medium:0;--awb-spacing-right-medium:11.52%;--awb-spacing-left-medium:11.52%;--awb-width-small:100%;--awb-order-small:0;--awb-spacing-right-small:1.92%;--awb-spacing-left-small:1.92%;\"><div class=\"fusion-column-wrapper fusion-column-has-shadow fusion-flex-justify-content-flex-start fusion-content-layout-column\"><div class=\"fusion-image-element \" style=\"text-align:center;--awb-caption-title-font-family:var(--h2_typography-font-family);--awb-caption-title-font-weight:var(--h2_typography-font-weight);--awb-caption-title-font-style:var(--h2_typography-font-style);--awb-caption-title-size:var(--h2_typography-font-size);--awb-caption-title-transform:var(--h2_typography-text-transform);--awb-caption-title-line-height:var(--h2_typography-line-height);--awb-caption-title-letter-spacing:var(--h2_typography-letter-spacing);\"><span class=\" fusion-imageframe imageframe-none imageframe-5 hover-type-none\"><img decoding=\"async\" width=\"1508\" height=\"840\" title=\"BRK Logo@4x\" src=\"https:\/\/www.bayernfunk.digital\/wp-content\/uploads\/sites\/15\/2024\/04\/BRK-Logo@4x.png\" alt class=\"img-responsive wp-image-2579\"\/><\/span><\/div><\/div><\/div><div class=\"fusion-layout-column fusion_builder_column fusion-builder-column-40 fusion_builder_column_1_6 1_6 fusion-flex-column\" style=\"--awb-bg-size:cover;--awb-width-large:16.666666666667%;--awb-margin-top-large:0px;--awb-spacing-right-large:11.52%;--awb-margin-bottom-large:20px;--awb-spacing-left-large:11.52%;--awb-width-medium:16.666666666667%;--awb-order-medium:0;--awb-spacing-right-medium:11.52%;--awb-spacing-left-medium:11.52%;--awb-width-small:100%;--awb-order-small:0;--awb-spacing-right-small:1.92%;--awb-spacing-left-small:1.92%;\"><div class=\"fusion-column-wrapper fusion-column-has-shadow fusion-flex-justify-content-flex-start fusion-content-layout-column\"><div class=\"fusion-image-element \" style=\"text-align:center;--awb-caption-title-font-family:var(--h2_typography-font-family);--awb-caption-title-font-weight:var(--h2_typography-font-weight);--awb-caption-title-font-style:var(--h2_typography-font-style);--awb-caption-title-size:var(--h2_typography-font-size);--awb-caption-title-transform:var(--h2_typography-text-transform);--awb-caption-title-line-height:var(--h2_typography-line-height);--awb-caption-title-letter-spacing:var(--h2_typography-letter-spacing);\"><span class=\" fusion-imageframe imageframe-none imageframe-6 hover-type-none\"><img decoding=\"async\" width=\"800\" height=\"446\" title=\"Fraunhofer IESE Logo@4x\" src=\"https:\/\/www.bayernfunk.digital\/wp-content\/uploads\/sites\/15\/2024\/04\/Fraunhofer-IESE-Logo@4x-800x446.png\" alt class=\"img-responsive wp-image-2580\" srcset=\"https:\/\/www.bayernfunk.digital\/wp-content\/uploads\/sites\/15\/2024\/04\/Fraunhofer-IESE-Logo@4x-200x111.png 200w, https:\/\/www.bayernfunk.digital\/wp-content\/uploads\/sites\/15\/2024\/04\/Fraunhofer-IESE-Logo@4x-400x223.png 400w, https:\/\/www.bayernfunk.digital\/wp-content\/uploads\/sites\/15\/2024\/04\/Fraunhofer-IESE-Logo@4x-600x334.png 600w, https:\/\/www.bayernfunk.digital\/wp-content\/uploads\/sites\/15\/2024\/04\/Fraunhofer-IESE-Logo@4x-800x446.png 800w, https:\/\/www.bayernfunk.digital\/wp-content\/uploads\/sites\/15\/2024\/04\/Fraunhofer-IESE-Logo@4x-1200x668.png 1200w, https:\/\/www.bayernfunk.digital\/wp-content\/uploads\/sites\/15\/2024\/04\/Fraunhofer-IESE-Logo@4x.png 1508w\" sizes=\"(max-width: 640px) 100vw, 200px\" \/><\/span><\/div><\/div><\/div><div class=\"fusion-layout-column fusion_builder_column fusion-builder-column-41 fusion_builder_column_1_6 1_6 fusion-flex-column\" style=\"--awb-bg-size:cover;--awb-width-large:16.666666666667%;--awb-margin-top-large:0px;--awb-spacing-right-large:11.52%;--awb-margin-bottom-large:20px;--awb-spacing-left-large:11.52%;--awb-width-medium:16.666666666667%;--awb-order-medium:0;--awb-spacing-right-medium:11.52%;--awb-spacing-left-medium:11.52%;--awb-width-small:100%;--awb-order-small:0;--awb-spacing-right-small:1.92%;--awb-spacing-left-small:1.92%;\"><div class=\"fusion-column-wrapper fusion-column-has-shadow fusion-flex-justify-content-flex-start fusion-content-layout-column\"><div class=\"fusion-image-element \" style=\"text-align:center;--awb-caption-title-font-family:var(--h2_typography-font-family);--awb-caption-title-font-weight:var(--h2_typography-font-weight);--awb-caption-title-font-style:var(--h2_typography-font-style);--awb-caption-title-size:var(--h2_typography-font-size);--awb-caption-title-transform:var(--h2_typography-text-transform);--awb-caption-title-line-height:var(--h2_typography-line-height);--awb-caption-title-letter-spacing:var(--h2_typography-letter-spacing);\"><span class=\" fusion-imageframe imageframe-none imageframe-7 hover-type-none\"><img decoding=\"async\" width=\"800\" height=\"446\" title=\"LFV Logo@4x\" src=\"https:\/\/www.bayernfunk.digital\/wp-content\/uploads\/sites\/15\/2024\/04\/LFV-Logo@4x-800x446.png\" alt class=\"img-responsive wp-image-2581\" srcset=\"https:\/\/www.bayernfunk.digital\/wp-content\/uploads\/sites\/15\/2024\/04\/LFV-Logo@4x-200x111.png 200w, https:\/\/www.bayernfunk.digital\/wp-content\/uploads\/sites\/15\/2024\/04\/LFV-Logo@4x-400x223.png 400w, https:\/\/www.bayernfunk.digital\/wp-content\/uploads\/sites\/15\/2024\/04\/LFV-Logo@4x-600x334.png 600w, https:\/\/www.bayernfunk.digital\/wp-content\/uploads\/sites\/15\/2024\/04\/LFV-Logo@4x-800x446.png 800w, https:\/\/www.bayernfunk.digital\/wp-content\/uploads\/sites\/15\/2024\/04\/LFV-Logo@4x-1200x668.png 1200w, https:\/\/www.bayernfunk.digital\/wp-content\/uploads\/sites\/15\/2024\/04\/LFV-Logo@4x.png 1508w\" sizes=\"(max-width: 640px) 100vw, 200px\" \/><\/span><\/div><\/div><\/div><div class=\"fusion-layout-column fusion_builder_column fusion-builder-column-42 fusion_builder_column_1_6 1_6 fusion-flex-column\" style=\"--awb-bg-size:cover;--awb-width-large:16.666666666667%;--awb-margin-top-large:0px;--awb-spacing-right-large:11.52%;--awb-margin-bottom-large:20px;--awb-spacing-left-large:11.52%;--awb-width-medium:16.666666666667%;--awb-order-medium:0;--awb-spacing-right-medium:11.52%;--awb-spacing-left-medium:11.52%;--awb-width-small:100%;--awb-order-small:0;--awb-spacing-right-small:1.92%;--awb-spacing-left-small:1.92%;\"><div class=\"fusion-column-wrapper fusion-column-has-shadow fusion-flex-justify-content-flex-start fusion-content-layout-column\"><div class=\"fusion-image-element \" style=\"text-align:center;--awb-caption-title-font-family:var(--h2_typography-font-family);--awb-caption-title-font-weight:var(--h2_typography-font-weight);--awb-caption-title-font-style:var(--h2_typography-font-style);--awb-caption-title-size:var(--h2_typography-font-size);--awb-caption-title-transform:var(--h2_typography-text-transform);--awb-caption-title-line-height:var(--h2_typography-line-height);--awb-caption-title-letter-spacing:var(--h2_typography-letter-spacing);\"><span class=\" fusion-imageframe imageframe-none imageframe-8 hover-type-none\"><img decoding=\"async\" width=\"1508\" height=\"840\" title=\"VKB Logo neu@4x\" src=\"https:\/\/www.bayernfunk.digital\/wp-content\/uploads\/sites\/15\/2024\/05\/VKB-Logo-neu@4x.png\" alt class=\"img-responsive wp-image-3652\" srcset=\"https:\/\/www.bayernfunk.digital\/wp-content\/uploads\/sites\/15\/2024\/05\/VKB-Logo-neu@4x-200x111.png 200w, https:\/\/www.bayernfunk.digital\/wp-content\/uploads\/sites\/15\/2024\/05\/VKB-Logo-neu@4x-400x223.png 400w, https:\/\/www.bayernfunk.digital\/wp-content\/uploads\/sites\/15\/2024\/05\/VKB-Logo-neu@4x-600x334.png 600w, https:\/\/www.bayernfunk.digital\/wp-content\/uploads\/sites\/15\/2024\/05\/VKB-Logo-neu@4x-800x446.png 800w, https:\/\/www.bayernfunk.digital\/wp-content\/uploads\/sites\/15\/2024\/05\/VKB-Logo-neu@4x-1200x668.png 1200w, https:\/\/www.bayernfunk.digital\/wp-content\/uploads\/sites\/15\/2024\/05\/VKB-Logo-neu@4x.png 1508w\" sizes=\"(max-width: 640px) 100vw, 200px\" \/><\/span><\/div><\/div><\/div><div class=\"fusion-layout-column fusion_builder_column fusion-builder-column-43 fusion_builder_column_1_6 1_6 fusion-flex-column\" style=\"--awb-bg-size:cover;--awb-width-large:16.666666666667%;--awb-margin-top-large:0px;--awb-spacing-right-large:11.52%;--awb-margin-bottom-large:20px;--awb-spacing-left-large:11.52%;--awb-width-medium:16.666666666667%;--awb-order-medium:0;--awb-spacing-right-medium:11.52%;--awb-spacing-left-medium:11.52%;--awb-width-small:100%;--awb-order-small:0;--awb-spacing-right-small:1.92%;--awb-spacing-left-small:1.92%;\"><div class=\"fusion-column-wrapper fusion-column-has-shadow fusion-flex-justify-content-flex-start fusion-content-layout-column\"><\/div><\/div><\/div><\/div><div class=\"fusion-fullwidth fullwidth-box fusion-builder-row-15 fusion-flex-container has-pattern-background has-mask-background nonhundred-percent-fullwidth non-hundred-percent-height-scrolling fusion-no-medium-visibility fusion-no-large-visibility\" style=\"--awb-border-radius-top-left:0px;--awb-border-radius-top-right:0px;--awb-border-radius-bottom-right:0px;--awb-border-radius-bottom-left:0px;--awb-padding-top:20px;--awb-padding-bottom:20px;--awb-flex-wrap:wrap;\" ><div class=\"fusion-builder-row fusion-row fusion-flex-align-items-flex-start fusion-flex-content-wrap\" style=\"max-width:1248px;margin-left: calc(-4% \/ 2 );margin-right: calc(-4% \/ 2 );\"><div class=\"fusion-layout-column fusion_builder_column fusion-builder-column-44 fusion_builder_column_1_1 1_1 fusion-flex-column\" style=\"--awb-bg-size:cover;--awb-width-large:100%;--awb-margin-top-large:0px;--awb-spacing-right-large:1.92%;--awb-margin-bottom-large:45px;--awb-spacing-left-large:1.92%;--awb-width-medium:100%;--awb-order-medium:0;--awb-spacing-right-medium:1.92%;--awb-spacing-left-medium:1.92%;--awb-width-small:100%;--awb-order-small:0;--awb-spacing-right-small:1.92%;--awb-spacing-left-small:1.92%;\"><div class=\"fusion-column-wrapper fusion-column-has-shadow fusion-flex-justify-content-flex-start fusion-content-layout-column\"><div class=\"fusion-title title fusion-title-17 fusion-sep-none fusion-title-center fusion-title-text fusion-title-size-two\" style=\"--awb-text-color:#2970be;\"><h2 class=\"fusion-title-heading title-heading-center fusion-responsive-typography-calculated\" style=\"font-family:&quot;Lexend&quot;;font-style:normal;font-weight:600;margin:0;--fontSize:40;line-height:1.2;\">Unsere Partner<\/h2><\/div><\/div><\/div><div class=\"fusion-layout-column fusion_builder_column fusion-builder-column-45 fusion_builder_column_1_6 1_6 fusion-flex-column\" style=\"--awb-bg-size:cover;--awb-width-large:16.666666666667%;--awb-margin-top-large:0px;--awb-spacing-right-large:11.52%;--awb-margin-bottom-large:20px;--awb-spacing-left-large:11.52%;--awb-width-medium:16.666666666667%;--awb-order-medium:0;--awb-spacing-right-medium:11.52%;--awb-spacing-left-medium:11.52%;--awb-width-small:100%;--awb-order-small:0;--awb-spacing-right-small:1.92%;--awb-spacing-left-small:1.92%;\"><div class=\"fusion-column-wrapper fusion-column-has-shadow fusion-flex-justify-content-flex-start fusion-content-layout-column\"><\/div><\/div><div class=\"fusion-layout-column fusion_builder_column fusion-builder-column-46 fusion_builder_column_1_6 1_6 fusion-flex-column\" style=\"--awb-bg-size:cover;--awb-width-large:16.666666666667%;--awb-margin-top-large:0px;--awb-spacing-right-large:11.52%;--awb-margin-bottom-large:20px;--awb-spacing-left-large:11.52%;--awb-width-medium:16.666666666667%;--awb-order-medium:0;--awb-spacing-right-medium:11.52%;--awb-spacing-left-medium:11.52%;--awb-width-small:100%;--awb-order-small:0;--awb-spacing-right-small:1.92%;--awb-spacing-left-small:1.92%;\"><div class=\"fusion-column-wrapper fusion-column-has-shadow fusion-flex-justify-content-flex-start fusion-content-layout-column\"><div class=\"fusion-image-element \" style=\"text-align:center;--awb-max-width:150px;--awb-caption-title-font-family:var(--h2_typography-font-family);--awb-caption-title-font-weight:var(--h2_typography-font-weight);--awb-caption-title-font-style:var(--h2_typography-font-style);--awb-caption-title-size:var(--h2_typography-font-size);--awb-caption-title-transform:var(--h2_typography-text-transform);--awb-caption-title-line-height:var(--h2_typography-line-height);--awb-caption-title-letter-spacing:var(--h2_typography-letter-spacing);\"><span class=\" fusion-imageframe imageframe-none imageframe-9 hover-type-none\"><img decoding=\"async\" width=\"1508\" height=\"840\" title=\"BRK Logo@4x\" src=\"https:\/\/www.bayernfunk.digital\/wp-content\/uploads\/sites\/15\/2024\/04\/BRK-Logo@4x.png\" alt class=\"img-responsive wp-image-2579\"\/><\/span><\/div><\/div><\/div><div class=\"fusion-layout-column fusion_builder_column fusion-builder-column-47 fusion_builder_column_1_6 1_6 fusion-flex-column\" style=\"--awb-bg-size:cover;--awb-width-large:16.666666666667%;--awb-margin-top-large:0px;--awb-spacing-right-large:11.52%;--awb-margin-bottom-large:20px;--awb-spacing-left-large:11.52%;--awb-width-medium:16.666666666667%;--awb-order-medium:0;--awb-spacing-right-medium:11.52%;--awb-spacing-left-medium:11.52%;--awb-width-small:100%;--awb-order-small:0;--awb-spacing-right-small:1.92%;--awb-spacing-left-small:1.92%;\"><div class=\"fusion-column-wrapper fusion-column-has-shadow fusion-flex-justify-content-flex-start fusion-content-layout-column\"><div class=\"fusion-image-element \" style=\"text-align:center;--awb-max-width:150px;--awb-caption-title-font-family:var(--h2_typography-font-family);--awb-caption-title-font-weight:var(--h2_typography-font-weight);--awb-caption-title-font-style:var(--h2_typography-font-style);--awb-caption-title-size:var(--h2_typography-font-size);--awb-caption-title-transform:var(--h2_typography-text-transform);--awb-caption-title-line-height:var(--h2_typography-line-height);--awb-caption-title-letter-spacing:var(--h2_typography-letter-spacing);\"><span class=\" fusion-imageframe imageframe-none imageframe-10 hover-type-none\"><img decoding=\"async\" width=\"1508\" height=\"840\" title=\"Fraunhofer IESE Logo@4x\" src=\"http:\/\/sheng.iese.de\/wp-content\/uploads\/sites\/15\/2024\/04\/Fraunhofer-IESE-Logo@4x.png\" alt class=\"img-responsive wp-image-2580\" srcset=\"https:\/\/www.bayernfunk.digital\/wp-content\/uploads\/sites\/15\/2024\/04\/Fraunhofer-IESE-Logo@4x-200x111.png 200w, https:\/\/www.bayernfunk.digital\/wp-content\/uploads\/sites\/15\/2024\/04\/Fraunhofer-IESE-Logo@4x-400x223.png 400w, https:\/\/www.bayernfunk.digital\/wp-content\/uploads\/sites\/15\/2024\/04\/Fraunhofer-IESE-Logo@4x-600x334.png 600w, https:\/\/www.bayernfunk.digital\/wp-content\/uploads\/sites\/15\/2024\/04\/Fraunhofer-IESE-Logo@4x-800x446.png 800w, https:\/\/www.bayernfunk.digital\/wp-content\/uploads\/sites\/15\/2024\/04\/Fraunhofer-IESE-Logo@4x-1200x668.png 1200w, https:\/\/www.bayernfunk.digital\/wp-content\/uploads\/sites\/15\/2024\/04\/Fraunhofer-IESE-Logo@4x.png 1508w\" sizes=\"(max-width: 640px) 100vw, 200px\" \/><\/span><\/div><\/div><\/div><div class=\"fusion-layout-column fusion_builder_column fusion-builder-column-48 fusion_builder_column_1_6 1_6 fusion-flex-column\" style=\"--awb-bg-size:cover;--awb-width-large:16.666666666667%;--awb-margin-top-large:0px;--awb-spacing-right-large:11.52%;--awb-margin-bottom-large:20px;--awb-spacing-left-large:11.52%;--awb-width-medium:16.666666666667%;--awb-order-medium:0;--awb-spacing-right-medium:11.52%;--awb-spacing-left-medium:11.52%;--awb-width-small:100%;--awb-order-small:0;--awb-spacing-right-small:1.92%;--awb-spacing-left-small:1.92%;\"><div class=\"fusion-column-wrapper fusion-column-has-shadow fusion-flex-justify-content-flex-start fusion-content-layout-column\"><div class=\"fusion-image-element \" style=\"text-align:center;--awb-max-width:150px;--awb-caption-title-font-family:var(--h2_typography-font-family);--awb-caption-title-font-weight:var(--h2_typography-font-weight);--awb-caption-title-font-style:var(--h2_typography-font-style);--awb-caption-title-size:var(--h2_typography-font-size);--awb-caption-title-transform:var(--h2_typography-text-transform);--awb-caption-title-line-height:var(--h2_typography-line-height);--awb-caption-title-letter-spacing:var(--h2_typography-letter-spacing);\"><span class=\" fusion-imageframe imageframe-none imageframe-11 hover-type-none\"><img decoding=\"async\" width=\"1508\" height=\"840\" title=\"LFV Logo@4x\" src=\"http:\/\/sheng.iese.de\/wp-content\/uploads\/sites\/15\/2024\/04\/LFV-Logo@4x.png\" alt class=\"img-responsive wp-image-2581\" srcset=\"https:\/\/www.bayernfunk.digital\/wp-content\/uploads\/sites\/15\/2024\/04\/LFV-Logo@4x-200x111.png 200w, https:\/\/www.bayernfunk.digital\/wp-content\/uploads\/sites\/15\/2024\/04\/LFV-Logo@4x-400x223.png 400w, https:\/\/www.bayernfunk.digital\/wp-content\/uploads\/sites\/15\/2024\/04\/LFV-Logo@4x-600x334.png 600w, https:\/\/www.bayernfunk.digital\/wp-content\/uploads\/sites\/15\/2024\/04\/LFV-Logo@4x-800x446.png 800w, https:\/\/www.bayernfunk.digital\/wp-content\/uploads\/sites\/15\/2024\/04\/LFV-Logo@4x-1200x668.png 1200w, https:\/\/www.bayernfunk.digital\/wp-content\/uploads\/sites\/15\/2024\/04\/LFV-Logo@4x.png 1508w\" sizes=\"(max-width: 640px) 100vw, 200px\" \/><\/span><\/div><\/div><\/div><div class=\"fusion-layout-column fusion_builder_column fusion-builder-column-49 fusion_builder_column_1_6 1_6 fusion-flex-column\" style=\"--awb-bg-size:cover;--awb-width-large:16.666666666667%;--awb-margin-top-large:0px;--awb-spacing-right-large:11.52%;--awb-margin-bottom-large:20px;--awb-spacing-left-large:11.52%;--awb-width-medium:16.666666666667%;--awb-order-medium:0;--awb-spacing-right-medium:11.52%;--awb-spacing-left-medium:11.52%;--awb-width-small:100%;--awb-order-small:0;--awb-spacing-right-small:1.92%;--awb-spacing-left-small:1.92%;\"><div class=\"fusion-column-wrapper fusion-column-has-shadow fusion-flex-justify-content-flex-start fusion-content-layout-column\"><div class=\"fusion-image-element \" style=\"text-align:center;--awb-max-width:150px;--awb-caption-title-font-family:var(--h2_typography-font-family);--awb-caption-title-font-weight:var(--h2_typography-font-weight);--awb-caption-title-font-style:var(--h2_typography-font-style);--awb-caption-title-size:var(--h2_typography-font-size);--awb-caption-title-transform:var(--h2_typography-text-transform);--awb-caption-title-line-height:var(--h2_typography-line-height);--awb-caption-title-letter-spacing:var(--h2_typography-letter-spacing);\"><span class=\" fusion-imageframe imageframe-none imageframe-12 hover-type-none\"><img decoding=\"async\" width=\"1508\" height=\"840\" title=\"VKB Logo neu@4x\" src=\"https:\/\/www.bayernfunk.digital\/wp-content\/uploads\/sites\/15\/2024\/05\/VKB-Logo-neu@4x.png\" alt class=\"img-responsive wp-image-3652\" srcset=\"https:\/\/www.bayernfunk.digital\/wp-content\/uploads\/sites\/15\/2024\/05\/VKB-Logo-neu@4x-200x111.png 200w, https:\/\/www.bayernfunk.digital\/wp-content\/uploads\/sites\/15\/2024\/05\/VKB-Logo-neu@4x-400x223.png 400w, https:\/\/www.bayernfunk.digital\/wp-content\/uploads\/sites\/15\/2024\/05\/VKB-Logo-neu@4x-600x334.png 600w, https:\/\/www.bayernfunk.digital\/wp-content\/uploads\/sites\/15\/2024\/05\/VKB-Logo-neu@4x-800x446.png 800w, https:\/\/www.bayernfunk.digital\/wp-content\/uploads\/sites\/15\/2024\/05\/VKB-Logo-neu@4x-1200x668.png 1200w, https:\/\/www.bayernfunk.digital\/wp-content\/uploads\/sites\/15\/2024\/05\/VKB-Logo-neu@4x.png 1508w\" sizes=\"(max-width: 640px) 100vw, 200px\" \/><\/span><\/div><\/div><\/div><div class=\"fusion-layout-column fusion_builder_column fusion-builder-column-50 fusion_builder_column_1_6 1_6 fusion-flex-column\" style=\"--awb-bg-size:cover;--awb-width-large:16.666666666667%;--awb-margin-top-large:0px;--awb-spacing-right-large:11.52%;--awb-margin-bottom-large:20px;--awb-spacing-left-large:11.52%;--awb-width-medium:16.666666666667%;--awb-order-medium:0;--awb-spacing-right-medium:11.52%;--awb-spacing-left-medium:11.52%;--awb-width-small:100%;--awb-order-small:0;--awb-spacing-right-small:1.92%;--awb-spacing-left-small:1.92%;\"><div class=\"fusion-column-wrapper fusion-column-has-shadow fusion-flex-justify-content-flex-start fusion-content-layout-column\"><\/div><\/div><\/div><\/div><div class=\"fusion-fullwidth fullwidth-box fusion-builder-row-16 fusion-flex-container has-pattern-background has-mask-background nonhundred-percent-fullwidth non-hundred-percent-height-scrolling fusion-no-small-visibility fusion-no-large-visibility\" style=\"--awb-border-radius-top-left:0px;--awb-border-radius-top-right:0px;--awb-border-radius-bottom-right:0px;--awb-border-radius-bottom-left:0px;--awb-padding-top:50px;--awb-padding-bottom:100px;--awb-flex-wrap:wrap;\" ><div class=\"fusion-builder-row fusion-row fusion-flex-align-items-flex-start fusion-flex-justify-content-center fusion-flex-content-wrap\" style=\"max-width:1248px;margin-left: calc(-4% \/ 2 );margin-right: calc(-4% \/ 2 );\"><div class=\"fusion-layout-column fusion_builder_column fusion-builder-column-51 fusion_builder_column_1_1 1_1 fusion-flex-column\" style=\"--awb-bg-size:cover;--awb-width-large:100%;--awb-margin-top-large:0px;--awb-spacing-right-large:1.92%;--awb-margin-bottom-large:45px;--awb-spacing-left-large:1.92%;--awb-width-medium:100%;--awb-order-medium:0;--awb-spacing-right-medium:1.92%;--awb-spacing-left-medium:1.92%;--awb-width-small:100%;--awb-order-small:0;--awb-spacing-right-small:1.92%;--awb-spacing-left-small:1.92%;\"><div class=\"fusion-column-wrapper fusion-column-has-shadow fusion-flex-justify-content-flex-start fusion-content-layout-column\"><div class=\"fusion-title title fusion-title-18 fusion-sep-none fusion-title-center fusion-title-text fusion-title-size-two\" style=\"--awb-text-color:#2970be;\"><h2 class=\"fusion-title-heading title-heading-center fusion-responsive-typography-calculated\" style=\"font-family:&quot;Lexend&quot;;font-style:normal;font-weight:600;margin:0;--fontSize:40;line-height:1.2;\">Unsere Partner<\/h2><\/div><\/div><\/div><div class=\"fusion-layout-column fusion_builder_column fusion-builder-column-52 fusion_builder_column_1_5 1_5 fusion-flex-column\" style=\"--awb-bg-size:cover;--awb-width-large:20%;--awb-margin-top-large:0px;--awb-spacing-right-large:9.6%;--awb-margin-bottom-large:20px;--awb-spacing-left-large:9.6%;--awb-width-medium:20%;--awb-order-medium:0;--awb-spacing-right-medium:9.6%;--awb-spacing-left-medium:9.6%;--awb-width-small:25%;--awb-order-small:0;--awb-spacing-right-small:7.68%;--awb-spacing-left-small:7.68%;\"><div class=\"fusion-column-wrapper fusion-column-has-shadow fusion-flex-justify-content-flex-start fusion-content-layout-column\"><div class=\"fusion-image-element \" style=\"text-align:center;--awb-caption-title-font-family:var(--h2_typography-font-family);--awb-caption-title-font-weight:var(--h2_typography-font-weight);--awb-caption-title-font-style:var(--h2_typography-font-style);--awb-caption-title-size:var(--h2_typography-font-size);--awb-caption-title-transform:var(--h2_typography-text-transform);--awb-caption-title-line-height:var(--h2_typography-line-height);--awb-caption-title-letter-spacing:var(--h2_typography-letter-spacing);\"><span class=\" fusion-imageframe imageframe-none imageframe-13 hover-type-none\"><img decoding=\"async\" width=\"800\" height=\"446\" alt=\"Logo des Bayrischen Roten Kreuz\" title=\"BRK-Logo-klein\" src=\"https:\/\/www.bayernfunk.digital\/wp-content\/uploads\/sites\/15\/2024\/04\/BRK-Logo@4x-1-800x446.png\" class=\"img-responsive wp-image-2733\"\/><\/span><\/div><\/div><\/div><div class=\"fusion-layout-column fusion_builder_column fusion-builder-column-53 fusion_builder_column_1_5 1_5 fusion-flex-column\" style=\"--awb-bg-size:cover;--awb-width-large:20%;--awb-margin-top-large:0px;--awb-spacing-right-large:9.6%;--awb-margin-bottom-large:20px;--awb-spacing-left-large:9.6%;--awb-width-medium:20%;--awb-order-medium:0;--awb-spacing-right-medium:9.6%;--awb-spacing-left-medium:9.6%;--awb-width-small:25%;--awb-order-small:0;--awb-spacing-right-small:7.68%;--awb-spacing-left-small:7.68%;\"><div class=\"fusion-column-wrapper fusion-column-has-shadow fusion-flex-justify-content-flex-start fusion-content-layout-column\"><div class=\"fusion-image-element \" style=\"text-align:center;--awb-caption-title-font-family:var(--h2_typography-font-family);--awb-caption-title-font-weight:var(--h2_typography-font-weight);--awb-caption-title-font-style:var(--h2_typography-font-style);--awb-caption-title-size:var(--h2_typography-font-size);--awb-caption-title-transform:var(--h2_typography-text-transform);--awb-caption-title-line-height:var(--h2_typography-line-height);--awb-caption-title-letter-spacing:var(--h2_typography-letter-spacing);\"><span class=\" fusion-imageframe imageframe-none imageframe-14 hover-type-none\"><img decoding=\"async\" width=\"800\" height=\"446\" alt=\"Logo des Fraunhofer IESE\" title=\"Fraunhofer-IESE-Logo-klein\" src=\"https:\/\/www.bayernfunk.digital\/wp-content\/uploads\/sites\/15\/2024\/04\/Fraunhofer-IESE-Logo@4x-1-800x446.png\" class=\"img-responsive wp-image-2736\"\/><\/span><\/div><\/div><\/div><div class=\"fusion-layout-column fusion_builder_column fusion-builder-column-54 fusion_builder_column_1_5 1_5 fusion-flex-column\" style=\"--awb-bg-size:cover;--awb-width-large:20%;--awb-margin-top-large:0px;--awb-spacing-right-large:9.6%;--awb-margin-bottom-large:20px;--awb-spacing-left-large:9.6%;--awb-width-medium:20%;--awb-order-medium:0;--awb-spacing-right-medium:9.6%;--awb-spacing-left-medium:9.6%;--awb-width-small:25%;--awb-order-small:0;--awb-spacing-right-small:7.68%;--awb-spacing-left-small:7.68%;\"><div class=\"fusion-column-wrapper fusion-column-has-shadow fusion-flex-justify-content-flex-start fusion-content-layout-column\"><div class=\"fusion-image-element \" style=\"text-align:center;--awb-caption-title-font-family:var(--h2_typography-font-family);--awb-caption-title-font-weight:var(--h2_typography-font-weight);--awb-caption-title-font-style:var(--h2_typography-font-style);--awb-caption-title-size:var(--h2_typography-font-size);--awb-caption-title-transform:var(--h2_typography-text-transform);--awb-caption-title-line-height:var(--h2_typography-line-height);--awb-caption-title-letter-spacing:var(--h2_typography-letter-spacing);\"><span class=\" fusion-imageframe imageframe-none imageframe-15 hover-type-none\"><img decoding=\"async\" width=\"800\" height=\"446\" alt=\"Logo des Landesfeuerwehrverbands Bayern\" title=\"LFV-Logo-klein\" src=\"https:\/\/www.bayernfunk.digital\/wp-content\/uploads\/sites\/15\/2024\/04\/LFV-Logo@4x-1-800x446.png\" class=\"img-responsive wp-image-2739\"\/><\/span><\/div><\/div><\/div><div class=\"fusion-layout-column fusion_builder_column fusion-builder-column-55 fusion_builder_column_1_5 1_5 fusion-flex-column\" style=\"--awb-bg-size:cover;--awb-width-large:20%;--awb-margin-top-large:0px;--awb-spacing-right-large:9.6%;--awb-margin-bottom-large:20px;--awb-spacing-left-large:9.6%;--awb-width-medium:20%;--awb-order-medium:0;--awb-spacing-right-medium:9.6%;--awb-spacing-left-medium:9.6%;--awb-width-small:25%;--awb-order-small:0;--awb-spacing-right-small:7.68%;--awb-spacing-left-small:7.68%;\"><div class=\"fusion-column-wrapper fusion-column-has-shadow fusion-flex-justify-content-flex-start fusion-content-layout-column\"><div class=\"fusion-image-element \" style=\"text-align:center;--awb-caption-title-font-family:var(--h2_typography-font-family);--awb-caption-title-font-weight:var(--h2_typography-font-weight);--awb-caption-title-font-style:var(--h2_typography-font-style);--awb-caption-title-size:var(--h2_typography-font-size);--awb-caption-title-transform:var(--h2_typography-text-transform);--awb-caption-title-line-height:var(--h2_typography-line-height);--awb-caption-title-letter-spacing:var(--h2_typography-letter-spacing);\"><span class=\" fusion-imageframe imageframe-none imageframe-16 hover-type-none\"><img decoding=\"async\" width=\"1508\" height=\"840\" title=\"VKB Logo neu@4x\" src=\"https:\/\/www.bayernfunk.digital\/wp-content\/uploads\/sites\/15\/2024\/05\/VKB-Logo-neu@4x.png\" alt class=\"img-responsive wp-image-3652\" srcset=\"https:\/\/www.bayernfunk.digital\/wp-content\/uploads\/sites\/15\/2024\/05\/VKB-Logo-neu@4x-200x111.png 200w, https:\/\/www.bayernfunk.digital\/wp-content\/uploads\/sites\/15\/2024\/05\/VKB-Logo-neu@4x-400x223.png 400w, https:\/\/www.bayernfunk.digital\/wp-content\/uploads\/sites\/15\/2024\/05\/VKB-Logo-neu@4x-600x334.png 600w, https:\/\/www.bayernfunk.digital\/wp-content\/uploads\/sites\/15\/2024\/05\/VKB-Logo-neu@4x-800x446.png 800w, https:\/\/www.bayernfunk.digital\/wp-content\/uploads\/sites\/15\/2024\/05\/VKB-Logo-neu@4x-1200x668.png 1200w, https:\/\/www.bayernfunk.digital\/wp-content\/uploads\/sites\/15\/2024\/05\/VKB-Logo-neu@4x.png 1508w\" sizes=\"(max-width: 640px) 100vw, 200px\" \/><\/span><\/div><\/div><\/div><\/div><\/div><div id=\"mitfunken-start\" class=\"fusion-container-anchor\"><div class=\"fusion-fullwidth fullwidth-box fusion-builder-row-17 fusion-flex-container has-pattern-background has-mask-background nonhundred-percent-fullwidth non-hundred-percent-height-scrolling\" style=\"--awb-border-radius-top-left:0px;--awb-border-radius-top-right:0px;--awb-border-radius-bottom-right:0px;--awb-border-radius-bottom-left:0px;--awb-padding-top:20px;--awb-padding-bottom:20px;--awb-padding-right-medium:40px;--awb-padding-left-medium:40px;--awb-padding-right-small:40px;--awb-padding-left-small:40px;--awb-margin-bottom:90px;--awb-margin-bottom-small:30px;--awb-background-image:radial-gradient(circle at left center, #0798d4 0%,#9ecfd3 100%);--awb-flex-wrap:wrap;--awb-flex-wrap-medium:wrap;\" ><div class=\"fusion-builder-row fusion-row fusion-flex-align-items-center fusion-flex-content-wrap\" style=\"max-width:1248px;margin-left: calc(-4% \/ 2 );margin-right: calc(-4% \/ 2 );\"><div class=\"fusion-layout-column fusion_builder_column fusion-builder-column-56 fusion_builder_column_2_3 2_3 fusion-flex-column fusion-flex-align-self-center\" style=\"--awb-bg-size:cover;--awb-width-large:66.666666666667%;--awb-margin-top-large:0px;--awb-spacing-right-large:0%;--awb-margin-bottom-large:0px;--awb-spacing-left-large:2.88%;--awb-width-medium:66.666666666667%;--awb-order-medium:0;--awb-spacing-right-medium:0%;--awb-spacing-left-medium:3.456%;--awb-width-small:100%;--awb-order-small:0;--awb-spacing-right-small:0%;--awb-spacing-left-small:0%;\"><div class=\"fusion-column-wrapper fusion-column-has-shadow fusion-flex-justify-content-flex-start fusion-content-layout-column\"><div class=\"fusion-title title fusion-title-19 fusion-sep-none fusion-title-text fusion-title-size-three\" style=\"--awb-text-color:#ffffff;\"><h3 class=\"fusion-title-heading title-heading-left fusion-responsive-typography-calculated\" style=\"font-family:&quot;Lexend&quot;;font-style:normal;font-weight:700;margin:0;--fontSize:37;line-height:1.3;\">Aus BayernFunk wird StadtLand.Funk<\/h3><\/div><div class=\"fusion-text fusion-text-18\" style=\"--awb-text-color:#ffffff;\"><p>Der Name ist neu, die Idee bleibt: Menschen in ihrer Region einfach miteinander verbinden. Damit das noch besser funktioniert, gibt es die App jetzt mit frischem Design und einer moderneren technischen Basis. Dein Konto, deine Beitr\u00e4ge, Kommentare, Likes und Gruppen ziehen nat\u00fcrlich mit um.<\/p>\n<\/div><div class=\"fusion-builder-row fusion-builder-row-inner fusion-row fusion-flex-align-items-center fusion-flex-content-wrap\" style=\"width:104% !important;max-width:104% !important;margin-left: calc(-4% \/ 2 );margin-right: calc(-4% \/ 2 );\"><div class=\"fusion-layout-column fusion_builder_column_inner fusion-builder-nested-column-10 fusion_builder_column_inner_1_1 1_1 fusion-flex-column\" style=\"--awb-bg-size:cover;--awb-width-large:100%;--awb-margin-top-large:0px;--awb-spacing-right-large:1.92%;--awb-margin-bottom-large:20px;--awb-spacing-left-large:1.92%;--awb-width-medium:33.333333333333%;--awb-order-medium:0;--awb-spacing-right-medium:5.76%;--awb-spacing-left-medium:5.76%;--awb-width-small:100%;--awb-order-small:0;--awb-spacing-right-small:1.92%;--awb-spacing-left-small:1.92%;\"><div class=\"fusion-column-wrapper fusion-column-has-shadow fusion-flex-justify-content-flex-start fusion-content-layout-column\"><div style=\"text-align:center;\"><a class=\"fusion-button button-flat fusion-button-default-size button-default fusion-button-default button-10 fusion-button-default-span fusion-button-default-type\" target=\"_self\" href=\"https:\/\/smartesland.de\/mitfunken\"><span class=\"fusion-button-text\">Hier Herunterlanden<\/span><\/a><\/div><\/div><\/div><\/div><\/div><\/div><div class=\"fusion-layout-column fusion_builder_column fusion-builder-column-57 fusion_builder_column_1_3 1_3 fusion-flex-column\" style=\"--awb-bg-size:cover;--awb-width-large:33.333333333333%;--awb-margin-top-large:0px;--awb-spacing-right-large:5.76%;--awb-margin-bottom-large:20px;--awb-spacing-left-large:5.76%;--awb-width-medium:33.333333333333%;--awb-order-medium:0;--awb-spacing-right-medium:0%;--awb-spacing-left-medium:5.76%;--awb-width-small:100%;--awb-order-small:0;--awb-spacing-right-small:0%;--awb-spacing-left-small:0%;\"><div class=\"fusion-column-wrapper fusion-column-has-shadow fusion-flex-justify-content-flex-start fusion-content-layout-column\"><div class=\"fusion-image-element \" style=\"text-align:center;--awb-margin-top:25px;--awb-max-width:300px;--awb-caption-title-font-family:var(--h2_typography-font-family);--awb-caption-title-font-weight:var(--h2_typography-font-weight);--awb-caption-title-font-style:var(--h2_typography-font-style);--awb-caption-title-size:var(--h2_typography-font-size);--awb-caption-title-transform:var(--h2_typography-text-transform);--awb-caption-title-line-height:var(--h2_typography-line-height);--awb-caption-title-letter-spacing:var(--h2_typography-letter-spacing);\"><span class=\" fusion-imageframe imageframe-none imageframe-17 hover-type-none\"><a href=\"https:\/\/www.bayernfunk.digital\/wp-content\/uploads\/sites\/15\/2026\/04\/smartphone_app-300x300.webp\" class=\"fusion-lightbox\" data-rel=\"iLightbox[a5d9156e0515c029d7c]\" data-title=\"smartphone_app\" title=\"smartphone_app\"><img decoding=\"async\" width=\"300\" height=\"300\" src=\"https:\/\/www.bayernfunk.digital\/wp-content\/uploads\/sites\/15\/2026\/04\/smartphone_app-300x300.webp\" alt class=\"img-responsive wp-image-3733\" srcset=\"https:\/\/www.bayernfunk.digital\/wp-content\/uploads\/sites\/15\/2026\/04\/smartphone_app-66x66.webp 66w, https:\/\/www.bayernfunk.digital\/wp-content\/uploads\/sites\/15\/2026\/04\/smartphone_app-150x150.webp 150w, https:\/\/www.bayernfunk.digital\/wp-content\/uploads\/sites\/15\/2026\/04\/smartphone_app-200x200.webp 200w, https:\/\/www.bayernfunk.digital\/wp-content\/uploads\/sites\/15\/2026\/04\/smartphone_app-300x300.webp 300w, https:\/\/www.bayernfunk.digital\/wp-content\/uploads\/sites\/15\/2026\/04\/smartphone_app-400x400.webp 400w, https:\/\/www.bayernfunk.digital\/wp-content\/uploads\/sites\/15\/2026\/04\/smartphone_app-600x600.webp 600w, https:\/\/www.bayernfunk.digital\/wp-content\/uploads\/sites\/15\/2026\/04\/smartphone_app-768x768.webp 768w, https:\/\/www.bayernfunk.digital\/wp-content\/uploads\/sites\/15\/2026\/04\/smartphone_app-800x800.webp 800w, https:\/\/www.bayernfunk.digital\/wp-content\/uploads\/sites\/15\/2026\/04\/smartphone_app.webp 1000w\" sizes=\"(max-width: 640px) 100vw, 400px\" \/><\/a><\/span><\/div><\/div><\/div><\/div><\/div><\/div>\n<div class=\"fusion-fullwidth fullwidth-box fusion-builder-row-18 fusion-flex-container has-pattern-background has-mask-background nonhundred-percent-fullwidth non-hundred-percent-height-scrolling fusion-no-small-visibility\" style=\"--awb-border-radius-top-left:0px;--awb-border-radius-top-right:0px;--awb-border-radius-bottom-right:0px;--awb-border-radius-bottom-left:0px;--awb-padding-top:10px;--awb-margin-top:0px;--awb-margin-bottom:20px;--awb-flex-wrap:wrap;\" ><div class=\"fusion-builder-row fusion-row fusion-flex-align-items-flex-start fusion-flex-content-wrap\" style=\"max-width:1248px;margin-left: calc(-4% \/ 2 );margin-right: calc(-4% \/ 2 );\"><div class=\"fusion-layout-column fusion_builder_column fusion-builder-column-58 fusion_builder_column_1_1 1_1 fusion-flex-column\" style=\"--awb-bg-size:cover;--awb-width-large:100%;--awb-margin-top-large:0px;--awb-spacing-right-large:1.92%;--awb-margin-bottom-large:20px;--awb-spacing-left-large:1.92%;--awb-width-medium:100%;--awb-order-medium:0;--awb-spacing-right-medium:1.92%;--awb-spacing-left-medium:1.92%;--awb-width-small:100%;--awb-order-small:0;--awb-spacing-right-small:1.92%;--awb-spacing-left-small:1.92%;\"><div class=\"fusion-column-wrapper fusion-column-has-shadow fusion-flex-justify-content-flex-start fusion-content-layout-column\"><div class=\"fusion-title title fusion-title-20 fusion-sep-none fusion-title-center fusion-title-text fusion-title-size-two\" style=\"--awb-text-color:#2970be;\"><h2 class=\"fusion-title-heading title-heading-center fusion-responsive-typography-calculated\" style=\"font-family:&quot;Lexend&quot;;font-style:normal;font-weight:600;margin:0;--fontSize:40;line-height:1.2;\">Das sagen unsere Gemeinden<\/h2><\/div><\/div><\/div><div class=\"fusion-layout-column fusion_builder_column fusion-builder-column-59 fusion_builder_column_2_3 2_3 fusion-flex-column fusion-flex-align-self-center\" style=\"--awb-padding-top:20px;--awb-padding-right:20px;--awb-padding-bottom:20px;--awb-padding-left:20px;--awb-overflow:hidden;--awb-bg-color:var(--awb-custom_color_1);--awb-bg-color-hover:var(--awb-custom_color_1);--awb-bg-size:cover;--awb-border-radius:20px 20px 20px 20px;--awb-width-large:66.666666666667%;--awb-margin-top-large:0px;--awb-spacing-right-large:2.88%;--awb-margin-bottom-large:20px;--awb-spacing-left-large:2.88%;--awb-width-medium:66.666666666667%;--awb-order-medium:0;--awb-spacing-right-medium:2.88%;--awb-spacing-left-medium:2.88%;--awb-width-small:100%;--awb-order-small:0;--awb-spacing-right-small:1.92%;--awb-spacing-left-small:1.92%;\"><div class=\"fusion-column-wrapper fusion-column-has-shadow fusion-flex-justify-content-flex-start fusion-content-layout-column\"><div class=\"fusion-testimonials classic awb-speech-bubble-show fusion-testimonials-1\" style=\"--awb-textcolor:var(--awb-color1);--awb-testimonial-text-font-size:10px;--awb-backgroundcolor:#f7f7f7;--awb-testimonial-border-style:solid;--awb-testimonial-border-color:var(--awb-color3);--awb-navigation-size:12px;--awb-border-top-left-radius:20px;--awb-border-top-right-radius:20px;--awb-border-bottom-left-radius:20px;--awb-border-bottom-right-radius:20px;--testimonial-border-width-top:0px;--testimonial-border-width-right:0px;--testimonial-border-width-bottom:0px;--testimonial-border-width-left:0px;\" data-random=\"0\" data-speed=\"11500\"><div class=\"reviews\"><div class=\"review active-testimonial alignment-left avatar-image\" style=\"--awb-avatar-size:80px;\"><blockquote><div class=\"awb-quote\"><div class=\"awb-quote-content\">\n<p><span style=\"color: #4a4e57\">\u201cAuf der Suche nach einem kurzen Draht zu unseren B\u00fcrgern und Vereinen haben wir den BayernFunk gefunden, welches von unseren Ortsvereinen sehr gut angenommen wurde. Wir erfreuen uns \u00fcber hohe Zugriffszahlen auch im Bereich Ehrenamt und Events ist eine Vielfalt an Angeboten, was auch genutzt wird!\u201d<\/span><\/p>\n<\/div><\/div><span class=\"awb-triangle\"><\/span><\/blockquote><div class=\"author\"><span class=\"testimonial-thumbnail\"><img decoding=\"async\" class=\"testimonial-image\" src=\"https:\/\/www.bayernfunk.digital\/wp-content\/uploads\/sites\/15\/2024\/02\/csm_Heimerl__002__46c187235e-e1709038869663.jpg\" width=\"450\" height=\"450\" style=\"--awb-border-radius:50%;\" \/><\/span><span class=\"company-name\"><strong>Maximilian Heimerl<\/strong><span>, <\/span><span>Landrat d. Landkreis M\u00fchldorf am Inn<\/span><\/span><\/div><\/div><\/div><\/div><\/div><\/div><div class=\"fusion-layout-column fusion_builder_column fusion-builder-column-60 fusion_builder_column_1_3 1_3 fusion-flex-column\" style=\"--awb-bg-size:cover;--awb-width-large:33.333333333333%;--awb-margin-top-large:0px;--awb-spacing-right-large:5.76%;--awb-margin-bottom-large:20px;--awb-spacing-left-large:5.76%;--awb-width-medium:33.333333333333%;--awb-order-medium:0;--awb-spacing-right-medium:5.76%;--awb-spacing-left-medium:5.76%;--awb-width-small:100%;--awb-order-small:0;--awb-spacing-right-small:1.92%;--awb-spacing-left-small:1.92%;\"><div class=\"fusion-column-wrapper fusion-column-has-shadow fusion-flex-justify-content-flex-start fusion-content-layout-column\"><\/div><\/div><div class=\"fusion-layout-column fusion_builder_column fusion-builder-column-61 fusion_builder_column_1_3 1_3 fusion-flex-column\" style=\"--awb-bg-size:cover;--awb-width-large:33.333333333333%;--awb-margin-top-large:0px;--awb-spacing-right-large:5.76%;--awb-margin-bottom-large:20px;--awb-spacing-left-large:5.76%;--awb-width-medium:33.333333333333%;--awb-order-medium:0;--awb-spacing-right-medium:5.76%;--awb-spacing-left-medium:5.76%;--awb-width-small:100%;--awb-order-small:0;--awb-spacing-right-small:1.92%;--awb-spacing-left-small:1.92%;\"><div class=\"fusion-column-wrapper fusion-column-has-shadow fusion-flex-justify-content-flex-start fusion-content-layout-column\"><\/div><\/div><div class=\"fusion-layout-column fusion_builder_column fusion-builder-column-62 fusion_builder_column_2_3 2_3 fusion-flex-column fusion-flex-align-self-center\" style=\"--awb-padding-top:20px;--awb-padding-right:20px;--awb-padding-bottom:20px;--awb-padding-left:20px;--awb-overflow:hidden;--awb-bg-color:var(--awb-custom_color_1);--awb-bg-color-hover:var(--awb-custom_color_1);--awb-bg-size:cover;--awb-border-radius:20px 20px 20px 20px;--awb-width-large:66.666666666667%;--awb-margin-top-large:0px;--awb-spacing-right-large:2.88%;--awb-margin-bottom-large:20px;--awb-spacing-left-large:2.88%;--awb-width-medium:66.666666666667%;--awb-order-medium:0;--awb-spacing-right-medium:2.88%;--awb-spacing-left-medium:2.88%;--awb-width-small:100%;--awb-order-small:0;--awb-spacing-right-small:1.92%;--awb-spacing-left-small:1.92%;\"><div class=\"fusion-column-wrapper fusion-column-has-shadow fusion-flex-justify-content-flex-start fusion-content-layout-column\"><div class=\"fusion-testimonials classic awb-speech-bubble-show fusion-testimonials-2\" style=\"--awb-textcolor:var(--awb-color1);--awb-backgroundcolor:#f7f7f7;--awb-testimonial-border-style:solid;--awb-testimonial-border-color:var(--awb-color3);--awb-border-top-left-radius:0px;--awb-border-top-right-radius:0px;--awb-border-bottom-left-radius:0px;--awb-border-bottom-right-radius:0px;--testimonial-border-width-top:0px;--testimonial-border-width-right:0px;--testimonial-border-width-bottom:0px;--testimonial-border-width-left:0px;\" data-random=\"0\" data-speed=\"11500\"><div class=\"reviews\"><div class=\"review active-testimonial avatar-image\"><blockquote><div class=\"awb-quote\"><div class=\"awb-quote-content\">\n<p><span style=\"color: #4a4e57\">\u201cMit dem BayernFunk sahen wir die einmalige Chance den Wunsch nach einer Gemeinde-App, den wir schon l\u00e4nger hegen, z\u00fcgig und kosteng\u00fcnstig umzusetzen. Die Gemeinde Retzstadt hat mit \u00fcber 20 Vereinen und Verb\u00e4nden bei 1.580 Einwohnern ein sehr aktives Dorfleben. Gerade hier erhoffen wir uns durch die App eine noch bessere Vernetzung untereinander, vor allem durch den schnellen und direkten Austausch von Informationen.\u201d<\/span><\/p>\n<\/div><\/div><span class=\"awb-triangle\"><\/span><\/blockquote><div class=\"author\"><span class=\"testimonial-thumbnail\"><img decoding=\"async\" class=\"testimonial-image\" src=\"https:\/\/www.bayernfunk.digital\/wp-content\/uploads\/sites\/15\/2024\/02\/img_0344-b140px-e1709038917503.jpg\" width=\"140\" height=\"140\" style=\"--awb-border-radius:50%;\" \/><\/span><span class=\"company-name\"><strong>Karl Gerhard<\/strong><span>, <\/span><span>1. B\u00fcrgermeister Retzstadt<\/span><\/span><\/div><\/div><\/div><\/div><\/div><\/div><\/div><\/div><div class=\"fusion-fullwidth fullwidth-box fusion-builder-row-19 fusion-flex-container has-pattern-background has-mask-background nonhundred-percent-fullwidth non-hundred-percent-height-scrolling fusion-no-medium-visibility fusion-no-large-visibility\" style=\"--awb-border-radius-top-left:0px;--awb-border-radius-top-right:0px;--awb-border-radius-bottom-right:0px;--awb-border-radius-bottom-left:0px;--awb-padding-top:10px;--awb-margin-top:0px;--awb-margin-bottom:20px;--awb-margin-bottom-small:0px;--awb-flex-wrap:wrap;\" ><div class=\"fusion-builder-row fusion-row fusion-flex-align-items-flex-start fusion-flex-content-wrap\" style=\"max-width:1248px;margin-left: calc(-4% \/ 2 );margin-right: calc(-4% \/ 2 );\"><div class=\"fusion-layout-column fusion_builder_column fusion-builder-column-63 fusion_builder_column_1_1 1_1 fusion-flex-column\" style=\"--awb-bg-size:cover;--awb-width-large:100%;--awb-margin-top-large:0px;--awb-spacing-right-large:1.92%;--awb-margin-bottom-large:20px;--awb-spacing-left-large:1.92%;--awb-width-medium:100%;--awb-order-medium:0;--awb-spacing-right-medium:1.92%;--awb-spacing-left-medium:1.92%;--awb-width-small:100%;--awb-order-small:0;--awb-spacing-right-small:1.92%;--awb-spacing-left-small:1.92%;\"><div class=\"fusion-column-wrapper fusion-column-has-shadow fusion-flex-justify-content-flex-start fusion-content-layout-column\"><div class=\"fusion-title title fusion-title-21 fusion-sep-none fusion-title-center fusion-title-text fusion-title-size-three\" style=\"--awb-text-color:#2970be;\"><h3 class=\"fusion-title-heading title-heading-center fusion-responsive-typography-calculated\" style=\"font-family:&quot;Lexend&quot;;font-style:normal;font-weight:600;margin:0;--fontSize:37;line-height:1.3;\">Das sagen unsere Gemeinden<\/h3><\/div><\/div><\/div><div class=\"fusion-layout-column fusion_builder_column fusion-builder-column-64 fusion_builder_column_2_3 2_3 fusion-flex-column\" style=\"--awb-padding-top:20px;--awb-padding-right:20px;--awb-padding-bottom:20px;--awb-padding-left:20px;--awb-overflow:hidden;--awb-bg-color:var(--awb-custom_color_1);--awb-bg-color-hover:var(--awb-custom_color_1);--awb-bg-size:cover;--awb-border-radius:20px 20px 20px 20px;--awb-width-large:66.666666666667%;--awb-margin-top-large:0px;--awb-spacing-right-large:2.88%;--awb-margin-bottom-large:20px;--awb-spacing-left-large:2.88%;--awb-width-medium:66.666666666667%;--awb-order-medium:0;--awb-spacing-right-medium:2.88%;--awb-spacing-left-medium:2.88%;--awb-width-small:100%;--awb-order-small:0;--awb-spacing-right-small:1.92%;--awb-spacing-left-small:1.92%;\"><div class=\"fusion-column-wrapper fusion-column-has-shadow fusion-flex-justify-content-flex-start fusion-content-layout-column\"><div class=\"fusion-testimonials classic awb-speech-bubble-show fusion-testimonials-3\" style=\"--awb-name-company-font-size:12px;--awb-textcolor:var(--awb-color1);--awb-testimonial-text-font-size:10px;--awb-backgroundcolor:#f7f7f7;--awb-testimonial-border-style:solid;--awb-testimonial-border-color:var(--awb-color3);--awb-navigation-size:12px;--awb-border-top-left-radius:20px;--awb-border-top-right-radius:20px;--awb-border-bottom-left-radius:20px;--awb-border-bottom-right-radius:20px;--testimonial-border-width-top:0px;--testimonial-border-width-right:0px;--testimonial-border-width-bottom:0px;--testimonial-border-width-left:0px;--awb-name-company-font-family:&quot;Lexend&quot;;--awb-name-company-font-style:normal;--awb-name-company-font-weight:400;\" data-random=\"0\" data-speed=\"11500\"><div class=\"reviews\"><div class=\"review active-testimonial alignment-left avatar-image\" style=\"--awb-avatar-size:80px;\"><blockquote><div class=\"awb-quote\"><div class=\"awb-quote-content\">\n<p><span style=\"color: #4a4e57\">\u201cAuf der Suche nach einem kurzen Draht zu unseren B\u00fcrgern und Vereinen haben wir den BayernFunk gefunden, welches von unseren Ortsvereinen sehr gut angenommen wurde. Wir erfreuen uns \u00fcber hohe Zugriffszahlen auch im Bereich Ehrenamt und Events ist eine Vielfalt an Angeboten, was auch genutzt wird!\u201d<\/span><\/p>\n<\/div><\/div><span class=\"awb-triangle\"><\/span><\/blockquote><div class=\"author\"><span class=\"testimonial-thumbnail\"><img decoding=\"async\" class=\"testimonial-image\" src=\"https:\/\/www.bayernfunk.digital\/wp-content\/uploads\/sites\/15\/2024\/02\/csm_Heimerl__002__46c187235e-e1709038869663.jpg\" width=\"450\" height=\"450\" style=\"--awb-border-radius:50%;\" \/><\/span><span class=\"company-name\"><strong>Maximilian Heimerl<\/strong><span>, <\/span><span>Landrat d. Landkreis M\u00fchldorf am Inn<\/span><\/span><\/div><\/div><\/div><\/div><\/div><\/div><div class=\"fusion-layout-column fusion_builder_column fusion-builder-column-65 fusion_builder_column_2_3 2_3 fusion-flex-column\" style=\"--awb-padding-top:20px;--awb-padding-right:20px;--awb-padding-bottom:20px;--awb-padding-left:20px;--awb-overflow:hidden;--awb-bg-color:var(--awb-custom_color_1);--awb-bg-color-hover:var(--awb-custom_color_1);--awb-bg-size:cover;--awb-border-radius:20px 20px 20px 20px;--awb-width-large:66.666666666667%;--awb-margin-top-large:0px;--awb-spacing-right-large:2.88%;--awb-margin-bottom-large:20px;--awb-spacing-left-large:2.88%;--awb-width-medium:66.666666666667%;--awb-order-medium:0;--awb-spacing-right-medium:2.88%;--awb-spacing-left-medium:2.88%;--awb-width-small:100%;--awb-order-small:0;--awb-spacing-right-small:1.92%;--awb-spacing-left-small:1.92%;\"><div class=\"fusion-column-wrapper fusion-column-has-shadow fusion-flex-justify-content-flex-start fusion-content-layout-column\"><div class=\"fusion-testimonials classic awb-speech-bubble-show fusion-testimonials-4\" style=\"--awb-textcolor:var(--awb-color1);--awb-backgroundcolor:#f7f7f7;--awb-testimonial-border-style:solid;--awb-testimonial-border-color:var(--awb-color3);--awb-border-top-left-radius:0px;--awb-border-top-right-radius:0px;--awb-border-bottom-left-radius:0px;--awb-border-bottom-right-radius:0px;--testimonial-border-width-top:0px;--testimonial-border-width-right:0px;--testimonial-border-width-bottom:0px;--testimonial-border-width-left:0px;\" data-random=\"0\" data-speed=\"11500\"><div class=\"reviews\"><div class=\"review active-testimonial avatar-image\"><blockquote><div class=\"awb-quote\"><div class=\"awb-quote-content\">\n<p><span style=\"color: #4a4e57\">\u201cMit dem BayernFunk sahen wir die einmalige Chance den Wunsch nach einer Gemeinde-App, den wir schon l\u00e4nger hegen, z\u00fcgig und kosteng\u00fcnstig umzusetzen. Die Gemeinde Retzstadt hat mit \u00fcber 20 Vereinen und Verb\u00e4nden bei 1.580 Einwohnern ein sehr aktives Dorfleben. Gerade hier erhoffen wir uns durch die App eine noch bessere Vernetzung untereinander, vor allem durch den schnellen und direkten Austausch von Informationen.\u201d<\/span><\/p>\n<\/div><\/div><span class=\"awb-triangle\"><\/span><\/blockquote><div class=\"author\"><span class=\"testimonial-thumbnail\"><img decoding=\"async\" class=\"testimonial-image\" src=\"https:\/\/www.bayernfunk.digital\/wp-content\/uploads\/sites\/15\/2024\/02\/img_0344-b140px-e1709038917503.jpg\" width=\"140\" height=\"140\" style=\"--awb-border-radius:50%;\" \/><\/span><span class=\"company-name\"><strong>Karl Gerhard<\/strong><span>, <\/span><span>1. B\u00fcrgermeister Retzstadt<\/span><\/span><\/div><\/div><\/div><\/div><\/div><\/div><\/div><\/div><\/p>\n","protected":false},"excerpt":{"rendered":"","protected":false},"author":6,"featured_media":0,"parent":0,"menu_order":0,"comment_status":"closed","ping_status":"closed","template":"100-width.php","meta":{"footnotes":""},"class_list":["post-29","page","type-page","status-publish","hentry"],"yoast_head":"<!-- This site is optimized with the Yoast SEO plugin v27.4 - https:\/\/yoast.com\/product\/yoast-seo-wordpress\/ -->\n<title>BayernFunk - das soziale Netzwerk f\u00fcr Bayerns Kommunen<\/title>\n<meta name=\"description\" content=\"Ob offizelle Meldungen der Kommune oder nur ein Ratsch unter B\u00fcrgern. Mit dem BayernFunk findet das Gemeindeleben nun auch digital statt.\" \/>\n<meta name=\"robots\" content=\"index, follow, max-snippet:-1, max-image-preview:large, max-video-preview:-1\" \/>\n<link rel=\"canonical\" href=\"https:\/\/www.bayernfunk.digital\/\" \/>\n<meta property=\"og:locale\" content=\"de_DE\" \/>\n<meta property=\"og:type\" content=\"article\" \/>\n<meta property=\"og:title\" content=\"BayernFunk - das soziale Netzwerk f\u00fcr Bayerns Kommunen\" \/>\n<meta property=\"og:description\" content=\"Ob offizelle Meldungen der Kommune oder nur ein Ratsch unter B\u00fcrgern. Mit dem BayernFunk findet das Gemeindeleben nun auch digital statt.\" \/>\n<meta property=\"og:url\" content=\"https:\/\/www.bayernfunk.digital\/\" \/>\n<meta property=\"og:site_name\" content=\"BayernFunk\" \/>\n<meta property=\"article:modified_time\" content=\"2026-04-21T13:04:32+00:00\" \/>\n<meta name=\"twitter:card\" content=\"summary_large_image\" \/>\n<meta name=\"twitter:label1\" content=\"Gesch\u00e4tzte Lesezeit\" \/>\n\t<meta name=\"twitter:data1\" content=\"59\u00a0Minuten\" \/>\n<script type=\"application\/ld+json\" class=\"yoast-schema-graph\">{\"@context\":\"https:\\\/\\\/schema.org\",\"@graph\":[{\"@type\":\"WebPage\",\"@id\":\"https:\\\/\\\/www.bayernfunk.digital\\\/\",\"url\":\"https:\\\/\\\/www.bayernfunk.digital\\\/\",\"name\":\"BayernFunk - das soziale Netzwerk f\u00fcr Bayerns Kommunen\",\"isPartOf\":{\"@id\":\"https:\\\/\\\/www.bayernfunk.digital\\\/#website\"},\"datePublished\":\"2021-10-13T14:14:28+00:00\",\"dateModified\":\"2026-04-21T13:04:32+00:00\",\"description\":\"Ob offizelle Meldungen der Kommune oder nur ein Ratsch unter B\u00fcrgern. Mit dem BayernFunk findet das Gemeindeleben nun auch digital statt.\",\"breadcrumb\":{\"@id\":\"https:\\\/\\\/www.bayernfunk.digital\\\/#breadcrumb\"},\"inLanguage\":\"de\",\"potentialAction\":[{\"@type\":\"ReadAction\",\"target\":[\"https:\\\/\\\/www.bayernfunk.digital\\\/\"]}]},{\"@type\":\"BreadcrumbList\",\"@id\":\"https:\\\/\\\/www.bayernfunk.digital\\\/#breadcrumb\",\"itemListElement\":[{\"@type\":\"ListItem\",\"position\":1,\"name\":\"Startseite\",\"item\":\"https:\\\/\\\/www.bayernfunk.digital\\\/\"},{\"@type\":\"ListItem\",\"position\":2,\"name\":\"BayernFunk\"}]},{\"@type\":\"WebSite\",\"@id\":\"https:\\\/\\\/www.bayernfunk.digital\\\/#website\",\"url\":\"https:\\\/\\\/www.bayernfunk.digital\\\/\",\"name\":\"BayernFunk\",\"description\":\"Nachrichten und Angebote aus und f\u00fcr Bayern\",\"potentialAction\":[{\"@type\":\"SearchAction\",\"target\":{\"@type\":\"EntryPoint\",\"urlTemplate\":\"https:\\\/\\\/www.bayernfunk.digital\\\/?s={search_term_string}\"},\"query-input\":{\"@type\":\"PropertyValueSpecification\",\"valueRequired\":true,\"valueName\":\"search_term_string\"}}],\"inLanguage\":\"de\"}]}<\/script>\n<!-- \/ Yoast SEO plugin. -->","yoast_head_json":{"title":"BayernFunk - das soziale Netzwerk f\u00fcr Bayerns Kommunen","description":"Ob offizelle Meldungen der Kommune oder nur ein Ratsch unter B\u00fcrgern. Mit dem BayernFunk findet das Gemeindeleben nun auch digital statt.","robots":{"index":"index","follow":"follow","max-snippet":"max-snippet:-1","max-image-preview":"max-image-preview:large","max-video-preview":"max-video-preview:-1"},"canonical":"https:\/\/www.bayernfunk.digital\/","og_locale":"de_DE","og_type":"article","og_title":"BayernFunk - das soziale Netzwerk f\u00fcr Bayerns Kommunen","og_description":"Ob offizelle Meldungen der Kommune oder nur ein Ratsch unter B\u00fcrgern. Mit dem BayernFunk findet das Gemeindeleben nun auch digital statt.","og_url":"https:\/\/www.bayernfunk.digital\/","og_site_name":"BayernFunk","article_modified_time":"2026-04-21T13:04:32+00:00","twitter_card":"summary_large_image","twitter_misc":{"Gesch\u00e4tzte Lesezeit":"59\u00a0Minuten"},"schema":{"@context":"https:\/\/schema.org","@graph":[{"@type":"WebPage","@id":"https:\/\/www.bayernfunk.digital\/","url":"https:\/\/www.bayernfunk.digital\/","name":"BayernFunk - das soziale Netzwerk f\u00fcr Bayerns Kommunen","isPartOf":{"@id":"https:\/\/www.bayernfunk.digital\/#website"},"datePublished":"2021-10-13T14:14:28+00:00","dateModified":"2026-04-21T13:04:32+00:00","description":"Ob offizelle Meldungen der Kommune oder nur ein Ratsch unter B\u00fcrgern. Mit dem BayernFunk findet das Gemeindeleben nun auch digital statt.","breadcrumb":{"@id":"https:\/\/www.bayernfunk.digital\/#breadcrumb"},"inLanguage":"de","potentialAction":[{"@type":"ReadAction","target":["https:\/\/www.bayernfunk.digital\/"]}]},{"@type":"BreadcrumbList","@id":"https:\/\/www.bayernfunk.digital\/#breadcrumb","itemListElement":[{"@type":"ListItem","position":1,"name":"Startseite","item":"https:\/\/www.bayernfunk.digital\/"},{"@type":"ListItem","position":2,"name":"BayernFunk"}]},{"@type":"WebSite","@id":"https:\/\/www.bayernfunk.digital\/#website","url":"https:\/\/www.bayernfunk.digital\/","name":"BayernFunk","description":"Nachrichten und Angebote aus und f\u00fcr Bayern","potentialAction":[{"@type":"SearchAction","target":{"@type":"EntryPoint","urlTemplate":"https:\/\/www.bayernfunk.digital\/?s={search_term_string}"},"query-input":{"@type":"PropertyValueSpecification","valueRequired":true,"valueName":"search_term_string"}}],"inLanguage":"de"}]}},"_links":{"self":[{"href":"https:\/\/www.bayernfunk.digital\/index.php\/wp-json\/wp\/v2\/pages\/29","targetHints":{"allow":["GET"]}}],"collection":[{"href":"https:\/\/www.bayernfunk.digital\/index.php\/wp-json\/wp\/v2\/pages"}],"about":[{"href":"https:\/\/www.bayernfunk.digital\/index.php\/wp-json\/wp\/v2\/types\/page"}],"author":[{"embeddable":true,"href":"https:\/\/www.bayernfunk.digital\/index.php\/wp-json\/wp\/v2\/users\/6"}],"replies":[{"embeddable":true,"href":"https:\/\/www.bayernfunk.digital\/index.php\/wp-json\/wp\/v2\/comments?post=29"}],"version-history":[{"count":368,"href":"https:\/\/www.bayernfunk.digital\/index.php\/wp-json\/wp\/v2\/pages\/29\/revisions"}],"predecessor-version":[{"id":3657,"href":"https:\/\/www.bayernfunk.digital\/index.php\/wp-json\/wp\/v2\/pages\/29\/revisions\/3657"}],"wp:attachment":[{"href":"https:\/\/www.bayernfunk.digital\/index.php\/wp-json\/wp\/v2\/media?parent=29"}],"curies":[{"name":"wp","href":"https:\/\/api.w.org\/{rel}","templated":true}]}}