{"id":1546,"date":"2024-02-27T14:32:01","date_gmt":"2024-02-27T14:32:01","guid":{"rendered":"https:\/\/www.bayernfunk.digital\/?page_id=1546"},"modified":"2024-04-11T15:51:56","modified_gmt":"2024-04-11T15:51:56","slug":"haeufige-fragen","status":"publish","type":"page","link":"https:\/\/www.bayernfunk.digital\/index.php\/haeufige-fragen\/","title":{"rendered":"H\u00e4ufige Fragen"},"content":{"rendered":"<p><div class=\"fusion-fullwidth fullwidth-box fusion-builder-row-1 fusion-flex-container has-pattern-background has-mask-background nonhundred-percent-fullwidth non-hundred-percent-height-scrolling\" style=\"--awb-border-radius-top-left:0px;--awb-border-radius-top-right:0px;--awb-border-radius-bottom-right:0px;--awb-border-radius-bottom-left:0px;--awb-flex-wrap:wrap;\" ><div class=\"fusion-builder-row fusion-row fusion-flex-align-items-flex-start fusion-flex-content-wrap\" style=\"max-width:1248px;margin-left: calc(-4% \/ 2 );margin-right: calc(-4% \/ 2 );\"><div class=\"fusion-layout-column fusion_builder_column fusion-builder-column-0 fusion_builder_column_1_1 1_1 fusion-flex-column\" style=\"--awb-bg-size:cover;--awb-width-large:100%;--awb-margin-top-large:0px;--awb-spacing-right-large:1.92%;--awb-margin-bottom-large:20px;--awb-spacing-left-large:1.92%;--awb-width-medium:100%;--awb-order-medium:0;--awb-spacing-right-medium:1.92%;--awb-spacing-left-medium:1.92%;--awb-width-small:100%;--awb-order-small:0;--awb-spacing-right-small:1.92%;--awb-spacing-left-small:1.92%;\"><div class=\"fusion-column-wrapper fusion-column-has-shadow fusion-flex-justify-content-flex-start fusion-content-layout-column\"><div class=\"fusion-title title fusion-title-1 fusion-sep-none fusion-title-text fusion-title-size-two\" style=\"--awb-text-color:var(--awb-custom_color_1);\"><h2 class=\"fusion-title-heading title-heading-left fusion-responsive-typography-calculated\" style=\"margin:0;--fontSize:40;line-height:1.2;\"><ol>\n<li>Fragen <span style=\"color: #ff003f;\">BayernFunk<\/span><\/li>\n<\/ol><\/h2><\/div><div class=\"accordian fusion-accordian\" style=\"--awb-border-size:1px;--awb-icon-size:16px;--awb-content-font-size:16px;--awb-icon-alignment:right;--awb-hover-color:#f9f9fb;--awb-border-color:#e2e2e2;--awb-background-color:#ffffff;--awb-divider-color:#e2e2e2;--awb-divider-hover-color:#e2e2e2;--awb-icon-color:var(--awb-custom_color_1);--awb-title-color:var(--awb-custom_color_1);--awb-content-color:#4a4e57;--awb-icon-box-color:#212934;--awb-toggle-hover-accent-color:var(--awb-custom_color_3);--awb-toggle-active-accent-color:var(--awb-custom_color_1);--awb-title-font-family:&quot;Lexend&quot;;--awb-title-font-weight:400;--awb-title-font-style:normal;--awb-title-font-size:20px;--awb-title-line-height:1,5;--awb-content-font-family:&quot;Lexend&quot;;--awb-content-font-style:normal;--awb-content-font-weight:400;\"><div class=\"panel-group fusion-toggle-icon-right fusion-toggle-icon-unboxed\" id=\"accordion-1546-1\"><div class=\"fusion-panel panel-default panel-941ae3ab1732d5e33 fusion-toggle-has-divider\" style=\"--awb-title-color:var(--awb-custom_color_1);\"><div class=\"panel-heading\"><h5 class=\"panel-title toggle\" id=\"toggle_941ae3ab1732d5e33\"><a aria-expanded=\"false\" aria-controls=\"941ae3ab1732d5e33\" role=\"button\" data-toggle=\"collapse\" data-parent=\"#accordion-1546-1\" data-target=\"#941ae3ab1732d5e33\" href=\"#941ae3ab1732d5e33\"><span class=\"fusion-toggle-icon-wrapper\" aria-hidden=\"true\"><i class=\"fa-fusion-box active-icon fa-angle-up fas\" aria-hidden=\"true\"><\/i><i class=\"fa-fusion-box inactive-icon fa-angle-down fas\" aria-hidden=\"true\"><\/i><\/span><span class=\"fusion-toggle-heading\">Was ist der BayernFunk?<\/span><\/a><\/h5><\/div><div id=\"941ae3ab1732d5e33\" class=\"panel-collapse collapse \" aria-labelledby=\"toggle_941ae3ab1732d5e33\"><div class=\"panel-body toggle-content fusion-clearfix\">\n<p>Der <span style=\"color: #ff003f;\">BayernFunk<\/span> ist eine kostenlose Kommunikationsplattform. Mit Hilfe des <span style=\"color: #ff003f;\">BayernFunks<\/span> k\u00f6nnen B\u00fcrger und B\u00fcrgerinnen Informationen ihrer Gemeinde teilen, Hilfe anbieten, Gesuche einstellen und sich gegenseitig austauschen &#8211; und das alles in nur einer App auf dem Smartphone. Der <span style=\"color: #ff003f;\">BayernFunk<\/span> ist Teil des Projekts \u201eDigitale D\u00f6rfer\u201c des Fraunhofer-Institut f\u00fcr Experimentelles Software Engineering IESE zur Digitalisierung und Vernetzung l\u00e4ndlicher Regionen in Deutschland. Der <span style=\"color: #ff003f;\">BayernFunk<\/span> wird exklusiv von der Versicherungskammer Bayern unterst\u00fctzt.<\/p>\n<\/div><\/div><\/div><div class=\"fusion-panel panel-default panel-ab929f6e0933b53f1 fusion-toggle-has-divider\" style=\"--awb-title-color:var(--awb-custom_color_1);\"><div class=\"panel-heading\"><h5 class=\"panel-title toggle\" id=\"toggle_ab929f6e0933b53f1\"><a aria-expanded=\"false\" aria-controls=\"ab929f6e0933b53f1\" role=\"button\" data-toggle=\"collapse\" data-parent=\"#accordion-1546-1\" data-target=\"#ab929f6e0933b53f1\" href=\"#ab929f6e0933b53f1\"><span class=\"fusion-toggle-icon-wrapper\" aria-hidden=\"true\"><i class=\"fa-fusion-box active-icon fa-angle-up fas\" aria-hidden=\"true\"><\/i><i class=\"fa-fusion-box inactive-icon fa-angle-down fas\" aria-hidden=\"true\"><\/i><\/span><span class=\"fusion-toggle-heading\">Wie erhalte ich den BayernFunk?<\/span><\/a><\/h5><\/div><div id=\"ab929f6e0933b53f1\" class=\"panel-collapse collapse \" aria-labelledby=\"toggle_ab929f6e0933b53f1\"><div class=\"panel-body toggle-content fusion-clearfix\">\n<p>Der <span style=\"color: #ff003f;\">BayernFunk<\/span> steht kostenfrei f\u00fcr Android- und Apple-Ger\u00e4te im Google Play Store (Android) bzw.\u00a0 App Store (iOS\/ Apple) zum Download zur Verf\u00fcgung.<\/p>\n<\/div><\/div><\/div><div class=\"fusion-panel panel-default panel-80d27d03ea496f9f4 fusion-toggle-has-divider\" style=\"--awb-title-color:var(--awb-custom_color_1);\"><div class=\"panel-heading\"><h5 class=\"panel-title toggle\" id=\"toggle_80d27d03ea496f9f4\"><a aria-expanded=\"false\" aria-controls=\"80d27d03ea496f9f4\" role=\"button\" data-toggle=\"collapse\" data-parent=\"#accordion-1546-1\" data-target=\"#80d27d03ea496f9f4\" href=\"#80d27d03ea496f9f4\"><span class=\"fusion-toggle-icon-wrapper\" aria-hidden=\"true\"><i class=\"fa-fusion-box active-icon fa-angle-up fas\" aria-hidden=\"true\"><\/i><i class=\"fa-fusion-box inactive-icon fa-angle-down fas\" aria-hidden=\"true\"><\/i><\/span><span class=\"fusion-toggle-heading\">Wer kann den BayernFunk nutzen?<\/span><\/a><\/h5><\/div><div id=\"80d27d03ea496f9f4\" class=\"panel-collapse collapse \" aria-labelledby=\"toggle_80d27d03ea496f9f4\"><div class=\"panel-body toggle-content fusion-clearfix\">\n<p>Jeder kann sich die App kostenfrei herunterladen. Informationen werden f\u00fcr das Bundesland Bayern zur Verf\u00fcgung gestellt, daher macht die Nutzung haupts\u00e4chlich f\u00fcr Menschen Sinn, die ihren Lebensmittelpunkt in Bayern haben.<\/p>\n<\/div><\/div><\/div><div class=\"fusion-panel panel-default panel-120a52bce9992bc75 fusion-toggle-has-divider\" style=\"--awb-title-color:var(--awb-custom_color_1);\"><div class=\"panel-heading\"><h5 class=\"panel-title toggle\" id=\"toggle_120a52bce9992bc75\"><a aria-expanded=\"false\" aria-controls=\"120a52bce9992bc75\" role=\"button\" data-toggle=\"collapse\" data-parent=\"#accordion-1546-1\" data-target=\"#120a52bce9992bc75\" href=\"#120a52bce9992bc75\"><span class=\"fusion-toggle-icon-wrapper\" aria-hidden=\"true\"><i class=\"fa-fusion-box active-icon fa-angle-up fas\" aria-hidden=\"true\"><\/i><i class=\"fa-fusion-box inactive-icon fa-angle-down fas\" aria-hidden=\"true\"><\/i><\/span><span class=\"fusion-toggle-heading\">Was kostet die Nutzung?<\/span><\/a><\/h5><\/div><div id=\"120a52bce9992bc75\" class=\"panel-collapse collapse \" aria-labelledby=\"toggle_120a52bce9992bc75\"><div class=\"panel-body toggle-content fusion-clearfix\">\n<p>Der <span style=\"color: #ff003f;\">BayernFunk<\/span> wird exklusiv von der Versicherungskammer Bayern zur Verf\u00fcgung gestellt und ist f\u00fcr die Nutzer und Kommunen kostenfrei.<\/p>\n<\/div><\/div><\/div><div class=\"fusion-panel panel-default panel-d79d4bb732b280f04 fusion-toggle-has-divider\" style=\"--awb-title-color:var(--awb-custom_color_1);\"><div class=\"panel-heading\"><h5 class=\"panel-title toggle\" id=\"toggle_d79d4bb732b280f04\"><a aria-expanded=\"false\" aria-controls=\"d79d4bb732b280f04\" role=\"button\" data-toggle=\"collapse\" data-parent=\"#accordion-1546-1\" data-target=\"#d79d4bb732b280f04\" href=\"#d79d4bb732b280f04\"><span class=\"fusion-toggle-icon-wrapper\" aria-hidden=\"true\"><i class=\"fa-fusion-box active-icon fa-angle-up fas\" aria-hidden=\"true\"><\/i><i class=\"fa-fusion-box inactive-icon fa-angle-down fas\" aria-hidden=\"true\"><\/i><\/span><span class=\"fusion-toggle-heading\">Was bringt der BayernFunk?<\/span><\/a><\/h5><\/div><div id=\"d79d4bb732b280f04\" class=\"panel-collapse collapse \" aria-labelledby=\"toggle_d79d4bb732b280f04\"><div class=\"panel-body toggle-content fusion-clearfix\">\n<p>B\u00fcrger finden an einer zentralen Stelle alle wichtigen Informationen aus der eigenen Gemeinde, z.B. die \u00d6ffnungszeiten der lokalen Lebensmittell\u00e4den oder Informationen zu wichtigen Einrichtungen wie Kitas oder Kirchen. B\u00fcrger haben die M\u00f6glichkeit, miteinander einfach in Kontakt zu treten, Gesuche einzustellen (Biete &amp; Suche-Funktionen) und sich in Gruppen auszutauschen. Au\u00dferdem erhalten die Nutzer wichtige Informationen der Blaulichtorganisationen \u00fcber Stra\u00dfensperrungen, Einsatzmeldungen und Fahndungen.<\/p>\n<\/div><\/div><\/div><div class=\"fusion-panel panel-default panel-bad8a68501e11bd5f fusion-toggle-has-divider\" style=\"--awb-title-color:var(--awb-custom_color_1);\"><div class=\"panel-heading\"><h5 class=\"panel-title toggle\" id=\"toggle_bad8a68501e11bd5f\"><a aria-expanded=\"false\" aria-controls=\"bad8a68501e11bd5f\" role=\"button\" data-toggle=\"collapse\" data-parent=\"#accordion-1546-1\" data-target=\"#bad8a68501e11bd5f\" href=\"#bad8a68501e11bd5f\"><span class=\"fusion-toggle-icon-wrapper\" aria-hidden=\"true\"><i class=\"fa-fusion-box active-icon fa-angle-up fas\" aria-hidden=\"true\"><\/i><i class=\"fa-fusion-box inactive-icon fa-angle-down fas\" aria-hidden=\"true\"><\/i><\/span><span class=\"fusion-toggle-heading\">Wie kann der BayernFunk bei der Kommunikation unterst\u00fctzen?<\/span><\/a><\/h5><\/div><div id=\"bad8a68501e11bd5f\" class=\"panel-collapse collapse \" aria-labelledby=\"toggle_bad8a68501e11bd5f\"><div class=\"panel-body toggle-content fusion-clearfix\">\n<p>Mit dem <span style=\"color: #ff003f;\">BayernFunk<\/span> aus dem Baukasten der Digitalen D\u00f6rfer bietet die Versicherungskammer dem Freistaat Bayern, Kommunen und B\u00fcrgern eine mobile App (Apple-\/Androidger\u00e4te), die es erm\u00f6glicht, den digitalen Informationsfluss durchg\u00e4ngig aufrecht zu erhalten.<\/p>\n<p>Interaktiv ist es allen Kommunen und Einrichtungen m\u00f6glich, Botschaften zu platzieren (bspw. Schulen, Kirchen, Altenheimen, \u00c4rzten, Rath\u00e4usern, kommunalen Einrichtungen, Feuerwehren, Rettungsdiensten)<\/p>\n<\/div><\/div><\/div><div class=\"fusion-panel panel-default panel-7b38b3ccfe383265a fusion-toggle-has-divider\" style=\"--awb-title-color:var(--awb-custom_color_1);\"><div class=\"panel-heading\"><h5 class=\"panel-title toggle\" id=\"toggle_7b38b3ccfe383265a\"><a aria-expanded=\"false\" aria-controls=\"7b38b3ccfe383265a\" role=\"button\" data-toggle=\"collapse\" data-parent=\"#accordion-1546-1\" data-target=\"#7b38b3ccfe383265a\" href=\"#7b38b3ccfe383265a\"><span class=\"fusion-toggle-icon-wrapper\" aria-hidden=\"true\"><i class=\"fa-fusion-box active-icon fa-angle-up fas\" aria-hidden=\"true\"><\/i><i class=\"fa-fusion-box inactive-icon fa-angle-down fas\" aria-hidden=\"true\"><\/i><\/span><span class=\"fusion-toggle-heading\">Welche Funktion hat die Versicherungskammer Bayern beim BayernFunk?<\/span><\/a><\/h5><\/div><div id=\"7b38b3ccfe383265a\" class=\"panel-collapse collapse \" aria-labelledby=\"toggle_7b38b3ccfe383265a\"><div class=\"panel-body toggle-content fusion-clearfix\">\n<p>Die Versicherungskammer Bayern unterst\u00fctzt als exklusiver Partner die App <span style=\"color: #ff003f;\">BayernFunk<\/span>, um die Chancen der Digitalisierung auch in l\u00e4ndlichen Regionen in Bayern verf\u00fcgbar zu machen. Dabei unterst\u00fctzt sie die Gemeinden, Landkreise und den Freistaat auf digitalem Wege bei der Organisation und Vernetzung sowie der Weitergabe wichtiger Informationen.<\/p>\n<\/div><\/div><\/div><div class=\"fusion-panel panel-default panel-1e0a89246311e1407 fusion-toggle-has-divider\" style=\"--awb-title-color:var(--awb-custom_color_1);\"><div class=\"panel-heading\"><h5 class=\"panel-title toggle\" id=\"toggle_1e0a89246311e1407\"><a aria-expanded=\"false\" aria-controls=\"1e0a89246311e1407\" role=\"button\" data-toggle=\"collapse\" data-parent=\"#accordion-1546-1\" data-target=\"#1e0a89246311e1407\" href=\"#1e0a89246311e1407\"><span class=\"fusion-toggle-icon-wrapper\" aria-hidden=\"true\"><i class=\"fa-fusion-box active-icon fa-angle-up fas\" aria-hidden=\"true\"><\/i><i class=\"fa-fusion-box inactive-icon fa-angle-down fas\" aria-hidden=\"true\"><\/i><\/span><span class=\"fusion-toggle-heading\">Welche Rolle spielen das Bayerische Rote Kreuz und der Landesfeuerwehrverband Bayern e.V. beim BayernFunk?<\/span><\/a><\/h5><\/div><div id=\"1e0a89246311e1407\" class=\"panel-collapse collapse \" aria-labelledby=\"toggle_1e0a89246311e1407\"><div class=\"panel-body toggle-content fusion-clearfix\">\n<p>Das Bayerische Rotes Kreuz und der Landesfeuerwehrverband Bayern e.V. unterst\u00fctzen als vertrauensvolle Kooperationspartner den <span style=\"color: #ff003f;\">BayernFunk<\/span> und damit die digitale Transformation l\u00e4ndlicher Kommunen und Gemeinden hin zu smarten R\u00e4umen. Das Zusammenspiel der Partner st\u00e4rktdie soziale Resilienz und die B\u00fcrgern\u00e4he in der Region.<\/p>\n<\/div><\/div><\/div><div class=\"fusion-panel panel-default panel-7de61d061af4ff8bd fusion-toggle-has-divider\" style=\"--awb-title-color:var(--awb-custom_color_1);\"><div class=\"panel-heading\"><h5 class=\"panel-title toggle\" id=\"toggle_7de61d061af4ff8bd\"><a aria-expanded=\"false\" aria-controls=\"7de61d061af4ff8bd\" role=\"button\" data-toggle=\"collapse\" data-parent=\"#accordion-1546-1\" data-target=\"#7de61d061af4ff8bd\" href=\"#7de61d061af4ff8bd\"><span class=\"fusion-toggle-icon-wrapper\" aria-hidden=\"true\"><i class=\"fa-fusion-box active-icon fa-angle-up fas\" aria-hidden=\"true\"><\/i><i class=\"fa-fusion-box inactive-icon fa-angle-down fas\" aria-hidden=\"true\"><\/i><\/span><span class=\"fusion-toggle-heading\">Welche Funktionalit\u00e4ten hat der BayernFunk?<\/span><\/a><\/h5><\/div><div id=\"7de61d061af4ff8bd\" class=\"panel-collapse collapse \" aria-labelledby=\"toggle_7de61d061af4ff8bd\"><div class=\"panel-body toggle-content fusion-clearfix\">\n<p>Der <span style=\"color: #ff003f;\">BayernFunk <\/span>bietet eine Vielzahl von Funktionen. Folgende Reiter k\u00f6nnen f\u00fcr den regionalen Informationsaustausch genutzt werden:<\/p>\n<ul>\n<li>Unter dem Reiter <em>News<\/em> k\u00f6nnen der Landkreis, die Kommune, Vereine und auch das Bayerische Staatsministerium des Innern, f\u00fcr Sport und Integration sowie auch Ehrenamtstr\u00e4ger und -Tr\u00e4gerinnen wichtige und regionale Meldungen schnell, \u00fcbersichtlich und zuverl\u00e4ssig \u00fcber den <span style=\"color: #ff003f;\">BayernFunk<\/span> schalten.<\/li>\n<li>Der <em>Blaulichtkanal<\/em> stellt via Push-Benachrichtigung lokale und auch bayernweite Informationen der bayerischen Blaulichtorganisationen wie Polizei und dem Bayerischem Rotem Kreuz zur Verf\u00fcgung.<\/li>\n<li>B\u00fcrger k\u00f6nnen sich unter den Rubriken <em>Ratsch<\/em>, <em>Suche<\/em> und <em>Biete<\/em> aktiv einbringen, indem sie sich untereinander informieren, austauschen und Kontakte kn\u00fcpfen. Durch das Teilen von Informationen und Angeboten mit der Gemeinde st\u00e4rkt das die Gemeinschaft.<\/li>\n<li>Regionale Veranstaltungen und offizielle Termine werden mit dem <span style=\"color: #ff003f;\">BayernFunk<\/span> unter dem Reiter <em>Events<\/em> zur Verf\u00fcgung gestellt. Vereine, Kirchen und andere \u00f6rtliche Institutionen k\u00f6nnen hier von Ereignissen berichten und relevante Informationen teilen.<\/li>\n<li>Zudem erhalten die B\u00fcrger und Kommunen lokale Warnmeldungen \u00fcber das Warnsystem Katwarn.<\/li>\n<\/ul>\n<\/div><\/div><\/div><div class=\"fusion-panel panel-default panel-8c948a34c28aafbf5 fusion-toggle-has-divider\" style=\"--awb-title-color:var(--awb-custom_color_1);\"><div class=\"panel-heading\"><h5 class=\"panel-title toggle\" id=\"toggle_8c948a34c28aafbf5\"><a aria-expanded=\"false\" aria-controls=\"8c948a34c28aafbf5\" role=\"button\" data-toggle=\"collapse\" data-parent=\"#accordion-1546-1\" data-target=\"#8c948a34c28aafbf5\" href=\"#8c948a34c28aafbf5\"><span class=\"fusion-toggle-icon-wrapper\" aria-hidden=\"true\"><i class=\"fa-fusion-box active-icon fa-angle-up fas\" aria-hidden=\"true\"><\/i><i class=\"fa-fusion-box inactive-icon fa-angle-down fas\" aria-hidden=\"true\"><\/i><\/span><span class=\"fusion-toggle-heading\">Warum gibt es den Blaulichtkanal und den Ehrenamtsreiter? <\/span><\/a><\/h5><\/div><div id=\"8c948a34c28aafbf5\" class=\"panel-collapse collapse \" aria-labelledby=\"toggle_8c948a34c28aafbf5\"><div class=\"panel-body toggle-content fusion-clearfix\">\n<p>Die Blaulichtinstitutionen und Ehrenamtsorganisationen sind beide wesentliche Bestandteile unseres Gemeinwesens. Der <span style=\"color: #ff003f;\">BayernFunk<\/span> unterst\u00fctzt diese Bereiche f\u00fcr vertrauensvolles und sicheres Miteinander.<\/p>\n<p>Der Blaulichtkanal versorgt seine Nutzer mit aktuellen Informationen der Polizei und des Bayerischen Roten Kreuzes. B\u00fcrger und B\u00fcrgerinnen erhalten Meldungen der Region sofort per Push-Benachrichtigung in der <span style=\"color: #ff003f;\">BayernFunk<\/span> App. Im Vordergrund steht hier die allgemeine Sicherheit, indem offizielle und damit vertrauensvolle Meldungen in der <span style=\"color: #ff003f;\">BayernFunk<\/span> geteilt werden.<\/p>\n<p>F\u00fcr ehrenamtlichen Organisationen steht der <span style=\"color: #ff003f;\">BayernFunk<\/span> insbesondere als digitales Werkzeug zur Verf\u00fcgung. Er bietet die M\u00f6glichkeit verst\u00e4rkt \u00fcber die ehrenamtliche Arbeit , Veranstaltungen und Termine\u00a0 zu informieren, sich mit den Organisationen, seinen Mitarbeitern sowie Engagierten auszutauschen und f\u00f6rdert so die Sichtbarkeit und Begeisterung f\u00fcr ehrenamtliche T\u00e4tigkeiten in der Region.<\/p>\n<p>Durch die gezielte Unterst\u00fctzung des <span style=\"color: #ff003f;\">BayernFunks<\/span> kann ein vertrauensw\u00fcrdiger Informationsaustausch die F\u00e4higkeit einer Gemeinschaft gest\u00e4rkt werden, in Krisen zusammenzuhalten, sich an Herausforderungen anpassen zu k\u00f6nnen und sich langfristig und nachhaltig weiterentwickeln zu k\u00f6nnen.<\/p>\n<\/div><\/div><\/div><\/div><\/div><\/div><\/div><div class=\"fusion-layout-column fusion_builder_column fusion-builder-column-1 fusion_builder_column_1_1 1_1 fusion-flex-column\" style=\"--awb-bg-size:cover;--awb-width-large:100%;--awb-margin-top-large:50px;--awb-spacing-right-large:1.92%;--awb-margin-bottom-large:20px;--awb-spacing-left-large:1.92%;--awb-width-medium:100%;--awb-order-medium:0;--awb-spacing-right-medium:1.92%;--awb-spacing-left-medium:1.92%;--awb-width-small:100%;--awb-order-small:0;--awb-spacing-right-small:1.92%;--awb-spacing-left-small:1.92%;\"><div class=\"fusion-column-wrapper fusion-column-has-shadow fusion-flex-justify-content-flex-start fusion-content-layout-column\"><div class=\"fusion-title title fusion-title-2 fusion-sep-none fusion-title-text fusion-title-size-two\" style=\"--awb-text-color:var(--awb-custom_color_1);--awb-margin-bottom:40px;\"><h2 class=\"fusion-title-heading title-heading-left fusion-responsive-typography-calculated\" style=\"margin:0;--fontSize:40;line-height:1.2;\">2. Nutzung des <span style=\"color: #ff003f;\">BayernFunk<\/span><\/h2><\/div><div class=\"accordian fusion-accordian\" style=\"--awb-border-size:1px;--awb-icon-size:16px;--awb-content-font-size:16px;--awb-icon-alignment:right;--awb-hover-color:#f9f9fb;--awb-border-color:#e2e2e2;--awb-background-color:#ffffff;--awb-divider-color:#e2e2e2;--awb-divider-hover-color:#e2e2e2;--awb-icon-color:var(--awb-custom_color_1);--awb-title-color:var(--awb-custom_color_1);--awb-content-color:#4a4e57;--awb-icon-box-color:#212934;--awb-toggle-hover-accent-color:var(--awb-custom_color_3);--awb-toggle-active-accent-color:var(--awb-custom_color_1);--awb-title-font-family:&quot;Lexend&quot;;--awb-title-font-weight:400;--awb-title-font-style:normal;--awb-title-font-size:20px;--awb-title-line-height:1,5;--awb-content-font-family:&quot;Lexend&quot;;--awb-content-font-style:normal;--awb-content-font-weight:400;\"><div class=\"panel-group fusion-toggle-icon-right fusion-toggle-icon-unboxed\" id=\"accordion-1546-2\"><div class=\"fusion-panel panel-default panel-078939ce9123ba4b2 fusion-toggle-has-divider\" style=\"--awb-title-color:var(--awb-custom_color_1);\"><div class=\"panel-heading\"><h5 class=\"panel-title toggle\" id=\"toggle_078939ce9123ba4b2\"><a aria-expanded=\"false\" aria-controls=\"078939ce9123ba4b2\" role=\"button\" data-toggle=\"collapse\" data-target=\"#078939ce9123ba4b2\" href=\"#078939ce9123ba4b2\"><span class=\"fusion-toggle-icon-wrapper\" aria-hidden=\"true\"><i class=\"fa-fusion-box active-icon fa-angle-up fas\" aria-hidden=\"true\"><\/i><i class=\"fa-fusion-box inactive-icon fa-angle-down fas\" aria-hidden=\"true\"><\/i><\/span><span class=\"fusion-toggle-heading\">Wie registriert man sich im BayernFunk?<\/span><\/a><\/h5><\/div><div id=\"078939ce9123ba4b2\" class=\"panel-collapse collapse \" aria-labelledby=\"toggle_078939ce9123ba4b2\"><div class=\"panel-body toggle-content fusion-clearfix\">\n<p>Du kannst dir den <span style=\"color: #ff003f;\">BayernFunk<\/span> im Google Play Store oder im Apple App Store herunterladen. Beim ersten \u00d6ffnen wirst du gebeten den Anmelde-Button zu dr\u00fccken. Danach hast du die M\u00f6glichkeit dich zu registrieren. Achte darauf, dass das Registrierfeld ausgew\u00e4hlt ist. Nun hast du die M\u00f6glichkeit, dich mit deiner E-Mail Adresse und einem beliebigen Passwort zu registrieren, oder du nutzen die Sozialen Kan\u00e4le (Google, Facebook). Eine Anleitung findest du auf unserem <a href=\"https:\/\/www.youtube.com\/watch?v=cV2qvdMJiuA&amp;list=PLTqr0bdtrNjtzKOD-uguoKnJijJpiG8pp&amp;index=1\">YouTube Channel<\/a>.<\/p>\n<\/div><\/div><\/div><div class=\"fusion-panel panel-default panel-d9c3b7411d44ac22f fusion-toggle-has-divider\" style=\"--awb-title-color:var(--awb-custom_color_1);\"><div class=\"panel-heading\"><h5 class=\"panel-title toggle\" id=\"toggle_d9c3b7411d44ac22f\"><a aria-expanded=\"false\" aria-controls=\"d9c3b7411d44ac22f\" role=\"button\" data-toggle=\"collapse\" data-target=\"#d9c3b7411d44ac22f\" href=\"#d9c3b7411d44ac22f\"><span class=\"fusion-toggle-icon-wrapper\" aria-hidden=\"true\"><i class=\"fa-fusion-box active-icon fa-angle-up fas\" aria-hidden=\"true\"><\/i><i class=\"fa-fusion-box inactive-icon fa-angle-down fas\" aria-hidden=\"true\"><\/i><\/span><span class=\"fusion-toggle-heading\">Brauche ich ein Facebook-Konto oder einen Google Account f\u00fcr die Anmeldung?<\/span><\/a><\/h5><\/div><div id=\"d9c3b7411d44ac22f\" class=\"panel-collapse collapse \" aria-labelledby=\"toggle_d9c3b7411d44ac22f\"><div class=\"panel-body toggle-content fusion-clearfix\">\n<p>Nein. Eine E-Mail Adresse reicht f\u00fcr die Registrierung aus.<\/p>\n<\/div><\/div><\/div><div class=\"fusion-panel panel-default panel-fcc26779f6a429cfe fusion-toggle-has-divider\" style=\"--awb-title-color:var(--awb-custom_color_1);\"><div class=\"panel-heading\"><h5 class=\"panel-title toggle\" id=\"toggle_fcc26779f6a429cfe\"><a aria-expanded=\"false\" aria-controls=\"fcc26779f6a429cfe\" role=\"button\" data-toggle=\"collapse\" data-target=\"#fcc26779f6a429cfe\" href=\"#fcc26779f6a429cfe\"><span class=\"fusion-toggle-icon-wrapper\" aria-hidden=\"true\"><i class=\"fa-fusion-box active-icon fa-angle-up fas\" aria-hidden=\"true\"><\/i><i class=\"fa-fusion-box inactive-icon fa-angle-down fas\" aria-hidden=\"true\"><\/i><\/span><span class=\"fusion-toggle-heading\">Kann ich ausw\u00e4hlen aus welchen Gemeinden Beitr\u00e4ge angezeigt werden?<\/span><\/a><\/h5><\/div><div id=\"fcc26779f6a429cfe\" class=\"panel-collapse collapse \" aria-labelledby=\"toggle_fcc26779f6a429cfe\"><div class=\"panel-body toggle-content fusion-clearfix\">\n<p>Du hast die M\u00f6glichkeit deine Empfangsst\u00e4rke zu vergr\u00f6\u00dfern oder zu verkleinern, sowie einzelne Orte ab- und anzuw\u00e4hlen. Dies findest du unter \u201eMehr\u201c \u2192 \u201eHeimatgemeinde &amp; Empfang\u201c dort ist deine Heimatgemeinde bereits ausgew\u00e4hlt. \u00dcber den Button \u201eWeiter\u201c gelangst du zur Auswahl der Empfangsst\u00e4rke, mittels derer du deinen Radius mit Hilfe eines Reglers vergr\u00f6\u00dfern oder verkleinern kannst. Du siehst nun, welche D\u00f6rfer sich in deinem Radius (gelber Kreis) befinden. Wenn du von einem Dorf, welches sich in deinem Radius befindet, KEINE Beitr\u00e4ge sehen m\u00f6chten, kannst du es antippen und die Farbe wechselt zu grau. M\u00f6chtest du wieder Beitr\u00e4ge aus diesem Dorf sehen, kannst du es erneut antippen und damit wieder hinzuf\u00fcgen. Speichere deine \u00c4nderungen am Ende.<\/p>\n<\/div><\/div><\/div><div class=\"fusion-panel panel-default panel-ce0e905eaec1f3c3f fusion-toggle-has-divider\" style=\"--awb-title-color:var(--awb-custom_color_1);\"><div class=\"panel-heading\"><h5 class=\"panel-title toggle\" id=\"toggle_ce0e905eaec1f3c3f\"><a aria-expanded=\"false\" aria-controls=\"ce0e905eaec1f3c3f\" role=\"button\" data-toggle=\"collapse\" data-target=\"#ce0e905eaec1f3c3f\" href=\"#ce0e905eaec1f3c3f\"><span class=\"fusion-toggle-icon-wrapper\" aria-hidden=\"true\"><i class=\"fa-fusion-box active-icon fa-angle-up fas\" aria-hidden=\"true\"><\/i><i class=\"fa-fusion-box inactive-icon fa-angle-down fas\" aria-hidden=\"true\"><\/i><\/span><span class=\"fusion-toggle-heading\">Warum kann ich Beitr\u00e4ge aus anderen Kommunen durch Erweiterung meiner Empfangsst\u00e4rke anzeigen lassen? <\/span><\/a><\/h5><\/div><div id=\"ce0e905eaec1f3c3f\" class=\"panel-collapse collapse \" aria-labelledby=\"toggle_ce0e905eaec1f3c3f\"><div class=\"panel-body toggle-content fusion-clearfix\">\n<p>Der <span style=\"color: #ff003f;\">BayernFunk<\/span>\u00a0lebt von der Aktivit\u00e4t der B\u00fcrgerinnen und B\u00fcrger und m\u00f6chte ihnen geb\u00fcndelt in einer App die wichtigsten Informationen aus ihrer Kommune bzw. dem Landkreis bereitstellen. Das impliziert, dass es auch m\u00f6glich sein sollte, Informationen aus anderen Kommunen (beispielsweise des eigenen Landkreises) anzeigen zu lassen und sich ein Bild \u00fcber die dortigen amtlichen Meldungen zu machen. Au\u00dferdem ist es ein pers\u00f6nlicher Gewinn f\u00fcr Personen, die ihre Heimatkommune verlassen haben und \u00fcber den <span style=\"color: #ff003f;\">BayernFunk <\/span>Informationen aus ihrer Heimat empfangen m\u00f6chten, um weiterhin informiert zu bleiben.<\/p>\n<\/div><\/div><\/div><div class=\"fusion-panel panel-default panel-b40532e9a79f72dc2 fusion-toggle-has-divider\" style=\"--awb-title-color:var(--awb-custom_color_1);\"><div class=\"panel-heading\"><h5 class=\"panel-title toggle\" id=\"toggle_b40532e9a79f72dc2\"><a aria-expanded=\"false\" aria-controls=\"b40532e9a79f72dc2\" role=\"button\" data-toggle=\"collapse\" data-target=\"#b40532e9a79f72dc2\" href=\"#b40532e9a79f72dc2\"><span class=\"fusion-toggle-icon-wrapper\" aria-hidden=\"true\"><i class=\"fa-fusion-box active-icon fa-angle-up fas\" aria-hidden=\"true\"><\/i><i class=\"fa-fusion-box inactive-icon fa-angle-down fas\" aria-hidden=\"true\"><\/i><\/span><span class=\"fusion-toggle-heading\">Wie kann ich News und Veranstaltungen erstellen?<\/span><\/a><\/h5><\/div><div id=\"b40532e9a79f72dc2\" class=\"panel-collapse collapse \" aria-labelledby=\"toggle_b40532e9a79f72dc2\"><div class=\"panel-body toggle-content fusion-clearfix\">\n<p>News und Veranstaltungen werden von der Gemeinde \u00fcber die <a href=\"https:\/\/www.bayern.digitale-doerfer.de\/\">BayernNews<\/a> eingestellt. Vereine bekommen \u00fcber die Kommune die M\u00f6glichkeit, eigene Informationen in der News-Kategorie zu ver\u00f6ffentlichen. Die Meldungen werden automatisch in den <span style=\"color: #ff003f;\">BayernFunk<\/span> hochgeladen.<\/p>\n<\/div><\/div><\/div><div class=\"fusion-panel panel-default panel-6030daf6dd1b83aae fusion-toggle-has-divider\" style=\"--awb-title-color:var(--awb-custom_color_1);\"><div class=\"panel-heading\"><h5 class=\"panel-title toggle\" id=\"toggle_6030daf6dd1b83aae\"><a aria-expanded=\"false\" aria-controls=\"6030daf6dd1b83aae\" role=\"button\" data-toggle=\"collapse\" data-target=\"#6030daf6dd1b83aae\" href=\"#6030daf6dd1b83aae\"><span class=\"fusion-toggle-icon-wrapper\" aria-hidden=\"true\"><i class=\"fa-fusion-box active-icon fa-angle-up fas\" aria-hidden=\"true\"><\/i><i class=\"fa-fusion-box inactive-icon fa-angle-down fas\" aria-hidden=\"true\"><\/i><\/span><span class=\"fusion-toggle-heading\">Kann ich Beitr\u00e4ge erstellen, die nur f\u00fcr die eigene Heimatgemeinde sichtbar sind?<\/span><\/a><\/h5><\/div><div id=\"6030daf6dd1b83aae\" class=\"panel-collapse collapse \" aria-labelledby=\"toggle_6030daf6dd1b83aae\"><div class=\"panel-body toggle-content fusion-clearfix\">\n<p>Wenn du einen Beitrag erstellen m\u00f6chten, der nur in deiner Heimatgemeinde sichtbar sein soll, achte darauf, dass der Button \u201eExklusiv f\u00fcr\u2026\u201c aktiviert ist (siehe Bild).<\/p>\n<p style=\"text-align: center;\">\u00a0<img decoding=\"async\" class=\"alignnone size-full wp-image-2702\" src=\"http:\/\/sheng.iese.de\/wp-content\/uploads\/sites\/15\/2024\/04\/BayernFunk-AichtbarkeitBeitraege.png\" alt=\"\" width=\"335\" height=\"317\" srcset=\"https:\/\/www.bayernfunk.digital\/wp-content\/uploads\/sites\/15\/2024\/04\/BayernFunk-AichtbarkeitBeitraege-200x189.png 200w, https:\/\/www.bayernfunk.digital\/wp-content\/uploads\/sites\/15\/2024\/04\/BayernFunk-AichtbarkeitBeitraege-300x284.png 300w, https:\/\/www.bayernfunk.digital\/wp-content\/uploads\/sites\/15\/2024\/04\/BayernFunk-AichtbarkeitBeitraege.png 335w\" sizes=\"(max-width: 335px) 100vw, 335px\" \/><\/p>\n<\/div><\/div><\/div><div class=\"fusion-panel panel-default panel-0896269c9b354ff8b fusion-toggle-has-divider\" style=\"--awb-title-color:var(--awb-custom_color_1);\"><div class=\"panel-heading\"><h5 class=\"panel-title toggle\" id=\"toggle_0896269c9b354ff8b\"><a aria-expanded=\"false\" aria-controls=\"0896269c9b354ff8b\" role=\"button\" data-toggle=\"collapse\" data-target=\"#0896269c9b354ff8b\" href=\"#0896269c9b354ff8b\"><span class=\"fusion-toggle-icon-wrapper\" aria-hidden=\"true\"><i class=\"fa-fusion-box active-icon fa-angle-up fas\" aria-hidden=\"true\"><\/i><i class=\"fa-fusion-box inactive-icon fa-angle-down fas\" aria-hidden=\"true\"><\/i><\/span><span class=\"fusion-toggle-heading\">Wie erstelle ich einen Beitrag im BayernFunk?<\/span><\/a><\/h5><\/div><div id=\"0896269c9b354ff8b\" class=\"panel-collapse collapse \" aria-labelledby=\"toggle_0896269c9b354ff8b\"><div class=\"panel-body toggle-content fusion-clearfix\">\n<p>Nachdem du dich im <span style=\"color: #ff003f;\">BayernFunk<\/span> eingeloggt hast, kannst du auf der Startseite auf den blau-wei\u00dfen Plus-Button dr\u00fccken und deine gew\u00fcnschte Beitragskategorie ausw\u00e4hlen. Eine Anleitung findest du auf unserem <a href=\"https:\/\/www.youtube.com\/watch?v=1pNLjFw_9qE&amp;list=PLTqr0bdtrNjtzKOD-uguoKnJijJpiG8pp&amp;index=4\">YouTube Channel<\/a>.<\/p>\n<\/div><\/div><\/div><div class=\"fusion-panel panel-default panel-2f3228ee28df442e8 fusion-toggle-has-divider\" style=\"--awb-title-color:var(--awb-custom_color_1);\"><div class=\"panel-heading\"><h5 class=\"panel-title toggle\" id=\"toggle_2f3228ee28df442e8\"><a aria-expanded=\"false\" aria-controls=\"2f3228ee28df442e8\" role=\"button\" data-toggle=\"collapse\" data-target=\"#2f3228ee28df442e8\" href=\"#2f3228ee28df442e8\"><span class=\"fusion-toggle-icon-wrapper\" aria-hidden=\"true\"><i class=\"fa-fusion-box active-icon fa-angle-up fas\" aria-hidden=\"true\"><\/i><i class=\"fa-fusion-box inactive-icon fa-angle-down fas\" aria-hidden=\"true\"><\/i><\/span><span class=\"fusion-toggle-heading\">Wie l\u00f6scht man eigene Beitr\u00e4ge im BayernFunk?<\/span><\/a><\/h5><\/div><div id=\"2f3228ee28df442e8\" class=\"panel-collapse collapse \" aria-labelledby=\"toggle_2f3228ee28df442e8\"><div class=\"panel-body toggle-content fusion-clearfix\">\n<p>In der jeweiligen Kategorie sind Beitr\u00e4ge f\u00fcr 100 Tage sichtbar. Danach verschwinden Sie im <span style=\"color: #ff003f;\">BayernFunk<\/span> und k\u00f6nnen dort nicht mehr eingesehen werden. Dein Beitrag bleibt auf unserem Datenserver jedoch weiterhin erhalten, sodass du diesen, wenn du deine Daten anforderst, weiterhin einsehen kannst.<\/p>\n<\/div><\/div><\/div><div class=\"fusion-panel panel-default panel-ef655ec8f2ebf3f19 fusion-toggle-has-divider\" style=\"--awb-title-color:var(--awb-custom_color_1);\"><div class=\"panel-heading\"><h5 class=\"panel-title toggle\" id=\"toggle_ef655ec8f2ebf3f19\"><a aria-expanded=\"false\" aria-controls=\"ef655ec8f2ebf3f19\" role=\"button\" data-toggle=\"collapse\" data-target=\"#ef655ec8f2ebf3f19\" href=\"#ef655ec8f2ebf3f19\"><span class=\"fusion-toggle-icon-wrapper\" aria-hidden=\"true\"><i class=\"fa-fusion-box active-icon fa-angle-up fas\" aria-hidden=\"true\"><\/i><i class=\"fa-fusion-box inactive-icon fa-angle-down fas\" aria-hidden=\"true\"><\/i><\/span><span class=\"fusion-toggle-heading\">Kann ich auch Bilder ver\u00f6ffentlichen?<\/span><\/a><\/h5><\/div><div id=\"ef655ec8f2ebf3f19\" class=\"panel-collapse collapse \" aria-labelledby=\"toggle_ef655ec8f2ebf3f19\"><div class=\"panel-body toggle-content fusion-clearfix\">\n<p>Ja, Bilder k\u00f6nnen geteilt werden, indem beim Ver\u00f6ffentlichen eines Beitrags auf das Foto-Symbol geklickt und dann ein Foto aufgenommen, oder ein bereits gemachtes Foto aus der eigenen Fotobibliothek hochgeladen wird.<\/p>\n<\/div><\/div><\/div><div class=\"fusion-panel panel-default panel-a7deddde2faf6d0be fusion-toggle-has-divider\" style=\"--awb-title-color:var(--awb-custom_color_1);\"><div class=\"panel-heading\"><h5 class=\"panel-title toggle\" id=\"toggle_a7deddde2faf6d0be\"><a aria-expanded=\"false\" aria-controls=\"a7deddde2faf6d0be\" role=\"button\" data-toggle=\"collapse\" data-target=\"#a7deddde2faf6d0be\" href=\"#a7deddde2faf6d0be\"><span class=\"fusion-toggle-icon-wrapper\" aria-hidden=\"true\"><i class=\"fa-fusion-box active-icon fa-angle-up fas\" aria-hidden=\"true\"><\/i><i class=\"fa-fusion-box inactive-icon fa-angle-down fas\" aria-hidden=\"true\"><\/i><\/span><span class=\"fusion-toggle-heading\">Kann ich auch Videos ver\u00f6ffentlichen? <\/span><\/a><\/h5><\/div><div id=\"a7deddde2faf6d0be\" class=\"panel-collapse collapse \" aria-labelledby=\"toggle_a7deddde2faf6d0be\"><div class=\"panel-body toggle-content fusion-clearfix\">\n<p>Aktuell k\u00f6nnen keine Videos im <span style=\"color: #ff003f;\">BayernFunk<\/span> geteilt werden.<\/p>\n<\/div><\/div><\/div><div class=\"fusion-panel panel-default panel-d7e8ecb8e77d887ab fusion-toggle-has-divider\" style=\"--awb-title-color:var(--awb-custom_color_1);\"><div class=\"panel-heading\"><h5 class=\"panel-title toggle\" id=\"toggle_d7e8ecb8e77d887ab\"><a aria-expanded=\"false\" aria-controls=\"d7e8ecb8e77d887ab\" role=\"button\" data-toggle=\"collapse\" data-target=\"#d7e8ecb8e77d887ab\" href=\"#d7e8ecb8e77d887ab\"><span class=\"fusion-toggle-icon-wrapper\" aria-hidden=\"true\"><i class=\"fa-fusion-box active-icon fa-angle-up fas\" aria-hidden=\"true\"><\/i><i class=\"fa-fusion-box inactive-icon fa-angle-down fas\" aria-hidden=\"true\"><\/i><\/span><span class=\"fusion-toggle-heading\">Kann ich meinen Anzeigenamen im BayernFunk \u00e4ndern?<\/span><\/a><\/h5><\/div><div id=\"d7e8ecb8e77d887ab\" class=\"panel-collapse collapse \" aria-labelledby=\"toggle_d7e8ecb8e77d887ab\"><div class=\"panel-body toggle-content fusion-clearfix\">\n<p>Der Nachname eines Nutzers wird immer abgek\u00fcrzt. Dies ist aus Datenschutzgr\u00fcnden so bestimmt.<\/p>\n<\/div><\/div><\/div><div class=\"fusion-panel panel-default panel-e3961ebd30f5ed2e0 fusion-toggle-has-divider\" style=\"--awb-title-color:var(--awb-custom_color_1);\"><div class=\"panel-heading\"><h5 class=\"panel-title toggle\" id=\"toggle_e3961ebd30f5ed2e0\"><a aria-expanded=\"false\" aria-controls=\"e3961ebd30f5ed2e0\" role=\"button\" data-toggle=\"collapse\" data-target=\"#e3961ebd30f5ed2e0\" href=\"#e3961ebd30f5ed2e0\"><span class=\"fusion-toggle-icon-wrapper\" aria-hidden=\"true\"><i class=\"fa-fusion-box active-icon fa-angle-up fas\" aria-hidden=\"true\"><\/i><i class=\"fa-fusion-box inactive-icon fa-angle-down fas\" aria-hidden=\"true\"><\/i><\/span><span class=\"fusion-toggle-heading\">Was passiert mit unangemessenen Beitr\u00e4gen? <\/span><\/a><\/h5><\/div><div id=\"e3961ebd30f5ed2e0\" class=\"panel-collapse collapse \" aria-labelledby=\"toggle_e3961ebd30f5ed2e0\"><div class=\"panel-body toggle-content fusion-clearfix\">\n<p>Unangemessene Beitr\u00e4ge k\u00f6nnen gemeldet werden. Das <span style=\"color: #ff003f;\">BayernFunk<\/span> Team ist bem\u00fcht das L\u00f6schen solcher Beitr\u00e4ge sofort anzusto\u00dfen.<\/p>\n<\/div><\/div><\/div><div class=\"fusion-panel panel-default panel-6feb3c2cfd245e9de fusion-toggle-has-divider\" style=\"--awb-title-color:var(--awb-custom_color_1);\"><div class=\"panel-heading\"><h5 class=\"panel-title toggle\" id=\"toggle_6feb3c2cfd245e9de\"><a aria-expanded=\"false\" aria-controls=\"6feb3c2cfd245e9de\" role=\"button\" data-toggle=\"collapse\" data-target=\"#6feb3c2cfd245e9de\" href=\"#6feb3c2cfd245e9de\"><span class=\"fusion-toggle-icon-wrapper\" aria-hidden=\"true\"><i class=\"fa-fusion-box active-icon fa-angle-up fas\" aria-hidden=\"true\"><\/i><i class=\"fa-fusion-box inactive-icon fa-angle-down fas\" aria-hidden=\"true\"><\/i><\/span><span class=\"fusion-toggle-heading\">Wie kann ich meine E-Mail-Adresse \u00e4ndern?<\/span><\/a><\/h5><\/div><div id=\"6feb3c2cfd245e9de\" class=\"panel-collapse collapse \" aria-labelledby=\"toggle_6feb3c2cfd245e9de\"><div class=\"panel-body toggle-content fusion-clearfix\">\n<p>Kontaktiere das <span style=\"color: #ff003f;\">BayernFunk<\/span>-Team unter bayernfunk@vkb.de oder nutze ein Kontaktformular und teile uns deine alte und neue E-Mail-Adresse mit.<\/p>\n<\/div><\/div><\/div><div class=\"fusion-panel panel-default panel-ecb899c21e7e4a674 fusion-toggle-has-divider\" style=\"--awb-title-color:var(--awb-custom_color_1);\"><div class=\"panel-heading\"><h5 class=\"panel-title toggle\" id=\"toggle_ecb899c21e7e4a674\"><a aria-expanded=\"false\" aria-controls=\"ecb899c21e7e4a674\" role=\"button\" data-toggle=\"collapse\" data-target=\"#ecb899c21e7e4a674\" href=\"#ecb899c21e7e4a674\"><span class=\"fusion-toggle-icon-wrapper\" aria-hidden=\"true\"><i class=\"fa-fusion-box active-icon fa-angle-up fas\" aria-hidden=\"true\"><\/i><i class=\"fa-fusion-box inactive-icon fa-angle-down fas\" aria-hidden=\"true\"><\/i><\/span><span class=\"fusion-toggle-heading\">Wie kann ich Push-Benachrichtigungen ausschalten?<\/span><\/a><\/h5><\/div><div id=\"ecb899c21e7e4a674\" class=\"panel-collapse collapse \" aria-labelledby=\"toggle_ecb899c21e7e4a674\"><div class=\"panel-body toggle-content fusion-clearfix\">\n<p>Du kannst in der App unter \u201e\u2026\u201c -&gt; \u201eMehr\u201c -&gt; \u201eEinstellungen\u201c -&gt; \u201eBenachrichtigungen\u201c ausw\u00e4hlen aus welchen Bereichen du Push-Up Meldungen erhalten m\u00f6chtest. Standardm\u00e4\u00dfig sind diese f\u00fcr alle Funktionen aktiviert. Wir empfehlen die Push-Up Funktion mindestens f\u00fcr die Bereiche \u201eNews\u201c und \u201eEvents\u201c aktiv zu lassen, so verpasst du keine amtliche Nachricht, sowie keine Information und keine Veranstaltung von Vereinen\/ Verb\u00e4nden.<\/p>\n<\/div><\/div><\/div><div class=\"fusion-panel panel-default panel-f63fbe6397b86287f fusion-toggle-has-divider\" style=\"--awb-title-color:var(--awb-custom_color_1);\"><div class=\"panel-heading\"><h5 class=\"panel-title toggle\" id=\"toggle_f63fbe6397b86287f\"><a aria-expanded=\"false\" aria-controls=\"f63fbe6397b86287f\" role=\"button\" data-toggle=\"collapse\" data-target=\"#f63fbe6397b86287f\" href=\"#f63fbe6397b86287f\"><span class=\"fusion-toggle-icon-wrapper\" aria-hidden=\"true\"><i class=\"fa-fusion-box active-icon fa-angle-up fas\" aria-hidden=\"true\"><\/i><i class=\"fa-fusion-box inactive-icon fa-angle-down fas\" aria-hidden=\"true\"><\/i><\/span><span class=\"fusion-toggle-heading\">Erf\u00fcllt der BayernFunk die Vorgaben der neuen DSGVO?<\/span><\/a><\/h5><\/div><div id=\"f63fbe6397b86287f\" class=\"panel-collapse collapse \" aria-labelledby=\"toggle_f63fbe6397b86287f\"><div class=\"panel-body toggle-content fusion-clearfix\">\n<p>Ja. Du kannst in unserer Datenschutzinformation genau erfahren, welche Daten erhoben werden und zu welchen Zweck wir das tun. Zudem hast du die M\u00f6glichkeit, mit nur einem Klick s\u00e4mtliche von uns erhobene Daten anzufordern oder zu l\u00f6schen.<\/p>\n<\/div><\/div><\/div><div class=\"fusion-panel panel-default panel-ad225163ae6c28e38 fusion-toggle-has-divider\" style=\"--awb-title-color:var(--awb-custom_color_1);\"><div class=\"panel-heading\"><h5 class=\"panel-title toggle\" id=\"toggle_ad225163ae6c28e38\"><a aria-expanded=\"false\" aria-controls=\"ad225163ae6c28e38\" role=\"button\" data-toggle=\"collapse\" data-target=\"#ad225163ae6c28e38\" href=\"#ad225163ae6c28e38\"><span class=\"fusion-toggle-icon-wrapper\" aria-hidden=\"true\"><i class=\"fa-fusion-box active-icon fa-angle-up fas\" aria-hidden=\"true\"><\/i><i class=\"fa-fusion-box inactive-icon fa-angle-down fas\" aria-hidden=\"true\"><\/i><\/span><span class=\"fusion-toggle-heading\">Wie beantrage ich eine Gruppe f\u00fcr den BayernFunk?<\/span><\/a><\/h5><\/div><div id=\"ad225163ae6c28e38\" class=\"panel-collapse collapse \" aria-labelledby=\"toggle_ad225163ae6c28e38\"><div class=\"panel-body toggle-content fusion-clearfix\">\n<p>W\u00e4hle in deiner <span style=\"color: #ff003f;\">BayernFunk<\/span> App den Gruppen-Channel aus. Dort klickst du auf \u201eNeue Gruppe gr\u00fcnden\u201c. Anschlie\u00dfend wirst du auf unsere Homepage weitergeleitet. Dort findest du ein Antragsformular. Nachdem du das Formular ausgef\u00fcllt und abgeschickt hast, wird deine Gruppe von unserem Team gepr\u00fcft und zeitnah freigeschaltet. Weitere Informationen hierzu findest du auf unserem <a href=\"https:\/\/www.youtube.com\/watch?v=TlJFOuETl4Y&amp;list=PLTqr0bdtrNjtzKOD-uguoKnJijJpiG8pp&amp;index=6\">YouTube Channel.<\/a><\/p>\n<\/div><\/div><\/div><div class=\"fusion-panel panel-default panel-0f7035d3082d7fa52 fusion-toggle-has-divider\" style=\"--awb-title-color:var(--awb-custom_color_1);\"><div class=\"panel-heading\"><h5 class=\"panel-title toggle\" id=\"toggle_0f7035d3082d7fa52\"><a aria-expanded=\"false\" aria-controls=\"0f7035d3082d7fa52\" role=\"button\" data-toggle=\"collapse\" data-target=\"#0f7035d3082d7fa52\" href=\"#0f7035d3082d7fa52\"><span class=\"fusion-toggle-icon-wrapper\" aria-hidden=\"true\"><i class=\"fa-fusion-box active-icon fa-angle-up fas\" aria-hidden=\"true\"><\/i><i class=\"fa-fusion-box inactive-icon fa-angle-down fas\" aria-hidden=\"true\"><\/i><\/span><span class=\"fusion-toggle-heading\">Welche Arten von Gruppen gibt es?<\/span><\/a><\/h5><\/div><div id=\"0f7035d3082d7fa52\" class=\"panel-collapse collapse \" aria-labelledby=\"toggle_0f7035d3082d7fa52\"><div class=\"panel-body toggle-content fusion-clearfix\">\n<p>Es gibt zwei Arten von Gruppen: \u00f6ffentliche und geschlossene Gruppen. Welche Art von Gruppe du erstellen m\u00f6chtest w\u00e4hlst du in der App aus.<\/p>\n<\/div><\/div><\/div><div class=\"fusion-panel panel-default panel-fd93de31f041ddfa7 fusion-toggle-has-divider\" style=\"--awb-title-color:var(--awb-custom_color_1);\"><div class=\"panel-heading\"><h5 class=\"panel-title toggle\" id=\"toggle_fd93de31f041ddfa7\"><a aria-expanded=\"false\" aria-controls=\"fd93de31f041ddfa7\" role=\"button\" data-toggle=\"collapse\" data-target=\"#fd93de31f041ddfa7\" href=\"#fd93de31f041ddfa7\"><span class=\"fusion-toggle-icon-wrapper\" aria-hidden=\"true\"><i class=\"fa-fusion-box active-icon fa-angle-up fas\" aria-hidden=\"true\"><\/i><i class=\"fa-fusion-box inactive-icon fa-angle-down fas\" aria-hidden=\"true\"><\/i><\/span><span class=\"fusion-toggle-heading\">Wer kann einer Gruppe beitreten?<\/span><\/a><\/h5><\/div><div id=\"fd93de31f041ddfa7\" class=\"panel-collapse collapse \" aria-labelledby=\"toggle_fd93de31f041ddfa7\"><div class=\"panel-body toggle-content fusion-clearfix\">\n<p>Einer \u00f6ffentlichen Gruppe kann jeder Funker aus ihrem Umfeld direkt beitreten. Bei geschlossenen Gruppen muss erst die Zustimmung eines Gruppenadministrators erteilt werden.<\/p>\n<\/div><\/div><\/div><div class=\"fusion-panel panel-default panel-b9e54d921523afa0c fusion-toggle-has-divider\" style=\"--awb-title-color:var(--awb-custom_color_1);\"><div class=\"panel-heading\"><h5 class=\"panel-title toggle\" id=\"toggle_b9e54d921523afa0c\"><a aria-expanded=\"false\" aria-controls=\"b9e54d921523afa0c\" role=\"button\" data-toggle=\"collapse\" data-target=\"#b9e54d921523afa0c\" href=\"#b9e54d921523afa0c\"><span class=\"fusion-toggle-icon-wrapper\" aria-hidden=\"true\"><i class=\"fa-fusion-box active-icon fa-angle-up fas\" aria-hidden=\"true\"><\/i><i class=\"fa-fusion-box inactive-icon fa-angle-down fas\" aria-hidden=\"true\"><\/i><\/span><span class=\"fusion-toggle-heading\">Wird eine Gruppe auch f\u00fcr umliegende Gemeinden angezeigt?<\/span><\/a><\/h5><\/div><div id=\"b9e54d921523afa0c\" class=\"panel-collapse collapse \" aria-labelledby=\"toggle_b9e54d921523afa0c\"><div class=\"panel-body toggle-content fusion-clearfix\">\n<p>Dies kann individuell f\u00fcr jede Gruppe festgelegt werden und erfolgt in der App.<\/p>\n<\/div><\/div><\/div><div class=\"fusion-panel panel-default panel-f4164f6778e6d9cd3 fusion-toggle-has-divider\" style=\"--awb-title-color:var(--awb-custom_color_1);\"><div class=\"panel-heading\"><h5 class=\"panel-title toggle\" id=\"toggle_f4164f6778e6d9cd3\"><a aria-expanded=\"false\" aria-controls=\"f4164f6778e6d9cd3\" role=\"button\" data-toggle=\"collapse\" data-target=\"#f4164f6778e6d9cd3\" href=\"#f4164f6778e6d9cd3\"><span class=\"fusion-toggle-icon-wrapper\" aria-hidden=\"true\"><i class=\"fa-fusion-box active-icon fa-angle-up fas\" aria-hidden=\"true\"><\/i><i class=\"fa-fusion-box inactive-icon fa-angle-down fas\" aria-hidden=\"true\"><\/i><\/span><span class=\"fusion-toggle-heading\">Worin liegt der Unterschied zwischen BayernFunk Gruppen und Facebook Gruppen?<\/span><\/a><\/h5><\/div><div id=\"f4164f6778e6d9cd3\" class=\"panel-collapse collapse \" aria-labelledby=\"toggle_f4164f6778e6d9cd3\"><div class=\"panel-body toggle-content fusion-clearfix\">\n<p>Unsere <span style=\"color: #ff003f;\">BayernFunk<\/span> Gruppen sollen nicht f\u00fcr reine private Zwecke erstellt werden, sondern f\u00fcr die Gemeinschaft relevant sein. Ebenfalls nicht zu allgemein, sondern ein bestimmtes Thema behandeln, das nicht in andere Kan\u00e4le passt, die die Gemeinde oder die Region betreffen. In Facebook sind oftmals \u00fcberfl\u00fcssige Gruppen vorhanden und es existieren \u00e4hnliche, redundante Gruppen. Wir \u00fcberpr\u00fcfen genau, ob eine Gruppe unseren Richtlinien entspricht und erst dann wird eine Gruppe erstellt. Au\u00dferdem hat man normalerweise nicht jedes einzelne Mitglied der Gemeinde in der Facebook Freundesliste und muss in der <span style=\"color: #ff003f;\">BayernFunk<\/span> App niemanden erst einladen, wie es z.B. bei Facebook der Fall ist. Gerade neue Mitglieder einer Gemeinde haben so die M\u00f6glichkeit, am Dorfgeschehen teilzunehmen.<\/p>\n<\/div><\/div><\/div><div class=\"fusion-panel panel-default panel-2776dcb208842896f fusion-toggle-has-divider\" style=\"--awb-title-color:var(--awb-custom_color_1);\"><div class=\"panel-heading\"><h5 class=\"panel-title toggle\" id=\"toggle_2776dcb208842896f\"><a aria-expanded=\"false\" aria-controls=\"2776dcb208842896f\" role=\"button\" data-toggle=\"collapse\" data-target=\"#2776dcb208842896f\" href=\"#2776dcb208842896f\"><span class=\"fusion-toggle-icon-wrapper\" aria-hidden=\"true\"><i class=\"fa-fusion-box active-icon fa-angle-up fas\" aria-hidden=\"true\"><\/i><i class=\"fa-fusion-box inactive-icon fa-angle-down fas\" aria-hidden=\"true\"><\/i><\/span><span class=\"fusion-toggle-heading\">Worin liegt der Unterschied zwischen BayernFunk und WhatsApp?<\/span><\/a><\/h5><\/div><div id=\"2776dcb208842896f\" class=\"panel-collapse collapse \" aria-labelledby=\"toggle_2776dcb208842896f\"><div class=\"panel-body toggle-content fusion-clearfix\">\n<p>Unter anderem kann die <span style=\"color: #ff003f;\">BayernFunk<\/span> App von jedem Gemeindemitglied heruntergeladen werden, um direkt los zu funken. Es gibt verschiedene Kan\u00e4le, in denen sich die Nutzer austauschen k\u00f6nnen. Normalerweise hat ein B\u00fcrger nicht die Handynummer von jedem einzelnen Mitglied der Gemeinde und muss im <span style=\"color: #ff003f;\">BayernFunk<\/span> niemanden erst einladen, wie es z.B. bei Whatsapp der Fall ist. Gerade neue Mitglieder einer Gemeinde haben so die M\u00f6glichkeit, am Dorfgeschehen teilzunehmen. Ihnen wird so die H\u00fcrde genommen, erstmal jemanden kennenzulernen, um in eine Whatsapp Gruppe eingeladen zu werden. Innerhalb der <span style=\"color: #ff003f;\">BayernFunk<\/span> App hast du dennoch die M\u00f6glichkeit, offene und geschlossene Gruppen zu erstellen, in denen ihr euch in kleineren Gr\u00fcppchen austauschen k\u00f6nnt.<\/p>\n<\/div><\/div><\/div><\/div><\/div><\/div><\/div><div class=\"fusion-layout-column fusion_builder_column fusion-builder-column-2 fusion_builder_column_1_1 1_1 fusion-flex-column\" style=\"--awb-bg-size:cover;--awb-width-large:100%;--awb-margin-top-large:50px;--awb-spacing-right-large:1.92%;--awb-margin-bottom-large:20px;--awb-spacing-left-large:1.92%;--awb-width-medium:100%;--awb-order-medium:0;--awb-spacing-right-medium:1.92%;--awb-spacing-left-medium:1.92%;--awb-width-small:100%;--awb-order-small:0;--awb-spacing-right-small:1.92%;--awb-spacing-left-small:1.92%;\"><div class=\"fusion-column-wrapper fusion-column-has-shadow fusion-flex-justify-content-flex-start fusion-content-layout-column\"><div class=\"fusion-title title fusion-title-3 fusion-sep-none fusion-title-text fusion-title-size-two\" style=\"--awb-text-color:var(--awb-custom_color_1);--awb-margin-bottom:40px;\"><h2 class=\"fusion-title-heading title-heading-left fusion-responsive-typography-calculated\" style=\"margin:0;--fontSize:40;line-height:1.2;\">3. BayernNews<\/h2><\/div><div class=\"accordian fusion-accordian\" style=\"--awb-border-size:1px;--awb-icon-size:16px;--awb-content-font-size:16px;--awb-icon-alignment:right;--awb-hover-color:#f9f9fb;--awb-border-color:#e2e2e2;--awb-background-color:#ffffff;--awb-divider-color:#e2e2e2;--awb-divider-hover-color:#e2e2e2;--awb-icon-color:var(--awb-custom_color_1);--awb-title-color:var(--awb-custom_color_1);--awb-content-color:#4a4e57;--awb-icon-box-color:#212934;--awb-toggle-hover-accent-color:var(--awb-custom_color_3);--awb-toggle-active-accent-color:var(--awb-custom_color_1);--awb-title-font-family:&quot;Lexend&quot;;--awb-title-font-weight:400;--awb-title-font-style:normal;--awb-title-font-size:20px;--awb-title-line-height:1,5;--awb-content-font-family:&quot;Lexend&quot;;--awb-content-font-style:normal;--awb-content-font-weight:400;\"><div class=\"panel-group fusion-toggle-icon-right fusion-toggle-icon-unboxed\" id=\"accordion-1546-3\"><div class=\"fusion-panel panel-default panel-91c0e438a2f497037 fusion-toggle-has-divider\" style=\"--awb-title-color:var(--awb-custom_color_1);\"><div class=\"panel-heading\"><h5 class=\"panel-title toggle\" id=\"toggle_91c0e438a2f497037\"><a aria-expanded=\"false\" aria-controls=\"91c0e438a2f497037\" role=\"button\" data-toggle=\"collapse\" data-target=\"#91c0e438a2f497037\" href=\"#91c0e438a2f497037\"><span class=\"fusion-toggle-icon-wrapper\" aria-hidden=\"true\"><i class=\"fa-fusion-box active-icon fa-angle-up fas\" aria-hidden=\"true\"><\/i><i class=\"fa-fusion-box inactive-icon fa-angle-down fas\" aria-hidden=\"true\"><\/i><\/span><span class=\"fusion-toggle-heading\">Was sind die BayernNews?<\/span><\/a><\/h5><\/div><div id=\"91c0e438a2f497037\" class=\"panel-collapse collapse \" aria-labelledby=\"toggle_91c0e438a2f497037\"><div class=\"panel-body toggle-content fusion-clearfix\">\n<p>Die BayernNews sind eine leichtgewichtige L\u00f6sung, um Inhalte aus verschiedenen Quellen unter einem Dach zu publizieren. Neben wichtigen Neuigkeiten rund um die Region erfahren die B\u00fcrger zus\u00e4tzlich alle Informationen zu Verkehr, Veranstaltungen, spannenden Ereignissen und vielem mehr. Alle freigeschalteten Kommunen Bayerns k\u00f6nnen Nachrichten auf die Seite stellen. Auch Vereine haben die M\u00f6glichkeit, Beitr\u00e4ge hochzuladen. Die Nachrichten werden automatisch in den <span style=\"color: #ff003f;\">BayernFunk<\/span> \u00fcbertragen.<\/p>\n<\/div><\/div><\/div><div class=\"fusion-panel panel-default panel-83898f6b7d968034b fusion-toggle-has-divider\" style=\"--awb-title-color:var(--awb-custom_color_1);\"><div class=\"panel-heading\"><h5 class=\"panel-title toggle\" id=\"toggle_83898f6b7d968034b\"><a aria-expanded=\"false\" aria-controls=\"83898f6b7d968034b\" role=\"button\" data-toggle=\"collapse\" data-target=\"#83898f6b7d968034b\" href=\"#83898f6b7d968034b\"><span class=\"fusion-toggle-icon-wrapper\" aria-hidden=\"true\"><i class=\"fa-fusion-box active-icon fa-angle-up fas\" aria-hidden=\"true\"><\/i><i class=\"fa-fusion-box inactive-icon fa-angle-down fas\" aria-hidden=\"true\"><\/i><\/span><span class=\"fusion-toggle-heading\">Wie kann ich als Kommune News erstellen? <\/span><\/a><\/h5><\/div><div id=\"83898f6b7d968034b\" class=\"panel-collapse collapse \" aria-labelledby=\"toggle_83898f6b7d968034b\"><div class=\"panel-body toggle-content fusion-clearfix\">\n<p>Um amtliche Meldungen einstellen zu k\u00f6nnen, ben\u00f6tigst du einen Zugang als amtliche Reporterin bzw. Reporter. Dieser kann \u00fcber folgendes Formular beantragt werden:\u00a0<a href=\"https:\/\/www.bayernfunk.digital\/index.php\/amtl-reporter-werden\/\">Amtl. Reporter werden<\/a><\/p>\n<p>Nach Pr\u00fcfung deiner Anfrage ist der Zugang aktiviert und du erh\u00e4ltst eine Anleitung bzw. Handreichung zur genauen Funktionsweise der Ver\u00f6ffentlichung von Beitr\u00e4gen.<\/p>\n<\/div><\/div><\/div><div class=\"fusion-panel panel-default panel-c5343ad0ec970dfa8 fusion-toggle-has-divider\" style=\"--awb-title-color:var(--awb-custom_color_1);\"><div class=\"panel-heading\"><h5 class=\"panel-title toggle\" id=\"toggle_c5343ad0ec970dfa8\"><a aria-expanded=\"false\" aria-controls=\"c5343ad0ec970dfa8\" role=\"button\" data-toggle=\"collapse\" data-target=\"#c5343ad0ec970dfa8\" href=\"#c5343ad0ec970dfa8\"><span class=\"fusion-toggle-icon-wrapper\" aria-hidden=\"true\"><i class=\"fa-fusion-box active-icon fa-angle-up fas\" aria-hidden=\"true\"><\/i><i class=\"fa-fusion-box inactive-icon fa-angle-down fas\" aria-hidden=\"true\"><\/i><\/span><span class=\"fusion-toggle-heading\">Kann ich auch als B\u00fcrgerin oder B\u00fcrger News erstellen? <\/span><\/a><\/h5><\/div><div id=\"c5343ad0ec970dfa8\" class=\"panel-collapse collapse \" aria-labelledby=\"toggle_c5343ad0ec970dfa8\"><div class=\"panel-body toggle-content fusion-clearfix\">\n<p>Nein, es ist leider nur Kommunen und Vereinen m\u00f6glich, Neuigkeiten einzustellen.<\/p>\n<\/div><\/div><\/div><div class=\"fusion-panel panel-default panel-178c2a532864fb575 fusion-toggle-has-divider\" style=\"--awb-title-color:var(--awb-custom_color_1);\"><div class=\"panel-heading\"><h5 class=\"panel-title toggle\" id=\"toggle_178c2a532864fb575\"><a aria-expanded=\"false\" aria-controls=\"178c2a532864fb575\" role=\"button\" data-toggle=\"collapse\" data-target=\"#178c2a532864fb575\" href=\"#178c2a532864fb575\"><span class=\"fusion-toggle-icon-wrapper\" aria-hidden=\"true\"><i class=\"fa-fusion-box active-icon fa-angle-up fas\" aria-hidden=\"true\"><\/i><i class=\"fa-fusion-box inactive-icon fa-angle-down fas\" aria-hidden=\"true\"><\/i><\/span><span class=\"fusion-toggle-heading\">Was ist der inhaltliche Unterschied zwischen Aktuelles und Beitrag beim Anlegen einer Mitteilung? <\/span><\/a><\/h5><\/div><div id=\"178c2a532864fb575\" class=\"panel-collapse collapse \" aria-labelledby=\"toggle_178c2a532864fb575\"><div class=\"panel-body toggle-content fusion-clearfix\">\n<p>\u201eAktuelles\u201c sind wichtige Kurzinformationen (Meldungen) z.B. Stra\u00dfensperrungen, Ausf\u00e4lle etc. \u201eBeitr\u00e4ge\u201c beinhalten Informationen \u00fcber vergangene, zuk\u00fcnftige Veranstaltungen oder auch Informationen aus der Region.<\/p>\n<\/div><\/div><\/div><\/div><\/div><\/div><\/div><div class=\"fusion-layout-column fusion_builder_column fusion-builder-column-3 fusion_builder_column_1_1 1_1 fusion-flex-column\" style=\"--awb-bg-size:cover;--awb-width-large:100%;--awb-margin-top-large:50px;--awb-spacing-right-large:1.92%;--awb-margin-bottom-large:20px;--awb-spacing-left-large:1.92%;--awb-width-medium:100%;--awb-order-medium:0;--awb-spacing-right-medium:1.92%;--awb-spacing-left-medium:1.92%;--awb-width-small:100%;--awb-order-small:0;--awb-spacing-right-small:1.92%;--awb-spacing-left-small:1.92%;\"><div class=\"fusion-column-wrapper fusion-column-has-shadow fusion-flex-justify-content-flex-start fusion-content-layout-column\"><div class=\"fusion-title title fusion-title-4 fusion-sep-none fusion-title-text fusion-title-size-two\" style=\"--awb-text-color:var(--awb-custom_color_1);--awb-margin-bottom:40px;\"><h2 class=\"fusion-title-heading title-heading-left fusion-responsive-typography-calculated\" style=\"margin:0;--fontSize:40;line-height:1.2;\">4. Fragen Digitale D\u00f6rfer<\/h2><\/div><div class=\"accordian fusion-accordian\" style=\"--awb-border-size:1px;--awb-icon-size:16px;--awb-content-font-size:16px;--awb-icon-alignment:right;--awb-hover-color:#f9f9fb;--awb-border-color:#e2e2e2;--awb-background-color:#ffffff;--awb-divider-color:#e2e2e2;--awb-divider-hover-color:#e2e2e2;--awb-icon-color:var(--awb-custom_color_1);--awb-title-color:var(--awb-custom_color_1);--awb-content-color:#4a4e57;--awb-icon-box-color:#212934;--awb-toggle-hover-accent-color:var(--awb-custom_color_3);--awb-toggle-active-accent-color:var(--awb-custom_color_1);--awb-title-font-family:&quot;Lexend&quot;;--awb-title-font-weight:400;--awb-title-font-style:normal;--awb-title-font-size:20px;--awb-title-line-height:1,5;--awb-content-font-family:&quot;Lexend&quot;;--awb-content-font-style:normal;--awb-content-font-weight:400;\"><div class=\"panel-group fusion-toggle-icon-right fusion-toggle-icon-unboxed\" id=\"accordion-1546-4\"><div class=\"fusion-panel panel-default panel-86e0aea9da58b5b55 fusion-toggle-has-divider\" style=\"--awb-title-color:var(--awb-custom_color_1);\"><div class=\"panel-heading\"><h5 class=\"panel-title toggle\" id=\"toggle_86e0aea9da58b5b55\"><a aria-expanded=\"false\" aria-controls=\"86e0aea9da58b5b55\" role=\"button\" data-toggle=\"collapse\" data-target=\"#86e0aea9da58b5b55\" href=\"#86e0aea9da58b5b55\"><span class=\"fusion-toggle-icon-wrapper\" aria-hidden=\"true\"><i class=\"fa-fusion-box active-icon fa-angle-up fas\" aria-hidden=\"true\"><\/i><i class=\"fa-fusion-box inactive-icon fa-angle-down fas\" aria-hidden=\"true\"><\/i><\/span><span class=\"fusion-toggle-heading\">Was genau ist Digitale D\u00f6rfer?<\/span><\/a><\/h5><\/div><div id=\"86e0aea9da58b5b55\" class=\"panel-collapse collapse \" aria-labelledby=\"toggle_86e0aea9da58b5b55\"><div class=\"panel-body toggle-content fusion-clearfix\">\n<p>Die Digitalen D\u00f6rfer sind eine lokal und regional ausgerichtete Plattform mit einer Reihe von Anwendungen f\u00fcr die Vernetzung im l\u00e4ndlichen Raum. Das Projekt \u201eDigitale D\u00f6rfer\u201c des\u00a0 Fraunhofer-Instituts f\u00fcr Experimentelles Software Engineering IESE zeigt seit 2015, wie sich durch die Digitalisierung neue Chancen f\u00fcr l\u00e4ndliche Regionen auftun. Im Juli 2019 wurde eine Partnerschaft zwischen Versicherungskammer Bayern und Fraunhofer IESE geschlossen. Mit den Digitalen D\u00f6rfern unterst\u00fctzt die Versicherungskammer Bayern seitdem L\u00f6sungen u.a. in den Bereichen Kommunikation und Nahversorgung. Der Pilotbetrieb startete Ende Oktober 2019 in der Marktgemeinde Wegscheid (Passau). Nach erfolgreicher Pilotierung wurden zahlreiche weitere Gemeinden freigeschaltet und nutzen den <span style=\"color: #ff003f;\">BayernFunk<\/span> als Kommunikationsmedium.<\/p>\n<p>Weitere Informationen findest du unter:<\/p>\n<p><a href=\"https:\/\/youtu.be\/jdEunN8Opfs\">https:\/\/youtu.be\/jdEunN8Opfs<\/a><\/p>\n<p><a href=\"https:\/\/www.digitale-doerfer.de\/das-projekt\/\">https:\/\/www.digitale-doerfer.de\/das-projekt\/\u00a0<\/a><\/p>\n<\/div><\/div><\/div><div class=\"fusion-panel panel-default panel-55e3bd9496445d631 fusion-toggle-has-divider\" style=\"--awb-title-color:var(--awb-custom_color_1);\"><div class=\"panel-heading\"><h5 class=\"panel-title toggle\" id=\"toggle_55e3bd9496445d631\"><a aria-expanded=\"false\" aria-controls=\"55e3bd9496445d631\" role=\"button\" data-toggle=\"collapse\" data-target=\"#55e3bd9496445d631\" href=\"#55e3bd9496445d631\"><span class=\"fusion-toggle-icon-wrapper\" aria-hidden=\"true\"><i class=\"fa-fusion-box active-icon fa-angle-up fas\" aria-hidden=\"true\"><\/i><i class=\"fa-fusion-box inactive-icon fa-angle-down fas\" aria-hidden=\"true\"><\/i><\/span><span class=\"fusion-toggle-heading\">Welche Anwendungsoptionen gibt es?<\/span><\/a><\/h5><\/div><div id=\"55e3bd9496445d631\" class=\"panel-collapse collapse \" aria-labelledby=\"toggle_55e3bd9496445d631\"><div class=\"panel-body toggle-content fusion-clearfix\">\n<p>Die Plattform bietet Gemeinden und Landkreisen, die bisher nicht wie Gro\u00dfst\u00e4dte von den M\u00f6glichkeiten der Digitalisierung profitieren k\u00f6nnen die M\u00f6glichkeit, \u00a0ihre Bewohner lokal zu vernetzen und Mehrwerte f\u00fcr Kommunikation und Nahversorgung zu bieten. Digitale D\u00f6rfer bringt Menschen in der Region zusammen und st\u00e4rkt so die \u00f6rtliche Gemeinschaft. Anders als die gro\u00dfen globalen Plattformen sind die Digitalen D\u00f6rfer ein Angebot mit Inhalten aus der Region, f\u00fcr die Region. Sie vernetzen B\u00fcrger, Vereine und H\u00e4ndler und laden zur aktiven Gestaltung des Gemeindelebens ein. \u00dcber einfach zu bedienende Apps k\u00f6nnen etwa Kleinanzeigen geschaltet oder Veranstaltungen beworben werden. B\u00fcrger und Vereine schreiben eigene Beitr\u00e4ge, werden so zu \u00f6rtlichen Berichterstattern und tragen damit zu einem lebendigen regionalen \u00d6kosystem bei.<\/p>\n<\/div><\/div><\/div><div class=\"fusion-panel panel-default panel-370177b1cddb094c2 fusion-toggle-has-divider\" style=\"--awb-title-color:var(--awb-custom_color_1);\"><div class=\"panel-heading\"><h5 class=\"panel-title toggle\" id=\"toggle_370177b1cddb094c2\"><a aria-expanded=\"false\" aria-controls=\"370177b1cddb094c2\" role=\"button\" data-toggle=\"collapse\" data-target=\"#370177b1cddb094c2\" href=\"#370177b1cddb094c2\"><span class=\"fusion-toggle-icon-wrapper\" aria-hidden=\"true\"><i class=\"fa-fusion-box active-icon fa-angle-up fas\" aria-hidden=\"true\"><\/i><i class=\"fa-fusion-box inactive-icon fa-angle-down fas\" aria-hidden=\"true\"><\/i><\/span><span class=\"fusion-toggle-heading\">Warum unterst\u00fctzt die Versicherungskammer Bayern das Projekt? Welche Motivation hat sie konkret?<\/span><\/a><\/h5><\/div><div id=\"370177b1cddb094c2\" class=\"panel-collapse collapse \" aria-labelledby=\"toggle_370177b1cddb094c2\"><div class=\"panel-body toggle-content fusion-clearfix\">\n<p>Als Versicherer der Regionen sind wir traditionell regional stark verankert und verbunden mit den l\u00e4ndlichen Regionen. Als Kommunalversicherer sind wir seit fast 100 Jahren starker Partner der Kommunen und mit unseren Vertriebspartnern (Agenturen, Sparkassen, VR Banken) vor Ort pr\u00e4sent. Das St\u00e4rken und F\u00f6rdern der Regionen ist Teil unseres Gesch\u00e4ftsmodells.<\/p>\n<p>(indirekter Nutzen f\u00fcr uns als Versicherer: digital starke Regionen, Gemeinden und B\u00fcrger gut f\u00fcr uns als Regionalversicherer &#8211; digitale Kompetenz bei Kunden bei der Nutzung unserer digitalen Services (z.B. Kundenportal, Schadenservices, Gesundheitsservices))<\/p>\n<\/div><\/div><\/div><\/div><\/div><\/div><\/div><\/div><\/div><div class=\"fusion-fullwidth fullwidth-box fusion-builder-row-2 fusion-flex-container has-pattern-background has-mask-background nonhundred-percent-fullwidth non-hundred-percent-height-scrolling\" style=\"--awb-border-radius-top-left:0px;--awb-border-radius-top-right:0px;--awb-border-radius-bottom-right:0px;--awb-border-radius-bottom-left:0px;--awb-flex-wrap:wrap;\" ><div class=\"fusion-builder-row fusion-row fusion-flex-align-items-flex-start fusion-flex-content-wrap\" style=\"max-width:1248px;margin-left: calc(-4% \/ 2 );margin-right: calc(-4% \/ 2 );\"><div class=\"fusion-layout-column fusion_builder_column fusion-builder-column-4 fusion_builder_column_1_1 1_1 fusion-flex-column\" style=\"--awb-bg-size:cover;--awb-width-large:100%;--awb-margin-top-large:0px;--awb-spacing-right-large:1.92%;--awb-margin-bottom-large:20px;--awb-spacing-left-large:1.92%;--awb-width-medium:100%;--awb-order-medium:0;--awb-spacing-right-medium:1.92%;--awb-spacing-left-medium:1.92%;--awb-width-small:100%;--awb-order-small:0;--awb-spacing-right-small:1.92%;--awb-spacing-left-small:1.92%;\"><div class=\"fusion-column-wrapper fusion-column-has-shadow fusion-flex-justify-content-flex-start fusion-content-layout-column\"><div style=\"text-align:center;\"><a class=\"fusion-button button-flat fusion-button-default-size button-default fusion-button-default button-1 fusion-button-default-span fusion-button-default-type\" style=\"--button_margin-top:50px;\" target=\"_self\" href=\"https:\/\/www.bayernfunk.digital\/index.php\/kontakt\/\"><span class=\"fusion-button-text\">Fragen offen? Wir helfen!<\/span><\/a><\/div><\/div><\/div><\/div><\/div><\/p>\n","protected":false},"excerpt":{"rendered":"","protected":false},"author":6,"featured_media":0,"parent":0,"menu_order":0,"comment_status":"closed","ping_status":"closed","template":"","meta":{"footnotes":""},"class_list":["post-1546","page","type-page","status-publish","hentry"],"yoast_head":"<!-- This site is optimized with the Yoast SEO plugin v27.5 - https:\/\/yoast.com\/product\/yoast-seo-wordpress\/ -->\n<title>H\u00e4ufige Fragen - BayernFunk<\/title>\n<meta name=\"robots\" content=\"index, follow, max-snippet:-1, max-image-preview:large, max-video-preview:-1\" \/>\n<link rel=\"canonical\" href=\"https:\/\/www.bayernfunk.digital\/index.php\/haeufige-fragen\/\" \/>\n<meta property=\"og:locale\" content=\"de_DE\" \/>\n<meta property=\"og:type\" content=\"article\" \/>\n<meta property=\"og:title\" content=\"H\u00e4ufige Fragen - BayernFunk\" \/>\n<meta property=\"og:url\" content=\"https:\/\/www.bayernfunk.digital\/index.php\/haeufige-fragen\/\" \/>\n<meta property=\"og:site_name\" content=\"BayernFunk\" \/>\n<meta property=\"article:modified_time\" content=\"2024-04-11T15:51:56+00:00\" \/>\n<meta property=\"og:image\" content=\"http:\/\/sheng.iese.de\/wp-content\/uploads\/sites\/15\/2024\/04\/BayernFunk-AichtbarkeitBeitraege.png\" \/>\n<meta name=\"twitter:card\" content=\"summary_large_image\" \/>\n<meta name=\"twitter:label1\" content=\"Gesch\u00e4tzte Lesezeit\" \/>\n\t<meta name=\"twitter:data1\" content=\"27\u00a0Minuten\" \/>\n<script type=\"application\/ld+json\" class=\"yoast-schema-graph\">{\"@context\":\"https:\\\/\\\/schema.org\",\"@graph\":[{\"@type\":\"WebPage\",\"@id\":\"https:\\\/\\\/www.bayernfunk.digital\\\/index.php\\\/haeufige-fragen\\\/\",\"url\":\"https:\\\/\\\/www.bayernfunk.digital\\\/index.php\\\/haeufige-fragen\\\/\",\"name\":\"H\u00e4ufige Fragen - BayernFunk\",\"isPartOf\":{\"@id\":\"https:\\\/\\\/www.bayernfunk.digital\\\/#website\"},\"primaryImageOfPage\":{\"@id\":\"https:\\\/\\\/www.bayernfunk.digital\\\/index.php\\\/haeufige-fragen\\\/#primaryimage\"},\"image\":{\"@id\":\"https:\\\/\\\/www.bayernfunk.digital\\\/index.php\\\/haeufige-fragen\\\/#primaryimage\"},\"thumbnailUrl\":\"http:\\\/\\\/sheng.iese.de\\\/wp-content\\\/uploads\\\/sites\\\/15\\\/2024\\\/04\\\/BayernFunk-AichtbarkeitBeitraege.png\",\"datePublished\":\"2024-02-27T14:32:01+00:00\",\"dateModified\":\"2024-04-11T15:51:56+00:00\",\"breadcrumb\":{\"@id\":\"https:\\\/\\\/www.bayernfunk.digital\\\/index.php\\\/haeufige-fragen\\\/#breadcrumb\"},\"inLanguage\":\"de\",\"potentialAction\":[{\"@type\":\"ReadAction\",\"target\":[\"https:\\\/\\\/www.bayernfunk.digital\\\/index.php\\\/haeufige-fragen\\\/\"]}]},{\"@type\":\"ImageObject\",\"inLanguage\":\"de\",\"@id\":\"https:\\\/\\\/www.bayernfunk.digital\\\/index.php\\\/haeufige-fragen\\\/#primaryimage\",\"url\":\"http:\\\/\\\/sheng.iese.de\\\/wp-content\\\/uploads\\\/sites\\\/15\\\/2024\\\/04\\\/BayernFunk-AichtbarkeitBeitraege.png\",\"contentUrl\":\"http:\\\/\\\/sheng.iese.de\\\/wp-content\\\/uploads\\\/sites\\\/15\\\/2024\\\/04\\\/BayernFunk-AichtbarkeitBeitraege.png\"},{\"@type\":\"BreadcrumbList\",\"@id\":\"https:\\\/\\\/www.bayernfunk.digital\\\/index.php\\\/haeufige-fragen\\\/#breadcrumb\",\"itemListElement\":[{\"@type\":\"ListItem\",\"position\":1,\"name\":\"Startseite\",\"item\":\"https:\\\/\\\/www.bayernfunk.digital\\\/\"},{\"@type\":\"ListItem\",\"position\":2,\"name\":\"H\u00e4ufige Fragen\"}]},{\"@type\":\"WebSite\",\"@id\":\"https:\\\/\\\/www.bayernfunk.digital\\\/#website\",\"url\":\"https:\\\/\\\/www.bayernfunk.digital\\\/\",\"name\":\"BayernFunk\",\"description\":\"Nachrichten und Angebote aus und f\u00fcr Bayern\",\"potentialAction\":[{\"@type\":\"SearchAction\",\"target\":{\"@type\":\"EntryPoint\",\"urlTemplate\":\"https:\\\/\\\/www.bayernfunk.digital\\\/?s={search_term_string}\"},\"query-input\":{\"@type\":\"PropertyValueSpecification\",\"valueRequired\":true,\"valueName\":\"search_term_string\"}}],\"inLanguage\":\"de\"}]}<\/script>\n<!-- \/ Yoast SEO plugin. -->","yoast_head_json":{"title":"H\u00e4ufige Fragen - BayernFunk","robots":{"index":"index","follow":"follow","max-snippet":"max-snippet:-1","max-image-preview":"max-image-preview:large","max-video-preview":"max-video-preview:-1"},"canonical":"https:\/\/www.bayernfunk.digital\/index.php\/haeufige-fragen\/","og_locale":"de_DE","og_type":"article","og_title":"H\u00e4ufige Fragen - BayernFunk","og_url":"https:\/\/www.bayernfunk.digital\/index.php\/haeufige-fragen\/","og_site_name":"BayernFunk","article_modified_time":"2024-04-11T15:51:56+00:00","og_image":[{"url":"http:\/\/sheng.iese.de\/wp-content\/uploads\/sites\/15\/2024\/04\/BayernFunk-AichtbarkeitBeitraege.png","type":"","width":"","height":""}],"twitter_card":"summary_large_image","twitter_misc":{"Gesch\u00e4tzte Lesezeit":"27\u00a0Minuten"},"schema":{"@context":"https:\/\/schema.org","@graph":[{"@type":"WebPage","@id":"https:\/\/www.bayernfunk.digital\/index.php\/haeufige-fragen\/","url":"https:\/\/www.bayernfunk.digital\/index.php\/haeufige-fragen\/","name":"H\u00e4ufige Fragen - BayernFunk","isPartOf":{"@id":"https:\/\/www.bayernfunk.digital\/#website"},"primaryImageOfPage":{"@id":"https:\/\/www.bayernfunk.digital\/index.php\/haeufige-fragen\/#primaryimage"},"image":{"@id":"https:\/\/www.bayernfunk.digital\/index.php\/haeufige-fragen\/#primaryimage"},"thumbnailUrl":"http:\/\/sheng.iese.de\/wp-content\/uploads\/sites\/15\/2024\/04\/BayernFunk-AichtbarkeitBeitraege.png","datePublished":"2024-02-27T14:32:01+00:00","dateModified":"2024-04-11T15:51:56+00:00","breadcrumb":{"@id":"https:\/\/www.bayernfunk.digital\/index.php\/haeufige-fragen\/#breadcrumb"},"inLanguage":"de","potentialAction":[{"@type":"ReadAction","target":["https:\/\/www.bayernfunk.digital\/index.php\/haeufige-fragen\/"]}]},{"@type":"ImageObject","inLanguage":"de","@id":"https:\/\/www.bayernfunk.digital\/index.php\/haeufige-fragen\/#primaryimage","url":"http:\/\/sheng.iese.de\/wp-content\/uploads\/sites\/15\/2024\/04\/BayernFunk-AichtbarkeitBeitraege.png","contentUrl":"http:\/\/sheng.iese.de\/wp-content\/uploads\/sites\/15\/2024\/04\/BayernFunk-AichtbarkeitBeitraege.png"},{"@type":"BreadcrumbList","@id":"https:\/\/www.bayernfunk.digital\/index.php\/haeufige-fragen\/#breadcrumb","itemListElement":[{"@type":"ListItem","position":1,"name":"Startseite","item":"https:\/\/www.bayernfunk.digital\/"},{"@type":"ListItem","position":2,"name":"H\u00e4ufige Fragen"}]},{"@type":"WebSite","@id":"https:\/\/www.bayernfunk.digital\/#website","url":"https:\/\/www.bayernfunk.digital\/","name":"BayernFunk","description":"Nachrichten und Angebote aus und f\u00fcr Bayern","potentialAction":[{"@type":"SearchAction","target":{"@type":"EntryPoint","urlTemplate":"https:\/\/www.bayernfunk.digital\/?s={search_term_string}"},"query-input":{"@type":"PropertyValueSpecification","valueRequired":true,"valueName":"search_term_string"}}],"inLanguage":"de"}]}},"_links":{"self":[{"href":"https:\/\/www.bayernfunk.digital\/index.php\/wp-json\/wp\/v2\/pages\/1546","targetHints":{"allow":["GET"]}}],"collection":[{"href":"https:\/\/www.bayernfunk.digital\/index.php\/wp-json\/wp\/v2\/pages"}],"about":[{"href":"https:\/\/www.bayernfunk.digital\/index.php\/wp-json\/wp\/v2\/types\/page"}],"author":[{"embeddable":true,"href":"https:\/\/www.bayernfunk.digital\/index.php\/wp-json\/wp\/v2\/users\/6"}],"replies":[{"embeddable":true,"href":"https:\/\/www.bayernfunk.digital\/index.php\/wp-json\/wp\/v2\/comments?post=1546"}],"version-history":[{"count":23,"href":"https:\/\/www.bayernfunk.digital\/index.php\/wp-json\/wp\/v2\/pages\/1546\/revisions"}],"predecessor-version":[{"id":3369,"href":"https:\/\/www.bayernfunk.digital\/index.php\/wp-json\/wp\/v2\/pages\/1546\/revisions\/3369"}],"wp:attachment":[{"href":"https:\/\/www.bayernfunk.digital\/index.php\/wp-json\/wp\/v2\/media?parent=1546"}],"curies":[{"name":"wp","href":"https:\/\/api.w.org\/{rel}","templated":true}]}}